{"id":1688,"date":"2024-05-06T09:16:49","date_gmt":"2024-05-06T08:16:49","guid":{"rendered":"https:\/\/n-k.legal\/team\/martin-schauer\/"},"modified":"2024-05-31T08:32:12","modified_gmt":"2024-05-31T08:32:12","slug":"martin-schauer","status":"publish","type":"page","link":"https:\/\/n-k.legal\/en\/team\/martin-schauer\/","title":{"rendered":"Martin Schauer"},"content":{"rendered":"\n<div class=\"wp-block-uagb-container uagb-block-ffc850cc alignfull uagb-is-root-container\"><div class=\"uagb-container-inner-blocks-wrap\">\n<div class=\"wp-block-uagb-container uagb-block-f2c97a99\">\n<div data-aos= \"zoom-in\" data-aos-duration=\"400\" data-aos-delay=\"0\" data-aos-easing=\"ease\" data-aos-once=\"true\" class=\"wp-block-uagb-image uagb-block-bab8b3a7 wp-block-uagb-image--layout-default wp-block-uagb-image--effect-static wp-block-uagb-image--align-none\"><figure class=\"wp-block-uagb-image__figure\"><img decoding=\"async\" srcset=\"https:\/\/n-k.legal\/wp-content\/uploads\/2024\/05\/schauer_portrait_neu.jpg ,https:\/\/n-k.legal\/wp-content\/uploads\/2024\/05\/schauer_portrait_neu.jpg 780w, https:\/\/n-k.legal\/wp-content\/uploads\/2024\/05\/schauer_portrait_neu.jpg 360w\" sizes=\"auto, (max-width: 480px) 150px\" src=\"https:\/\/n-k.legal\/wp-content\/uploads\/2024\/05\/schauer_portrait_neu.jpg\" alt=\"Univ.-Prof. Dr. Martin Schauer ist als Universit\u00e4tsprofessor auf Erbrecht, Stiftungsrecht und Rechtsfragen der Familienunternehmen spezialisiert.\" class=\"uag-image-2002\" width=\"1600\" height=\"2000\" title=\"Univ.-Prof. Dr. Martin Schauer\" loading=\"lazy\" role=\"img\"\/><\/figure><\/div>\n<\/div>\n\n\n\n<div class=\"wp-block-uagb-container uagb-block-fd9ccc6a\">\n<div class=\"wp-block-uagb-advanced-heading uagb-block-932a2ef1\"><h2 class=\"uagb-heading-text\">Univ.-Prof. Dr. Martin Schauer<\/h2><p class=\"uagb-desc-text\"><a href=\"mailto:m.schauer@n-k.legal\">m.schauer@n-k.legal<\/a><br><a href=\"tel:004233990326\">+423 399 0326<\/a><\/p><\/div>\n<\/div>\n<\/div><\/div>\n\n\n\n<div class=\"wp-block-uagb-container uagb-block-b31d4de4 alignfull uagb-is-root-container\"><div class=\"uagb-container-inner-blocks-wrap\">\n<div class=\"wp-block-uagb-container uagb-block-84357d12\">\n<div style=\"height:36px\" aria-hidden=\"true\" class=\"wp-block-spacer uag-hide-mob\"><\/div>\n\n\n\n<div class=\"wp-block-pb-accordion-item c-accordion__item js-accordion-item no-js is-open\" data-initially-open=\"true\" data-click-to-close=\"true\" data-auto-close=\"true\" data-scroll=\"false\" data-scroll-offset=\"0\"><h3 id=\"at-16880\" class=\"c-accordion__title js-accordion-controller\" role=\"button\">Vita<\/h3><div id=\"ac-16880\" class=\"c-accordion__content\">\n<ul class=\"wp-block-list\">\n<li>Guest professor at the University of Liechtenstein (since 2023)<\/li>\n\n\n\n<li>Professor at Masaryk University, Brno, Czechia (since 2022)<\/li>\n\n\n\n<li>Academic Director of the \u201cFamily Business and Estate Planning\u201d master\u2019s programme at the University of Vienna, Austria (since 2018)<\/li>\n\n\n\n<li>University professor at the Department of Civil Law at the University of Vienna, Austria&nbsp;(2001-2022)<\/li>\n\n\n\n<li>Head of the Research Institute for CEE Legal Studies at Vienna University of Economics and Business, Austria (1995-2001)<\/li>\n\n\n\n<li>Post-doctoral qualification in civil law and commercial law (and subsequent university professorship at Vienna University of Economics and Business, Austria) (1992)<\/li>\n<\/ul>\n<\/div><\/div>\n\n\n\n<div class=\"wp-block-pb-accordion-item c-accordion__item js-accordion-item no-js\" data-initially-open=\"false\" data-click-to-close=\"true\" data-auto-close=\"true\" data-scroll=\"false\" data-scroll-offset=\"0\"><h3 id=\"at-16881\" class=\"c-accordion__title js-accordion-controller\" role=\"button\">Further activities<\/h3><div id=\"ac-16881\" class=\"c-accordion__content\">\n<ul class=\"wp-block-list\">\n<li>Honorary member of the International Academy of Comparative Law (Paris)<\/li>\n\n\n\n<li>Member of the Advisory Board at the Max Planck Institute for Comparative and International Private Law (2009-2019)<\/li>\n\n\n\n<li>Founding member and current member of the Board of the Austrian Society for Family and Property Law<\/li>\n\n\n\n<li>Chairman of the Advisory Board of the \u201cVertretungsNetz\u201d patient advocacy association<\/li>\n\n\n\n<li>Advisor to the Government of the Principality of Liechtenstein on the reform of foundation law and the introduction of guardianship law<\/li>\n<\/ul>\n<\/div><\/div>\n\n\n\n<div class=\"wp-block-pb-accordion-item c-accordion__item js-accordion-item no-js\" data-initially-open=\"false\" data-click-to-close=\"true\" data-auto-close=\"true\" data-scroll=\"false\" data-scroll-offset=\"0\"><h3 id=\"at-16882\" class=\"c-accordion__title js-accordion-controller\" role=\"button\">Languages<\/h3><div id=\"ac-16882\" class=\"c-accordion__content\">\n<p>German, English<\/p>\n<\/div><\/div>\n\n\n\n<div class=\"wp-block-pb-accordion-item c-accordion__item js-accordion-item no-js\" data-initially-open=\"false\" data-click-to-close=\"true\" data-auto-close=\"true\" data-scroll=\"false\" data-scroll-offset=\"0\"><h3 id=\"at-16883\" class=\"c-accordion__title js-accordion-controller\" role=\"button\">Publications<\/h3><div id=\"ac-16883\" class=\"c-accordion__content\">\n<ul class=\"wp-block-list\">\n<li>Das \u00f6sterreichische Versicherungsvertragsrecht; 3. Auflage 1995, Service-Fachverlag an der Wirtschaftsuniversit\u00e4t Wien; XXXVI, 537 Seiten (1 Aufl. 1989, XXV, 483 Seiten; 2. Aufl. 1990, 418 S; beide unter dem Titel \u201eEinf\u00fchrung in das \u00f6sterreichische Versicherungsvertragsrecht\u201c).<\/li>\n\n\n\n<li>Rechtsprobleme der erbrechtlichen Nachfolge bei Personenhandelsgesellschaften, Verlag \u00d6sterreich, 685 Seiten (1999).<\/li>\n<\/ul>\n\n\n\n<p id=\"schauer-publikationen\"><a href=\"#schauer-publikationen\">see all publications<\/a><\/p>\n<\/div><\/div>\n\n\n\n<div class=\"wp-block-pb-accordion-item c-accordion__item js-accordion-item no-js\" data-initially-open=\"false\" data-click-to-close=\"true\" data-auto-close=\"true\" data-scroll=\"false\" data-scroll-offset=\"0\"><h3 id=\"at-16884\" class=\"c-accordion__title js-accordion-controller\" role=\"button\">Lectures<\/h3><div id=\"ac-16884\" class=\"c-accordion__content\">\n<p id=\"schauer-vortraege\"><a href=\"#schauer-vortraege\">see all lectures<\/a><\/p>\n<\/div><\/div>\n<\/div>\n\n\n\n<div class=\"wp-block-uagb-container uagb-block-35c7fe43\">\n<div class=\"wp-block-uagb-slider uagb-block-366ccffd uagb-slider-container\"><div class=\"uagb-slides uagb-swiper\"><div class=\"swiper-wrapper\">\n<div class=\"wp-block-uagb-slider-child uagb-slider-child-wrap swiper-slide uagb-block-ffb2cb1f\"><div class=\"swiper-content\">\n<div class=\"wp-block-uagb-image uagb-block-04df7971 wp-block-uagb-image--layout-default wp-block-uagb-image--effect-static wp-block-uagb-image--align-none\"><figure class=\"wp-block-uagb-image__figure\"><img decoding=\"async\" srcset=\"https:\/\/n-k.legal\/wp-content\/uploads\/2024\/05\/schauer_001-1152x1440.jpg ,https:\/\/n-k.legal\/wp-content\/uploads\/2024\/05\/schauer_001.jpg 780w, https:\/\/n-k.legal\/wp-content\/uploads\/2024\/05\/schauer_001.jpg 360w\" sizes=\"auto, (max-width: 480px) 150px\" src=\"https:\/\/n-k.legal\/wp-content\/uploads\/2024\/05\/schauer_001-1152x1440.jpg\" alt=\"\" class=\"uag-image-2004\" width=\"1152\" height=\"1440\" title=\"\" loading=\"lazy\" role=\"presentation\"\/><\/figure><\/div>\n<\/div><\/div>\n\n\n\n<div class=\"wp-block-uagb-slider-child uagb-slider-child-wrap swiper-slide uagb-block-156c6828\"><div class=\"swiper-content\">\n<div class=\"wp-block-uagb-image uagb-block-d6be1535 wp-block-uagb-image--layout-default wp-block-uagb-image--effect-static wp-block-uagb-image--align-none\"><figure class=\"wp-block-uagb-image__figure\"><img decoding=\"async\" srcset=\"https:\/\/n-k.legal\/wp-content\/uploads\/2024\/05\/schauer_002-1152x1440.jpg ,https:\/\/n-k.legal\/wp-content\/uploads\/2024\/05\/schauer_002.jpg 780w, https:\/\/n-k.legal\/wp-content\/uploads\/2024\/05\/schauer_002.jpg 360w\" sizes=\"auto, (max-width: 480px) 150px\" src=\"https:\/\/n-k.legal\/wp-content\/uploads\/2024\/05\/schauer_002-1152x1440.jpg\" alt=\"\" class=\"uag-image-2006\" width=\"1152\" height=\"1440\" title=\"\" loading=\"lazy\" role=\"presentation\"\/><\/figure><\/div>\n<\/div><\/div>\n<\/div><\/div><div class=\"swiper-pagination\"><\/div><\/div>\n<\/div>\n<\/div><\/div>\n\n\n\n<div class=\"wp-block-uagb-container uagb-block-b9c5b929 alignfull uagb-is-root-container\"><div class=\"uagb-container-inner-blocks-wrap\">\n<div class=\"wp-block-group is-layout-constrained wp-container-core-group-is-layout-0b4fa132 wp-block-group-is-layout-constrained\" style=\"margin-top:var(--wp--preset--spacing--60);margin-bottom:0;padding-top:0;padding-right:0;padding-bottom:0;padding-left:0\">\n<div class=\"wp-block-uagb-image aligncenter uagb-block-5d96e865 wp-block-uagb-image--layout-default wp-block-uagb-image--effect-static wp-block-uagb-image--align-center\"><figure class=\"wp-block-uagb-image__figure\"><img decoding=\"async\"  sizes=\"auto, (max-width: 480px) 150px\" src=\"https:\/\/n-k.legal\/wp-content\/uploads\/2024\/01\/nvk_slant.svg\" alt=\"\" width=\"92\" height=\"92\" title=\"\" loading=\"lazy\" role=\"presentation\"\/><\/figure><\/div>\n\n\n\n<div class=\"wp-block-uagb-image aligncenter uagb-block-042e2723 wp-block-uagb-image--layout-default wp-block-uagb-image--effect-static wp-block-uagb-image--align-center\"><figure class=\"wp-block-uagb-image__figure\"><img decoding=\"async\" srcset=\"https:\/\/n-k.legal\/wp-content\/uploads\/2025\/03\/nvk_slogan.png ,https:\/\/n-k.legal\/wp-content\/uploads\/2025\/03\/nvk_slogan.png 780w, https:\/\/n-k.legal\/wp-content\/uploads\/2025\/03\/nvk_slogan.png 360w\" sizes=\"auto, (max-width: 480px) 150px\" src=\"https:\/\/n-k.legal\/wp-content\/uploads\/2025\/03\/nvk_slogan.png\" alt=\"\" class=\"uag-image-3103\" width=\"100\" height=\"25\" title=\"\" loading=\"lazy\" role=\"presentation\"\/><\/figure><\/div>\n<\/div>\n<\/div><\/div>\n\n\n\n<div class=\"wp-block-uagb-modal uagb-block-0c39dd49 uagb-modal-wrapper\" data-escpress=\"enable\" data-overlayclick=\"enable\"><div class=\"uagb-effect-default uagb-modal-popup uagb-block-0c39dd49 uagb-modal-type-popup uagb-modal-position-centered\"><div class=\"uagb-modal-popup-wrap\"><div class=\"uagb-modal-popup-content\">\n<h3 class=\"wp-block-heading\">A. Selbstst\u00e4ndige Ver\u00f6ffentlichungen<\/h3>\n\n\n\n<div style=\"height:24px\" aria-hidden=\"true\" class=\"wp-block-spacer\"><\/div>\n\n\n\n<h4 class=\"wp-block-heading\">1. Alleinautor<\/h4>\n\n\n\n<p>1. Das \u00f6sterreichische Versicherungsvertragsrecht; 3. Auflage 1995, Service-Fachverlag an der Wirtschaftsuniversit\u00e4t Wien; XXXVI, 537 Seiten (1 Aufl. 1989, XXV, 483 Seiten; 2. Aufl. 1990, 418 S; beide unter dem Titel \u201eEinf\u00fchrung in das \u00f6sterreichische Versicherungsvertragsrecht\u201c).<\/p>\n\n\n\n<p>2. Rechtsprobleme der erbrechtlichen Nachfolge bei Personenhandelsgesellschaften, Verlag \u00d6sterreich, 685 Seiten (1999).<\/p>\n\n\n\n<h4 class=\"wp-block-heading\">2. Mitautor<\/h4>\n\n\n\n<p>3. Allgemeines Handelsrecht (gemeinsam mit Univ.-Prof. Dr. Susanne Kalss), Verlag Springer, XIX, 288 Seiten (2002).<\/p>\n\n\n\n<p>4. Die Reform des \u00d6sterreichischen Kapitalgesellschaftsrechts, Gutachten zum 16. \u00d6sterreichischen Juristentag II\/1 (Kapitel 7: Internationales Gesellschaftsrecht; Kapitel 8: Anteils\u00fcbertragung), gemeinsam mit Univ.-Prof. Dr. Susanne Kalss, Verlag Manz (2006).<\/p>\n\n\n\n<p>5. Falll\u00f6sungstechnik im Privatrecht (gemeinsam mit Univ.-Prof. Dr. Ferdinand Kerschner, 9. Auflage 2021; zuvor \u201eF\u00e4lle und L\u00f6sungen zum b\u00fcrgerlichen Recht f\u00fcr Anf\u00e4nger\u201c (8. Auflage 2017; 7. Auflage 2012, 6. Auflage 2007; auf Grundlage des von der 1. bis zur 5. Auflage von Univ.-Prof. Dr. Ferdinand Kerschner und o. Univ.-Prof. Dr. Peter Rummel verfassten Werks).<\/p>\n\n\n\n<p>6. \u00d6sterreichisches Gesellschaftsrecht (Kapitel Gesellschaftsrecht \u2013 Zivilrecht, OG, EWIV) gemeinsam mit Univ.-Prof. Dr. Susanne Kalss und Univ.-Prof. Dr. Christian Nowotny, Verlag Manz (2008); 2. Auflage 2017.<\/p>\n\n\n\n<p>6a. Allgemeines Unternehmensrecht und Wertpapierrecht (gemeinsam mit Univ.-Prof. Dr. Susanne Kalss und Univ.-Prof. Dr. Martin Winner), Verlag Facultas 4. Auflage (2022), zuvor \u201eAllgemeines Unternehmensrecht\u201c (3. Auflage 2017, 2. Auflage 2014, 1. Auflage 2011). Neubearbeitung der unter 3. angef\u00fchrten Arbeit.<\/p>\n\n\n\n<p>7. Private Client Arbitration \u2013 Familienverm\u00f6gen und Schiedsgerichtsbarkeit in \u00d6sterreich und Liechtenstein (gemeinsam mit Univ.-Prof. Dr. Astrid Deixler-H\u00fcbner und Dr. Michael Nueber) (2020).<\/p>\n\n\n\n<p>8. Famili\u00e4re Verm\u00f6gensplanung (gemeinsam mit Univ.-Prof. Dr. Margareta Baddeley, Prof. Dr. Barbara Dauner-Lieb, Univ.-Prof. Dr. Astrid Deixler-H\u00fcbner, Univ.-Prof. Dr. Susanne Kalss, Univ.-Prof. Dr. Rita Trigo Trindade) (2020).<\/p>\n\n\n\n<h3 class=\"wp-block-heading\">B. Beitr\u00e4ge zu Kommentarwerken<\/h3>\n\n\n\n<div style=\"height:24px\" aria-hidden=\"true\" class=\"wp-block-spacer\"><\/div>\n\n\n\n<p>1. Kommentierung des \u00a7 8 PSG, in: Doralt\/Nowotny\/Kalss (Hrsg), Kommentar zum Privatstiftungsgesetz (1995).<\/p>\n\n\n\n<p>2. Kommentierung des EKHG, in: Schwimann (Hrsg), ABGB-Praxiskommentar, 5. Auflage (2022); 4. Auflage (2017); 3. Auflage, Band 7 (2005); 2. Auflage Band 8 (1997; in der 1. Auflage nicht enthalten).<\/p>\n\n\n\n<p>3. Kommentierung des \u00a7 239 HGB, in: Bertl\/Mandl (Hrsg), Handbuch zum Rechnungslegungsgesetz II, 2. Auflage in der 11. Lieferung (2005); 1. Auflage in der 7. Lieferung (1997); zuletzt in Bertl\/Fr\u00f6hlich\/Mandl (Hrsg), Handbuch Rechnungslegungsgesetz Band I: Einzelabschluss (2018).<\/p>\n\n\n\n<p>4. Kommentierung der \u00a7\u00a7 163, 164, 165a, 172 \u2013 176, \u00a7 178, 178a \u2013 178n VersVG, in: Fenyves\/Kronsteiner\/Schauer, VersVG-Novellen (1998).<\/p>\n\n\n\n<p>5. Kommentierung der \u00a7\u00a7 49 \u2013 60 (deutsches) VVG, in: H. Honsell (Hrsg), Berliner Kommentar zum VVG (1999).<\/p>\n\n\n\n<p>6. Kommentierung der durch das HaR\u00c4G geschaffenen \u00c4nderungen in \u00a7\u00a7 343-359, \u00a7\u00a7 361-369, \u00a7\u00a7 372-374, \u00a7\u00a7 376-378, \u00a7\u00a7 380-383, \u00a7 429, \u00a7 440, \u00a7 452-454, \u00a7 486a, \u00a7\u00a7 489 ff, \u00a7\u00a7 679 ff, \u00a7 906 Abs 9, \u00a7 907 Abs 18 und 19 UGB; \u00a7 367, \u00a7 368, \u00a7 456, \u00a7 460a, \u00a7\u00a7 466a-466e, \u00a7 905-906, \u00a7 1019, \u00a7 1029, \u00a7 1063a, \u00a7 1063b, \u00a7 1082, \u00a7 1170b, \u00a7 1333, \u00a7 1335, \u00a7 1336, \u00a7 1396a ABGB; Art XXIX, Art XXXI&nbsp; HaR\u00c4G, in Krejci (Hrsg), Reform-Kommentar zum UGB und ABGB (2007).<\/p>\n\n\n\n<p>7. Kommentierung von Art 552 \u00a7\u00a7 1-4, \u00a7 23, \u00a7 30, \u00a7 37 PGR, Art I Abs. 1 \u00dcbergangsbestimmungen LGBl 2008 Nr. 220 (Liechtenstein), in: Kurzkommentar zum liechtensteinischen Stiftungsrecht (2009); 2. Auflage (2022).<\/p>\n\n\n\n<p>8. Kommentierung der \u00a7\u00a7 1-27, \u00a7\u00a7 284b-284h, \u00a7\u00a7 905a-907, \u00a7 1503 in Klete\u010dka\/Schauer (Hrsg), ABGB-ON (2010, 2013).<\/p>\n\n\n\n<p>9. Kommentierung der \u00a7\u00a7 18-23 WEG, in Illedits\/Reich-Rohrwig (Hrsg), Kurzkommentar zum Wohnrecht (2011), 2. Auflage (2015); 3. Auflage (2018); 4. Auflage (2022).<\/p>\n\n\n\n<p>10. Kommentierung der \u00a7\u00a7 117-131 in Gitschthaler\/H\u00f6llwerth, Gro\u00dfkommentar zum Au\u00dfStrG (2013) (\u00a7 130-131 gemeinsam mit <em>Alrun Cohen<\/em>); 2. Auflage \u00a7\u00a7 116a-129 (2019).<\/p>\n\n\n\n<p>11. Kommentierung der \u00a7\u00a7 49-69, \u00a7\u00a7 178a-178n, vor \u00a7\u00a7 159 ff, \u00a7 159, \u00a7 161, \u00a7 164a, \u00a7\u00a7 165a-168, \u00a7\u00a7 172-176, \u00a7 178 VersVG, in Fenyves\/Schauer (Hrsg), VersVG \u2013 Versicherungsvertragsgesetz (2014, 2016, 2018).<\/p>\n\n\n\n<p>12. Kommentierung der Art 3 (gemeinsam mit <em>Astrid Deixler-H\u00fcbner<\/em>), Art 20-22, Art 69 EuErbVO, in Deixler-H\u00fcbner\/Schauer (Hrsg), Kommentar zur Europ\u00e4ischen Erbrechtsverordnung (2015); 2. Auflage (2020).<\/p>\n\n\n\n<p>13. Kommentierung von Vorbem zu \u00a7 531, \u00a7 531 sowie \u00a7\u00a7 535-537a in Fenyves\/Kerschner\/Vonkilch (Hrsg), Gro\u00dfkommentar ABGB<sup>3<\/sup> (\u00a7\u00a7 535-537a gemeinsam mit Mag. Bernhard Motal) (2016).<\/p>\n\n\n\n<p>14. Kommentierung der Directive 2011\/7\/EU on combating late payment in commercial transactions, in Mankowski (Hrsg), Commericial Law \u2013 A Commentary (2019) (gemeinsam mit Magdalena Gruber, LL.M.)<\/p>\n\n\n\n<p>15. Kommentierung von \u00a7 105, Anh zu \u00a7 105 (2021); \u00a7\u00a7 106-109, 120-122 UGB, in Straube\/Ratka\/Rauter (Hrsg), Wiener Kommentar zum UGB (2019).<\/p>\n\n\n\n<p>16. Kommentierung des \u00a7 35 EO Rz 69-112, in Deixler-H\u00fcbner (Hrsg), Kommentar zur Exekutionsordnung (2020); 2. Auflage (2022).<\/p>\n\n\n\n<p>17. Kommentierung von \u00a7\u00a7 10-12 PfandBG, in Heindler\/Wolfbauer (Hrsg), Kommentar Pfandbriefgesetz (2023).<\/p>\n\n\n\n<h3 class=\"wp-block-heading\"><strong>C. Beitr\u00e4ge zu Sammelwerken<\/strong><\/h3>\n\n\n\n<div style=\"height:24px\" aria-hidden=\"true\" class=\"wp-block-spacer\"><\/div>\n\n\n\n<p>1. Die GmbH im faktischen Konzern, in: Doralt (Hrsg), Deutsches Konzernrecht (1985) 134.<\/p>\n\n\n\n<p>2. Zum Rechtsschutz des Betroffenen nach dem Datenschutzgesetz, in: Kabelka\/Chloupek (Hrsg), Wirtschaftliche Aspekte neuer Informationstechnologien (1986) 119.<\/p>\n\n\n\n<p>3. Die Niederlassungsfreiheit von Unternehmen im Handels- und Gesellschaftsrecht aus \u00f6sterreichischer Sicht, in: Hailbronner\/Niessen\/Wiegand\/Barazon\/Schauer\/Schwarz, Freiz\u00fcgigkeit von Arbeitnehmern und Niederlassungsfreiheit von Unternehmen in Europa (1986) 77.<\/p>\n\n\n\n<p>4. Zivilrechtliche Grundfragen der Stiftungserrichtung, in: Csoklich\/M\u00fcller (Hrsg), Die Stiftung als Unternehmer (1990) 27.<\/p>\n\n\n\n<p>5. Erbrechtliche Probleme der Privatstiftung, in: Csoklich\/M\u00fcller\/Gr\u00f6hs\/Helbich (Hrsg), Handbuch zum Privatstiftungsgesetz (1994) 107.<\/p>\n\n\n\n<p>6. Aktuelle Entwicklungen bei der Kotrolle von Allgemeinen Versicherungsbedingungen, in: Rill (Hrsg), Forschung f\u00fcr die Wirtschaft \u2013 Die Europ\u00e4isierung des \u00f6sterreichischen Wirtschaftsrechts (1995) 135.<\/p>\n\n\n\n<p>7. Zur Verb\u00fccherung von Bestandvertr\u00e4gen auf unbestimmte Zeit, in: Ogris\/Rechberger (Hrsg), Ged\u00e4chtnisschrift f\u00fcr Herbert Hofmeister (1996) 631.<\/p>\n\n\n\n<p>8. Die Reform des deutschen Handelsrechts und ihr m\u00f6glicher Einflu\u00df auf das \u00f6sterreichische Recht, in: FS 100 Jahre Wirtschaftsuniversit\u00e4t \u2013 dargebracht vom Fachbereich Rechtswissenschaft (1998) 39.<\/p>\n\n\n\n<p>9. Sachlicher und pers\u00f6nlicher Anwendungsbereich des Mietrechtsgesetzes, in: Bundesministerium f\u00fcr Justiz (Hrsg), Erneuerung des Wohnrechts (2000) 17.<\/p>\n\n\n\n<p>10. Privatstiftung und Erbrecht, in: Gassner\/G\u00f6th\/Gr\u00f6hs\/Lang (Hrsg), Privatstiftungen \u2013 Gestaltungsm\u00f6glichkeiten in der Praxis (2000) 15.<\/p>\n\n\n\n<p>10a. Privatstiftung und Erbrecht, in: Doralt\/Kalss (Hrsg), Aktuelle Fragen des Privatstiftungsrechts (2001) 13 (geringf\u00fcgig \u00fcberarbeitete Fassung der unter C 10 angef\u00fchrten Arbeit).<\/p>\n\n\n\n<p>11. Rechtsprobleme der Haftpflichtversicherungen im KMG, WAG und \u00dcbG, FS Krejci (2001) 1269.<\/p>\n\n\n\n<p>12. Rechtsgesch\u00e4ftliche Gestaltungsm\u00f6glichkeiten bei der erbrechtlichen Nachfolge in Personenhandelsgesellschaften, in Kalss\/Schauer (Hrsg), Unternehmensnachfolge \u2013 Praktische Fragen und zivilrechtliche Gestaltungsm\u00f6glichkeiten (2001) 111.<\/p>\n\n\n\n<p>13. Bemerkungen zum heimf\u00e4lligen Nachlass im \u00f6sterreichischen Internationalen Privatrecht, in: FS 75 Jahre Max-Planck-Institut f\u00fcr Privatrecht (2001) 557.<\/p>\n\n\n\n<p>14. Verbesserter Schutz des Gesch\u00e4digten im grenz\u00fcberschreitenden Verkehr \u2013 Bemerkungen zur 4. Kfz-Haftpflicht-Richtlinie, in: Saria (Gesamtred.), Tourismus und Gastronomie \u2013 Recht und Praxis (2002) 63.<\/p>\n\n\n\n<p>15. Verschulden als Haftungsvoraussetzung, in: Holoubek\/Lang (Hrsg), Amtshaftung, Organhaftung und Staatshaftung in Steuersachen (2002) 45.<\/p>\n\n\n\n<p>16. Die Umsetzung der 4. Kraftfahrzeughaftpflicht-Richtlinie in das \u00f6sterreichische Reiserecht, in: Saria (Hrsg), Wer hat Recht im Urlaub? (2002) 39.<\/p>\n\n\n\n<p>17. Konkurrenzen zwischen dem UN-Kaufrecht und dem Europ\u00e4ischen Schuldvertragsrecht, FS Honsell (2002) 261.<\/p>\n\n\n\n<p>18. Die Eigent\u00fcmergemeinschaft und das Gesellschaftsrecht \u2013 Grundlagen und Entwicklungsperspektiven, in: Gutknecht\/Amann (Hrsg), Zukunftsperspektiven zum Wohnrecht (2003) 25.<\/p>\n\n\n\n<p>19. Integration des Handels- und Unternehmensrechts in das ABGB?, in: Fischer-Czermak\/Hopf\/Schauer (Hrsg), Das ABGB auf dem Weg in das 3. Jahrtausend (2003) 137.<\/p>\n\n\n\n<p>20. Die Informationspflichten der Versicherungsvermittler-Richtlinie, in Fenyves\/Koban\/Schauer (Hrsg), Die Versicherungsvermittlungs-Richtlinie \u2013 Umsetzung in das \u00f6sterreichische Recht (2003) 75.<\/p>\n\n\n\n<p>21. Verhaltensweisen im Bereich Versicherungswirtschaft (Verordnung Nr. 1534\/1991 und Nr. 3932\/1992), Liebscher\/Flohr\/Petsche (Hrsg), Handbuch der EG-Gruppenfreistellungsverordnungen (2003) 389.<\/p>\n\n\n\n<p>22. Aktuelle Entwicklungen im Wettbewerbsrecht der Versicherungen \u2013 Die neue GruppenfreistellungsVO, in: Gruber (Hrsg), Aktuelle Fragen des Versicherungsrechts, FS Migsch (2004) 21.<\/p>\n\n\n\n<p>23. Die liechtensteinische Stiftung im internationalen Vergleich unter besonderer Ber\u00fccksichtigung der Familien- und Unterhaltsstiftung, in: Marxer &amp; Partner (Hrsg), Aktuelle Themen zum Finanzplatz Liechtenstein (2004) 67.<\/p>\n\n\n\n<p>24. Kollisionsrechtliche Fragen \u00f6ffentlicher \u00dcbernahmeangebote, FS Doralt (2004) 529.<\/p>\n\n\n\n<p>25. Bemerkungen zur Umsetzung der 4. Kfz-Haftpflicht-Richtlinie im \u00f6sterreichischen Recht, FS Kollhosser (2004) I 293.<\/p>\n\n\n\n<p>26. Grundprinzipien des Leistungsst\u00f6rungsrechts im ABGB, UN-Kaufrecht und in den PECL \u2013 eine vergleichende Skizze, FS Kramer (2004) 627.<\/p>\n\n\n\n<p>27. Was ist ein notarielles Testament?, FS Welser (2004) 919.<\/p>\n\n\n\n<p>28. Die Rechtsangleichung des Europ\u00e4ischen Gesellschaftsrechts unter besonderer Ber\u00fccksichtigung der Versicherungsunternehmen, FS 75 Jahre \u00d6sterreichische Gesellschaft f\u00fcr Versicherungsfachwissen (2004) 71.<\/p>\n\n\n\n<p>29. Die immaterielle (ideelle) Schaden im \u00f6sterreichischen Recht \u2013 Grundlagen und aktuelle Entwicklungen, in: Bejcek\/Pokorna (Hrsg), Sborn\u00edk pr\u00edspecku z konference \u201eOdpovednost za skodu\u201c (2005) 16.<\/p>\n\n\n\n<p>30. Zul\u00e4ssige Vertragsbindung bei Fernw\u00e4rmelieferungsvertr\u00e4gen im Lichte des Verbraucherschutzrechts, in Reiffenstein\/Blaschek (Hrsg), Konsumentenschutzpolitisches Jahrbuch 2002-2004 (2005) 75 (gemeinsam mit Mag. Daphne Beig).<\/p>\n\n\n\n<p>31. Das Herkunftslandprinzip im Europ\u00e4ischen Gemeinschaftsrecht, in: Dies Luby iurisprudentiae \u201eKodifikation, Europ\u00e4isierung und Harmonisierung des Privatrechts\u201c (2005) 83.<\/p>\n\n\n\n<p>32. Zu Rechtsmittellegitimation und Vertretungszwang im Sachwalterschaftsverfahren, FS Rechberger (2005) 487.<\/p>\n\n\n\n<p>33. Die unternehmerische Erbenhaftung im geltenden und im k\u00fcnftigen Recht, FS Ansay (2006) 363.<\/p>\n\n\n\n<p>34. W\u00fcrde im Alter: Der Beitrag der Rechtsordnung, in: BMJ (Hrsg), Recht und W\u00fcrde im Alter, Tagungsband der Richterwoche 2005 (2006) 37.<\/p>\n\n\n\n<p>35. Die Entwicklung des \u00f6sterreichischen Versicherungsvertragsrechts seit dem Beitritt \u00d6sterreichs zur EU (AB\u00b4ye Kat\u0131l\u0131m Sonras\u0131 Avusturya Sigorta Hukukundaki Geli\u015fmeler ve T\u00fcrkiye\u00b4ye \u00d6neriler), in T\u00fcrkiye Barolar Birli\u011fi (Hrsg), T\u00fcrkiye\u00b4de Sigorta Hukukunun Sorunlar\u0131 ve Gelece\u011fi (2005) 294.<\/p>\n\n\n\n<p>36. Structural Elements of the Austrian Civil Code, in: Grundmann\/Schauer (eds), The Architecture of European Codes and Contract Law (2006) 83.<\/p>\n\n\n\n<p>37. Haftung bei Naturkatastrophen und St\u00f6rf\u00e4llen, in: Institut f\u00fcr Umweltrecht\/\u00d6ffentlicher Wasser- und Abfallwirtschaftsverband (Hrsg), Jahrbuch des \u00f6sterreichischen und europ\u00e4ischen Umweltrechts 2007 (2007) 125.<\/p>\n\n\n\n<p>38. Ein Register f\u00fcr Mobiliarsicherheiten in \u00d6sterreich: Rechtsdogmatische und rechtspolitische Grundlagen, in: Schauer (Hrsg), Ein Register f\u00fcr Mobiliarsicherheiten im \u00f6sterreichischen Recht (2007) 1.<\/p>\n\n\n\n<p>39. Entwicklungstendenzen im Sachwalterrecht, FS Gerhard Hopf (2007) 161.<\/p>\n\n\n\n<p>40. Der Vertrauensschutz als Grundsatz des europ\u00e4ischen Privatrechts, in: Lazar\/Blaho (Hrsg), Dies Luby iurisprudentiae \u201eFundamentale Grunds\u00e4tze des Privatrechts im vereinigten Europa\u201c (2007) 39.<\/p>\n\n\n\n<p>41. Reformbedarf im Allgemeinen Teil und im Schuldrecht Allgemeiner Teil, in: Fischer-Czermak\/Hopf\/Kathrein\/Schauer (Hrsg), ABGB 2011 \u2013 Chancen und M\u00f6glichkeiten einer Zivilrechtsreform (2008) 51.<\/p>\n\n\n\n<p>42. Allgemeine Bemerkungen, Haftung f\u00fcr Dritte, Unternehmerhaftung, in Winiger (Hrsg), La responsabilit\u00e9 civile europ\u00e9enne de demain: Projets de r\u00e9visions nationaux et principes europ\u00e9ens \u2013 Europ\u00e4isches Haftungsrecht morgen: Nationale Revisionsentw\u00fcrfe und europ\u00e4ische Haftungsprinzipien (2008) 37.<\/p>\n\n\n\n<p>43. M\u00e4ngelr\u00fcge und bewegliche Sache, FS zum 30-j\u00e4hrigen Bestehen der \u00d6sterreichischen Gesellschaft f\u00fcr Baurecht (2008) 291.<\/p>\n\n\n\n<p>44. Grundelemente des neuen liechtensteinischen Stiftungsrechts und die rechtsvergleichende Perspektive, in: Hochschule Liechtenstein, Institut f\u00fcr Finanzdienstleistungen (Hrsg), Das neue liechtensteinische Stiftungsrecht (2008) 7.<\/p>\n\n\n\n<p>45. Ukrainian company law between modernization and post-Soviet tradition \u2013 the joint stock company as an example, in Besters-Dilger (ed.), Ukraine on its way to Europe. Interim results of the Orange Revolution (2009) 121 (gemeinsam mit Mag. Anna Lawrenjuk).<\/p>\n\n\n\n<p>46. Fernabsatzvertr\u00e4ge, in Jud\/Wendehorst (Hrsg), Neuordnung des Verbraucherprivatrechts in Europa? Zum Vorschlag einer Richtlinie \u00fcber Rechte der Verbraucher (2009) 99.<\/p>\n\n\n\n<p>47. The importance of standard terms for insurance contracts, in Ulusan\/\u00d6zt\u00fcrk (ed.), Kamunun \u00d6nderli\u011fi ve Bireysel \u00d6zerklik Sempozyumu (2009) 289.<\/p>\n\n\n\n<p>48. Entwicklungen in der Lebensversicherung \u2013 R\u00fcckkaufswerte und Zillmern nach \u00f6sterreichischem Recht, in Br\u00f6mmelmeyer\/Heiss\/Meyer\/R\u00fcckle\/Schwintowski\/Wallrabenstein (Hrsg), Pflegeversicherung \u2013 Risikosteuerung und Versicherungsaufsicht \u2013 Europa \u2013Versicherungsvertragsrecht (2009) 173.<\/p>\n\n\n\n<p>49. Strukturmerkmale eines Sondergesellschaftsrechts f\u00fcr ausgegliederte Rechtstr\u00e4ger, FS Straube (2009) 129.<\/p>\n\n\n\n<p>49a. Ukrains&#8217;ke gospodars&#8217;ke pravo: mizh modernizatsieiu ta postradians&#8217;koiu traditsieiu &#8211; aktsionerne tovarystvo yak priklad (\u0423\u043a\u0440\u0430\u0457\u043d\u0441\u044c\u043a\u0435 \u0433\u043e\u0441\u043f\u043e\u0434\u0430\u0440\u0441\u044c\u043a\u0435 \u043f\u0440\u0430\u0432\u043e: \u043c\u0456\u0436 \u043c\u043e\u0434\u0435\u0440\u043d\u0456\u0437\u0430\u0446\u0456\u0454\u044e \u0442\u0430 \u043f\u043e\u0441\u0442-\u0440\u0430\u0434\u044f\u043d\u0441\u044c\u043a\u043e\u044e \u0442\u0440\u0430\u0434\u0438\u0446\u0456\u0454\u044e \u2013 \u0430\u043a\u0446\u0456\u043e\u043d\u0435\u0440\u043d\u0435 \u0442\u043e\u0432\u0430\u0440\u0438\u0441\u0442\u0432\u043e \u044f\u043a \u043f\u0440\u0438\u043a\u043b\u0430\u0434), in Ukrajina na shliachu do Yevropy, za redaktsieiu Juliane Besters-Dilger (2009) 148 (gemeinsam mit Mag. Anna Lawrenjuk), aktualisierte Fassung der unter C.45 angef\u00fchrten Arbeit (2009).<\/p>\n\n\n\n<p>50. Die Reformen des Privatrechts in \u00d6sterreich, in: Lazar (Hrsg), Dies Luby iurisprudentiae \u201eDie Reform des Privatrechts in Mittel- und Osteuropa\u201c (2009) 224.<\/p>\n\n\n\n<p>51. Stand der Schadenersatzrechtsreform im \u00d6sterreich, in Bachner\/Cierpia\u0142\/Lemanska\/Liebscher (Hrsg). Aktuelle Entwicklungen im polnischen, deutschen und \u00f6sterreichischen Privatrecht \u2013 Vereinheitlichung oder Auseinanderentwicklung?, 2. Jahrbuch des Krakauer Forums der Rechtswissenschaften (2010) 9.<\/p>\n\n\n\n<p>52. \u00a7 786 Satz 2 ABGB zwischen Schuldverh\u00e4ltnis und Gemeinschaft, FS M. Binder (2010) 163.<\/p>\n\n\n\n<p>53. Ein Register f\u00fcr Mobiliarsicherheiten \u2013 der \u00f6sterreichische Entwurf, das polnische Recht und der DCFR im Vergleich, FS Kalus (2010) 451.<\/p>\n\n\n\n<p>54. Insurance Contract Law between Business Law and Consumer Protection in Austria, in Verschraegen (ed.), Austrian Law \u2013 An International Perspective (2010) 189.<\/p>\n\n\n\n<p>55. Kapitel 15 \u201eNachlass und vererbliche Verm\u00f6gensverh\u00e4ltnisse\u201c, Kapitel 22 \u201eVertrag zugunsten Dritter auf den Todesfall\u201c, Kapitel 29 \u201eGesch\u00e4ftsraummiete\u201c, Kapitel 30 \u201eNachfolge im Recht der Personengesellschaften\u201c, in Gruber\/Kalss\/M\u00fcller\/Schauer (Hrsg), Erbrecht und Verm\u00f6gensnachfolge (2010); 2. Auflage 2018.<\/p>\n\n\n\n<p>56. Von elektronischer Kommunikation, R\u00fccktrittsrechten und Datenschutz \u2013 Bemerkungen zum Entwurf des VersR\u00c4G 2010, FS Reischauer (2010) 573.<\/p>\n\n\n\n<p>57. Zivilrechtliche Verantwortlichkeit des Aufsichtsrats, in Kalss\/Kunz (Hrsg), Handbuch f\u00fcr den Aufsichtsrat (2010) 1041; 2. Auflage (2016) 1427.<\/p>\n\n\n\n<p>58. Das neue ukrainische Aktiengesetz \u2013 ein kleiner Schritt oder ein gro\u00dfer Sprung?, in Besters-Dilger\/Woldan (Hrsg), Die Ukraine auf dem Weg nach Europa (2011) 147 (gemeinsam mit Mag. Anna Lawrenjuk).<\/p>\n\n\n\n<p>59. Die Anwendungsf\u00e4lle des \u00a7 12a MRG bei der GmbH &amp; Co KG, GedS Arnold (2011) 203; 2. Auflage (2016) 163.<\/p>\n\n\n\n<p>60. Zum Schadensbegriff bei der Haftung der Organe im Gesellschaftsrecht, FS G. Roth (2011) 687.<\/p>\n\n\n\n<p>61. Handels- und unternehmensrechtliche Elemente im ABGB, FS 200 Jahre ABGB (2011) 617.<\/p>\n\n\n\n<p>61a. Vereinbarungen, Beschl\u00fcsse und abgestimmte Verhaltensweisen im Versicherungssektor (Verordnung Nr.&nbsp;1534\/1991 und Nr. 267\/2010) in: Liebscher\/Flohr\/Petsche (Hrsg), Handbuch der EG-Gruppenfreistellungsverordnungen, (2012) 335 (Neufassung der unter C. 21 erw\u00e4hnten Arbeit).<\/p>\n\n\n\n<p>62. Das neue Stiftungsrecht in der Praxis \u2013 eine erste Zwischenbilanz unter besonderer Ber\u00fccksichtigung der Rechtsprechung, in: Jahrbuch zum Liechtensteinischen Recht 2011\/2012 (2011) 82.<\/p>\n\n\n\n<p>62a. Das neue Stiftungsrecht in der Praxis \u2013 eine erste Zwischenbilanz unter besonderer Ber\u00fccksichtigung der Rechtsprechung, in: Universit\u00e4t Liechtenstein, Tagungsband zum 3. Stiftungsrechtstag (2012) 51 (Parallelver\u00f6ffentlichung der unter C. 62 erw\u00e4hnten Arbeit).<\/p>\n\n\n\n<p>63. 200 Jahre und immer noch weise? \u2013 Von der Lebenskraft des ABGB heute, in: \u00d6sterreichischer Juristentag (Hrsg), Festveranstaltung 200 Jahre ABGB am 10. November 2011 (2012) 70.<\/p>\n\n\n\n<p>64. Schuldrecht \u2013 Reformbedarf oder Kontinuit\u00e4t?, in Bundesministerium f\u00fcr Justiz (Hrsg), 200 Jahre ABGB, RichterInnenwoche 2011 (2012) 177.<\/p>\n\n\n\n<p>65. Das Allgemeine B\u00fcrgerliche Gesetzbuch \u2013 Wesensmerkmale, Perspektiven und heutige Standortbestimmung, in Dvo\u0159\u00e1k\/Mal\u00fd a. kol., 200 let V\u0161eobecn\u00e9ho ob\u010dansk\u00e9ho z\u00e1kon\u00edku (2011) 25.<\/p>\n\n\n\n<p>66. Einleitende Bestimmungen (Teil I CESL-Entwurf), in Wendehorst\/Z\u00f6chling-Jud (Hrsg), Am Vorabend eines Gemeinsamen Europ\u00e4ischen Kaufrechts (2012) 43.<\/p>\n\n\n\n<p>67. Die Wesensgrenzen des Arbeitsvertrags, in: Brodil (Hrsg), Civiles im Arbeitsrecht \u2013 Vertragliches und Haftendes im arbeitsrechtlichen Kontext (2012) 25.<\/p>\n\n\n\n<p>68. Das neue Erwachsenenschutzrecht der Schweiz \u2013 Inspirationsquelle f\u00fcr \u00d6sterreich?, FS Simotta (2012) 507.<\/p>\n\n\n\n<p>69. Europ\u00e4isches Nachlasszeugnis, in Schauer\/Scheuba (Hrsg), Europ\u00e4ische Erbrechtsverordnung (2012) 73.<\/p>\n\n\n\n<p>70. Neue Gestaltungsformen f\u00fcr die generationen\u00fcbergreifende Verm\u00f6gensplanung, FS Kerschner (2013) 445.<\/p>\n\n\n\n<p>71. Beraterhaftung, in: WiR \u2013 Studiengesellschaft f\u00fcr Wirtschaft und Recht (Hrsg), Haftung im Wirtschaftsrecht (2013) 251.<\/p>\n\n\n\n<p>72. Schuldrechtliche Nebenabreden im \u00f6sterreichischen Gesellschaftsrecht, in Fleischer\/Kalss\/Vogt (Hrsg), Aktuelle Entwicklungen im deutschen, \u00f6sterreichischen und schweizerischen Gesellschafts- und Kapitalmarktrecht 2012 (2013) 201.<\/p>\n\n\n\n<p>73. Landesbericht \u00d6sterreich, in Laimer\/Perathoner (Hrsg), Gesellschaftsrechtliche Nebenvereinbarungen (2013) 271.<\/p>\n\n\n\n<p>74. Die Corporate Governance im Familienunternehmen, FS Fenyves (2013) 997.<\/p>\n\n\n\n<p>75. Differenzierte Solidarit\u00e4t bei der Haftung von Organen \u2013 eine kritische Analyse, FS Delle Karth (2013) 781.<\/p>\n\n\n\n<p>76. Erbrecht goes Europe: Ausgew\u00e4hlte Fragen der EU-Erbrechtsverordnung, in Deixler-H\u00fcbner\/Schauer (Hrsg), Migration, Familie und Verm\u00f6gen (2014) 45.<\/p>\n\n\n\n<p>77. Vergleich des Regelungskonzepts der \u00f6sterreichischen Privatstiftung mit der neuen liechtensteinischen Stiftung, in Kalss (Hrsg), Aktuelle Fragen des Stiftungsrechts (2014) 167.<\/p>\n\n\n\n<p>78. 200 Jahre ABGB \u2013 vom Leben mit einer alten Kodifikation, in Okuda\/Schauer (Hrsg), Neues und Altes in den Privatrechten von Mitteleuropa (2014) 19.<\/p>\n\n\n\n<p>79. The European market for merger &amp; acquisitions and its four cornerstones, FS Lazar (2014) 555.<\/p>\n\n\n\n<p>80. N\u00e1rodn\u00ed zpr\u00e1va \u2013 Rakousko, in Tich\u00fd\/Ronovks\u00e1\/Koc\u00ed (eds.), Trust a srovnateln\u00e9 instituty v Europ\u011b (2014) 39 (gemeinsam mit Mag. <em>Bernhard Motal<\/em>).<\/p>\n\n\n\n<p>81. Neuerungen im \u00f6sterreichischen Versicherungsvertragsrecht: VersR\u00c4G 2012 und VersR\u00c4G 2013, in Schnyder (Hrsg), Versicherungsvertragsgesetz: R\u00fcckblick und Zukunftsperspektiven (2015) 197.<\/p>\n\n\n\n<p>82. The Law of Persons, in Grabenwarter\/Schauer (eds.), Introduction to Austrian Law (2015) 45 (gemeinsam mit Mag. <em>Julia Kienast<\/em>).<\/p>\n\n\n\n<p>83. Grundlagen und Rechtsquellen des Verbraucherschutzes, in Deixler-H\u00fcbner\/Kolba, Handbuch Verbraucherschutz (2015) 1.<\/p>\n\n\n\n<p>84. Die Anstalt als Instrument des Verm\u00f6gensschutzes, in Schurr (Hrsg), Handbuch des Verm\u00f6gensschutzes (gemeinsam mit Mag. <em>Bernhard Motal<\/em>) (2015) 267.<\/p>\n\n\n\n<p>85. Familie und Erbrecht, in Deixler-H\u00fcbner (Hrsg), Handbuch Familienrecht (2015) 689; 2. Auflage (2020) 755.<\/p>\n\n\n\n<p>86. Familie und Unternehmen, in Deixler-H\u00fcbner (Hrsg), Handbuch Familienrecht (2015) 1003; 2. Auflage (2020) 1093.<\/p>\n\n\n\n<p>87. Pflichtteilsrecht einschlie\u00dflich Gestaltung der Pflichtteilsdeckung, in Deixler-H\u00fcbner\/Schauer (Hrsg), Erbrecht NEU (2015) 55.<\/p>\n\n\n\n<p>88. Art 1:208, 17:401, 17:402, 17:502, 17:503, in Basedow\/Birds\/Clarke\/Cousy\/Heiss\/Loacker (eds.), Principles of European Insurance Contract Law (PEICL), 2<sup>nd<\/sup> Expanded Edition (2016).<\/p>\n\n\n\n<p>89. Anrechnung beim Erbteil, in Barth\/Pesendorfer (Hrsg), Praxishandbuch des neuen Erbrechts (2016) 55.<\/p>\n\n\n\n<p>90. Hinzu- und Anrechnung von Schenkungen, in Barth\/Pesendorfer (Hrsg), Praxishandbuch des neuen Erbrechts (2016) 193.<\/p>\n\n\n\n<p>91. Das ABGB und seine Modernisierung, in Kawasumi, Nakata, Shiomi, Matsuoka (Hrsg), Perspectives of European Private Law and Modernization of Japanese Civil Code (2016) 437 (in japanischer Sprache, \u00fcbersetzt von Mina Wakabayasi und Masahiro Kurita).<\/p>\n\n\n\n<p>92. Organisation und Governance, in Deixler-H\u00fcbner\/Grabenwarter\/Schauer (Hrsg), Gemeinn\u00fctzigkeitsrecht NEU (2016) 21.<\/p>\n\n\n\n<p>93. Rechtsprobleme des Vertriebs von Kapitalanlagen, Referat bei den Verhandlungen zum 19. \u00d6sterreichischen Juristentag Wien 2015, II\/2 (2016).<\/p>\n\n\n\n<p>94. Nachfolgeregelungen in Gesellschaftsvertr\u00e4gen und vorweggenommene Erbfolge nach der Erbrechtsreform, in Artmann\/R\u00fcffler\/Torggler (Hrsg), Gesellschaftsrecht und Erbrecht (2016) 21.<\/p>\n\n\n\n<p>95. Der Erblasser ist tot \u2013 es lebe der Verstorbene!, FS Eccher (2017) 1013.<\/p>\n\n\n\n<p>96. Informationspflichten und Wohlverhaltensregeln, in Fenyves\/Schauer (Hrsg), Die neue Richtlinie \u00fcber den Versicherungsvertrieb (IDD) \u2013 M\u00f6glichkeiten der Umsetzung in \u00d6sterreich (2017) 69.<\/p>\n\n\n\n<p>97. Rechtsfragen des Generationen\u00fcbergangs in der Familiengesellschaft, in Vogt\/Fleischer\/Kalss (Hrsg), Recht der Familiengesellschaften (2017) 241.<\/p>\n\n\n\n<p>98. Erwachsenenschutz und Unternehmensrecht, in Deixler-H\u00fcbner\/Schauer (Hrsg), Erwachsenenschutzrecht \u2013 Beitr\u00e4ge zum 2. Erwachsenenschutz-Gesetz (2018) 81.<\/p>\n\n\n\n<p>99. Die Entscheidung des EuGH \u201eEndress\/Allianz\u201c und ihre Folgen f\u00fcr das \u00f6sterreichische Recht, FS Schnyder (2018) 915.<\/p>\n\n\n\n<p>100. Erwachsenenvertreter, in Deixler-H\u00fcbner\/Schauer (Hrsg), Handbuch Erwachsenenschutzrecht (2018) 75.<\/p>\n\n\n\n<p>100a. Erwachsenenschutz und Unternehmensrecht, Deixler-H\u00fcbner\/Schauer (Hrsg), Handbuch Erwachsenenschutzrecht (2018) 309 (aktualisierte Fassung der unter C.98 angef\u00fchrten Arbeit).<\/p>\n\n\n\n<p>101. Praxisfragen des 2. Erwachsenenschutzgesetzes, FS Bittner (2018) 603.<\/p>\n\n\n\n<p>101a. Informationspflichten und Wohlverhaltensregeln, in N. Raschauer (Hrsg), Versicherungsvertrieb nach IDD (2018) 61 (Zweitver\u00f6ffentlichung der unter C. 96 angef\u00fchrten Arbeit).<\/p>\n\n\n\n<p>102. Schiedsvereinbarungen nach der ZPO, in Czernich\/Deixler-H\u00fcbner\/Schauer (Hrsg), Handbuch Schiedsrecht (2018) 133.<\/p>\n\n\n\n<p>103. Letztwillige Schiedsanordnungen, in Czernich\/Deixler-H\u00fcbner\/Schauer (Hrsg), Handbuch Schiedsrecht (2018) 777.<\/p>\n\n\n\n<p>104. EU-ErbVO und neues Erbrecht \u2013 erste Rechtsprechung, in Deixler-H\u00fcbner\/Schauer (Hrsg), Verm\u00f6gensplanung \u2013 national und international (2019) 21.<\/p>\n\n\n\n<p>105. Die Direktklage des Gesch\u00e4digten in der Haftpflichtversicherung, in: Berisha\/Gisch\/Koban, Haftpflicht-, Rechtsschutzversicherung und Versicherungsvertriebsrecht (2019) 31.<\/p>\n\n\n\n<p>106. Die gemeinn\u00fctzige Stiftung im BStFG 2015, Non Profit Law Yearbook 2018 (2019) 149.<\/p>\n\n\n\n<p>107. Versicherungsschutz f\u00fcr vors\u00e4tzliches Handeln \u2013 zugleich ein Beitrag zum Begriff der Versicherung, FS Christian Huber (2020) 477.<\/p>\n\n\n\n<p>108. Die Abberufung des Stiftungsrats \u2013 rechtsvergleichende Beobachtungen aus Liechtenstein und \u00d6sterreich, FS 100 Jahre F\u00fcrstlicher Oberster Gerichtshof (2022) 55.<\/p>\n\n\n\n<p>109. Zur Beitragspflicht des Verm\u00e4chtnisnehmers \u2013 kritische Anmerkungen zu OGH 2 Ob 13\/21g, FS Peter Bydlinski (2022) 873.<\/p>\n\n\n\n<p>110. Zivilrechtliche Grundlagen des Vertragsschlusses beim Onlinevertrieb, in Gruber (Hrsg), Onlineversicherung (2022) 127.<\/p>\n\n\n\n<p>111. Schiedsgerichtsbarkeit und Abberufung des Stiftungsvorstands \u2013 rechtsvergleichende Beobachtungen aus \u00d6sterreich und Liechtenstein, FS Konecny (2022) 513.<\/p>\n\n\n\n<p>112. Die Bewertung der geschenkten Sache und die \u201eZur\u00fcckbehaltung\u201c von Nutzungsrechten (\u00a7 788 ABGB), FS Mader (2022) 285.<\/p>\n\n\n\n<p>113. L\u00e4nderbericht \u00d6sterreich, in K\u00fcnzle (Hrsg), Erbrechtsreformen in Europa (2023) 67.<\/p>\n\n\n\n<h3 class=\"wp-block-heading\">D. Aufs\u00e4tze<\/h3>\n\n\n\n<div style=\"height:24px\" aria-hidden=\"true\" class=\"wp-block-spacer\"><\/div>\n\n\n\n<p>1. Rechtsprobleme bei der Anrechnung im Erbrecht, JBl 1980, 449.<\/p>\n\n\n\n<p>2. Die Anwendung der \u00a7\u00a7 81 ff EheG auf die nichtig erkl\u00e4rte Ehe, \u00d6JZ 1982, 147.<\/p>\n\n\n\n<p>3. Zivilrechtliche Aspekte bei der Bel\u00e4stigung durch Verkehrsl\u00e4rm, Verkehrsannalen 1982, Heft 3, 5.<\/p>\n\n\n\n<p>4. Anmerkungen zum neuen Sachwalterrecht, NZ 1983, 49.<\/p>\n\n\n\n<p>5. Gro\u00dfkapitalanleger und ZESt, RdW 1983, 92.<\/p>\n\n\n\n<p>6. Die Distanzgr\u00fcndung der GmbH, NZ 1984, 53.<\/p>\n\n\n\n<p>7. Amtshaftung f\u00fcr Notare, RdW 1984, 270.<\/p>\n\n\n\n<p>8. Das Optionsrecht als Mittel der Kreditbesicherung, \u00d6ZW 1984, 75.<\/p>\n\n\n\n<p>9. Zur Formpflicht der Vollmacht bei der Schenkung, NZ 1984, 185.<\/p>\n\n\n\n<p>10. Gedanken zur Verwirkung der Wertsicherung nach \u00a7 16 Abs 6 Satz 2 MRG, RdW 1985, 69.<\/p>\n\n\n\n<p>11. Die Unternehmens\u00fcbertragung nach \u00a7 12 Abs 3 MRG, JBl 1985, 257.<\/p>\n\n\n\n<p>12. Die \u201eAllgemeinen Gesch\u00e4ftsbedingungen f\u00fcr die Einlagen auf Sparb\u00fccher\u201c, QuGHZ 1985, Heft 2, 41.<\/p>\n\n\n\n<p>13. Die Verj\u00e4hrung der Haftung des Gesellschafters bei der Personengesellschaft, RdW 1985, 302.<\/p>\n\n\n\n<p>14. Worauf bezieht sich das Formgebot bei der Abtretung von GmbH-Anteilen? RdW 1986, 358.<\/p>\n\n\n\n<p>15. Der Regre\u00df des Haftpflichtversicherers bei Ver\u00e4u\u00dferung der versicherten Sache, RdW 1987, 2.<\/p>\n\n\n\n<p>16. Unteilbare Pflichtteilsdeckungen und unteilbare Belastungen, RdW 1987, 149.<\/p>\n\n\n\n<p>17. Verzugszinsen und Pflichtteilsanrechnung, NZ 1987, 114.<\/p>\n\n\n\n<p>18. Gedanken zu Betriebs\u00fcbung und Vertrauensschutz im Arbeitsrecht, ZAS 1987, 73.<\/p>\n\n\n\n<p>19. Heiratsgut herabgesetzt? RdW 1987, 282.<\/p>\n\n\n\n<p>20. Kaskoversicherung und Kulanzzahlung: Kein Regre\u00df nach \u00a7 67 VVG? RdW 1988, 83.<\/p>\n\n\n\n<p>21. Die neuen Bedingungen f\u00fcr die \u201eKfz-Haftpflicht\u201c (AKHB 1988), RdW 1988, 122.<\/p>\n\n\n\n<p>22. Warnpflichten bei unwirksamer K\u00fcndigung des Versicherungsnehmers, RdW 1988, 316.<\/p>\n\n\n\n<p>23. Zum Ministerialentwurf \u00fcber die \u00c4nderung des Erbrechts des unehelichen Kindes und des Ehegatten, NZ 1988, 274.<\/p>\n\n\n\n<p>24. Die Grenzen des datenschutzrechtlichen Auskunftsbegehrens, RdW 1989, 121.<\/p>\n\n\n\n<p>25. OGH und R\u00fcckw\u00e4rtsversicherung \u2013 Verbesserung des Rechtsschutzes f\u00fcr den Versicherungsnehmer, RdW 1989, 322.<\/p>\n\n\n\n<p>26. Zivilrechtliche Probleme des Polizeibefugnis-Entsch\u00e4digungsgesetzes, JBl 1989, 763.<\/p>\n\n\n\n<p>27. Neues Erbrecht ab 1991, RdW 1990, 70.<\/p>\n\n\n\n<p>28. Nochmals: Zur Ber\u00fccksichtigung von Versicherungsverh\u00e4ltnissen bei der Errichtung von Liegenschafts-Ver\u00e4u\u00dferungsvertr\u00e4gen, NZ 1992, 4.<\/p>\n\n\n\n<p>29. Zum Anwendungsbereich des \u00a7 730 Abs 2 ABGB, NZ 1993, 73.<\/p>\n\n\n\n<p>30. \u00a7 12 Abs 3 MRG und \u00a7 40 MinE zum BWRG \u2013 ein Vergleich zwischen der lex lata und der lex ferenda, wobl 1993, 94.<\/p>\n\n\n\n<p>31. Erbrechtliche Aspekte des Entwurfs eines Privatrechtsstiftungsgesetzes, RdW 1993, 170.<\/p>\n\n\n\n<p>32. K\u00fcndigungsrecht des Versicherungsnehmers aus Anla\u00df einer Verschmelzung? VR 1993, 209.<\/p>\n\n\n\n<p>32a. Privatstiftung und Pflichtteilsrecht, NZ 1993, 251 (teilweiser Parallelabdruck der unter C 5 angef\u00fchrten Arbeit).<\/p>\n\n\n\n<p>33. Gesch\u00e4ftsraummiete und Unternehmens\u00fcbertragung \u2013 Ausgew\u00e4hlte Rechtsfragen der \u00a7\u00a7 12a, 46a MRG idF 3.W\u00c4G, GesRZ 1994, 12.<\/p>\n\n\n\n<p>34. Zum gegenw\u00e4rtigen Diskussionsstand \u00fcber die entscheidende \u00c4nderung der \u201erechtlichen und wirtschaftlichen Einflu\u00dfm\u00f6glichkeiten\u201c (\u00a7 12a Abs 3 MRG), RdW 1994, 168.<\/p>\n\n\n\n<p>35. Nochmals: Warnpflichten bei unwirksamer K\u00fcndigung des Versicherungsnehmers, RdW 1995, 92.<\/p>\n\n\n\n<p>36. Abh\u00e4ngigkeit des Unterbestandverh\u00e4ltnisses vom Hauptbestandvertrag? \u2013 Bemerkungen zu 3 Ob 532\/94, wobl 1996, 25.<\/p>\n\n\n\n<p>37. Seniorenunterk\u00fcnfte und MRG, wobl 1996, 52.<\/p>\n\n\n\n<p>38. Die Aufkl\u00e4rungspflicht nach dem Versicherungsfall in den Kfz-Versicherungen, VR 1996, 93.<\/p>\n\n\n\n<p>39. Bemerkungen zur Bindung des Haftpflichtversicherers an Strafurteile, RdW 1997, 5.<\/p>\n\n\n\n<p>40. \u00a7 8 Abs 3 VersVG und Dauerrabatt, VR 1997, 65.<\/p>\n\n\n\n<p>41. Wertpapierdeckung der Pensionsr\u00fcckstellung und Anspruchssicherung der Arbeitnehmer \u2013 Bemerkungen zu \u00a7\u00a7 9, 11 BPG, GesRZ 1997, 152.<\/p>\n\n\n\n<p>42. Rechtsmi\u00dfbrauch durch gerichtliche Geltendmachung der Arbeitnehmereigenschaft, RdW 1997, 733.<\/p>\n\n\n\n<p>43. Eigentums\u00fcbergang und Ver\u00e4u\u00dferungsanzeige in der Kfz-Haftpflichtversicherung, RdW 1998, 8.<\/p>\n\n\n\n<p>44. Die Bewertung von Vorempfang und Schenkungen bei der Pflichtteilsanrechnung, NZ 1998, 23.<\/p>\n\n\n\n<p>45. \u201eVorsorgevollmacht\u201c f\u00fcr das \u00f6sterreichische Recht? \u2013 Rechtspolitische Bemerkungen zur geplanten Reform des Sachwalterrechts, RZ 1998, 100.<\/p>\n\n\n\n<p>46. Doppelvermietung und Unm\u00f6glichkeit der Leistung, wobl 1998, 365.<\/p>\n\n\n\n<p>47. Aktuelle Entwicklungen in der Rechtsprechung des OGH zu \u00a7 12a MRG, wobl 1999, 39.<\/p>\n\n\n\n<p>48. Die Anpassungsklauseln im Versicherungsvertragsrecht, VR 1999, 21.<\/p>\n\n\n\n<p>49. Die Haftung des Abschlu\u00dfpr\u00fcfers, RdW 1999, 290.<\/p>\n\n\n\n<p>50. Einige Rechtsfragen der obligatorischen Haftpflichtversicherung f\u00fcr Notare, NZ 1999, 305.<\/p>\n\n\n\n<p>51. Verwalterbestellung und konkurrierendes Verwaltungshandeln von Miteigent\u00fcmern, wobl 1999, 384.<\/p>\n\n\n\n<p>52. Die Euro-Umstellung und ihre Auswirkungen auf das Wohnrecht, wobl 2000, 1.<\/p>\n\n\n\n<p>53. Rechtsfragen der Sanierung im Mietrechtsgesetz, Wohnbauforschung in \u00d6sterreich 2000, Heft 1, 3.<\/p>\n\n\n\n<p>54. Wohnungseigent\u00fcmergemeinschaft und KSchG, wobl 2000, 220.<\/p>\n\n\n\n<p>55. Familienstiftung und Unw\u00fcrdigkeit des Beg\u00fcnstigten als Problem des Privatstiftungsrechts, GesRZ 2000, 233.<\/p>\n\n\n\n<p>56. Ist das Pflichtteilsrecht noch zeitgem\u00e4\u00df? NZ 2001, 70.<\/p>\n\n\n\n<p>57. Rechtssystematische Bemerkungen zum Sachwalterrecht idF KindR\u00c4G 2001, NZ 2001, 275.<\/p>\n\n\n\n<p>58. Die Eigent\u00fcmergemeinschaft (\u00a7\u00a7 18 ff WEG 2002), wobl 2002, 135.<\/p>\n\n\n\n<p>59. Anlegerschutz und nachrangiges Kapital, \u00d6BA 2002, 347; gemeinsam mit Univ.-Prof. Dr. Susanne Kalss.<\/p>\n\n\n\n<p>60. Aktuelle Entwicklungen im deutschen Stiftungsrecht, ecolex 2002, 649.<\/p>\n\n\n\n<p>61. Zur Reform des \u00f6sterreichischen Handelsrechts \u2013 <em>Kastners<\/em> Vorschl\u00e4ge und die heutige Perspektive, GesRZ 2003, 3.<\/p>\n\n\n\n<p>62. Grundz\u00fcge der geplanten Handelsrechtsreform, ecolex 2004, 4.<\/p>\n\n\n\n<p>63. Das Sondervertragsrecht der Unternehmer im UGB, JBl 2004, 23.<\/p>\n\n\n\n<p>65. Die Informationspflichten in der Richtlinie \u00fcber den Fernabsatz von Finanzdienstleistungen, VR 2004, 2.<\/p>\n\n\n\n<p>66. Zul\u00e4ssige Vertragsbindung bei Fernw\u00e4rmeliefervertr\u00e4gen im Lichte des Verbraucherschutzrechts, wobl 2004, 133; gemeinsam mit wiss. Mitarbeiterin Mag. Daphne Beig.<\/p>\n\n\n\n<p>67. Geheimnisbruch und Steuerschaden, RdW 2004, 324\/297.<\/p>\n\n\n\n<p>68. \u00a7 12a Abs 3 MRG revisited: Alles zur\u00fcck zum Start?, wobl 2004, 229.<\/p>\n\n\n\n<p>69. 20 Jahre Sachwalterrecht \u2013 Sinn, Zweck und Alternativen, RZ 2004, 206.<\/p>\n\n\n\n<p>70. Grundprobleme bei der Umsetzung von Gemeinschaftsrecht in das innerstaatliche Recht \u2013 die \u00f6sterreichische Erfahrung, \u0130k\u00fc Hukuk Fak\u00fclesi Dergisi (hrsg von der K\u00fclt\u00fcr \u00dcniversitesi \u0130stanbul) 2004 (Cilt: 3, Say\u0131 1-2) 77.<\/p>\n\n\n\n<p>71. Neues zu \u00a7 12a Abs 3 MRG \u2013 oder: Landunter in der Judikatur des 5. Senats, ecolex 2005, 26.<\/p>\n\n\n\n<p>72. Nochmals: Zur zul\u00e4ssigen Vertragsbindung bei Fernw\u00e4rmeliefervertr\u00e4gen, wobl 2005, 45, gemeinsam mit wiss. Mitarbeiterin Mag. Daphne Beig.<\/p>\n\n\n\n<p>73. Neufassung des \u00a7 12a Abs 3 MRG: ein Diskussionsvorschlag, wobl 2005, 169.<\/p>\n\n\n\n<p>74. Die Informationspflichten im neuen Versicherungsvermittlerrecht, VR 2005, 158.<\/p>\n\n\n\n<p>75. GesR\u00c4G 2005: Verbesserungen bei der Corporate Governance \u2013 R\u00fcckschritte bei der Abschlusspr\u00fcfung, Aufsichtsrat aktuell 2005\/5, 4.<\/p>\n\n\n\n<p>76. Handelsrechtsreform: Die Neuerungen im Vierten und im F\u00fcnften Buch, \u00d6JZ 2006, 64.<\/p>\n\n\n\n<p>77. Zur Bestellung eines Sachwalters ausschlie\u00dflich f\u00fcr den Bereich der Personensorge, FamZ 2006, 19.<\/p>\n\n\n\n<p>78. Die Privatstiftung als Funktions\u00e4quivalent der Schenkung auf den Todesfall, ZfS 2006, 52.<\/p>\n\n\n\n<p>79. Abschlusskosten und Lebensversicherung \u2013 ein Blick auf die deutsche Entwicklung, ecolex 2006, 552.<\/p>\n\n\n\n<p>80. Die Reform des Kapitalgesellschaftsrechts, GesRZ 2006, 171; gemeinsam mit Univ.-Prof. Dr. Susanne Kalss.<\/p>\n\n\n\n<p>81. Vorsorgevollmacht und gesetzliche Angeh\u00f6rigenvertretung nach dem SWR\u00c4G 2006, FamZ 2006, 148.<\/p>\n\n\n\n<p>82. Die GmbH in der Unternehmensnachfolge \u2013 der Gesch\u00e4ftsanteil im Spannungsfeld zwischen erbrechtlicher Nachfolge und gesellschaftsvertraglicher Steuerung, in: 100 Jahre GmbH, GesRZ-Spezial 2006, 33.<\/p>\n\n\n\n<p>83. Entwurf eines neuen \u00f6sterreichischen Schadenersatzrechts \u2013 zugleich eine Besprechung des gleichnamigen Buchs, JRP 2006, 276.<\/p>\n\n\n\n<p>84. Az osztr\u00e1k kereskedelmi jog reformja (Die Reform des \u00f6sterreichischen Handelsrechts), Magyar Jog 2007, 118 (\u00fcbersetzt von dr. <em>Buri\u00e1n L\u00e1szl\u00f3<\/em>).<\/p>\n\n\n\n<p>85. Schwerpunkte des Sachwalterrrechts-\u00c4nderungsgesetzes (SWR\u00c4G 2006), \u00d6JZ 2007, 173, 217.<\/p>\n\n\n\n<p>86. Die Reduktionsklausel im Entwurf des \u00f6sterreichischen Schadenersatzrechts, NZ 2007, 129.<\/p>\n\n\n\n<p>87. Entwicklungsperspektiven des Erbrechts in der 23. Gesetzgebungsperiode, JEV 2007, 6.<\/p>\n\n\n\n<p>88. OGH: Schutz der Pflichtteilsberechtigten gegen\u00fcber der Privatstiftung, JEV 2007, 90.<\/p>\n\n\n\n<p>89. Pflegegeld, Bankkonto und gesetzliche Angeh\u00f6rigenvertretung, iFamZ 2008, 13.<\/p>\n\n\n\n<p>90. Contract Law in the Services Directive, ERCL 2008, 1.<\/p>\n\n\n\n<p>91. Deutsche Reform des Erb- und Verj\u00e4hrungsrechts \u2013 ein Vorbild f\u00fcr \u00d6sterreich? JEV 2008, 42.<\/p>\n\n\n\n<p>92. Zu den Vorschl\u00e4gen des Arbeitskreises zur Reform des Schadenersatzrechts: Die Perspektive von au\u00dfen, VR 2008\/7-8, 40.<\/p>\n\n\n\n<p>93. Comments on Duration of Contract and Precautionary Measures, ERA Forum 2008, Supplement 1, 157.<\/p>\n\n\n\n<p>94. Gesetzliche Angeh\u00f6rigenvertretung und Bankgesch\u00e4fte, iFamZ 2009, 20.<\/p>\n\n\n\n<p>95. Aktuelle Entwicklungen im Stiftungsrecht, JEV 2009, 14.<\/p>\n\n\n\n<p>96. Der Schutz der Stifterinteressen im neuen Stiftungsrecht, LJZ 2009, 40.<\/p>\n\n\n\n<p>97. Aktuelle Probleme der \u00dcbergangsbestimmungen im neuen Stiftungsrecht, Liechtenstein Journal 2009, 51; gemeinsam mit Dr. Bernd Hammermann und lic. iur. Marcus Rick.<\/p>\n\n\n\n<p>98. \u201eZahlen gew\u00fcnscht?\u201c \u2013 zur Reichweite der Vertretungsbefugnis n\u00e4chster Angeh\u00f6riger bei Erf\u00fcllungshandlungen, iFamZ 2009, 205.<\/p>\n\n\n\n<p>99. Der relativ absolute Gew\u00e4hrleistungsausschluss \u2013 Bemerkungen zu 9 Ob 3\/09w, \u00d6JZ 2009, 733.<\/p>\n\n\n\n<p>100. And Sometimes They Do Come Back \u2026 \u2013 Bemerkungen zur Neufassung des \u00a7 279 Abs 5 ABGB, iFamZ 2009, 287.<\/p>\n\n\n\n<p>101. Zur Auslegung von AVB als methodisches Problem, VR 2009\/9, 16.<\/p>\n\n\n\n<p>101a. Grundelemente des neuen liechtensteinischen Stiftungsrecht, PSR 2009, 16 (Parallelabdruck der unter C. 45 angef\u00fchrten Arbeit).<\/p>\n\n\n\n<p>102. Freie Anwaltswahl in der Rechtsschutzversicherung \u2013 der Fall Eschig\/Uniqa vor dem EuGH, RdW 2009\/714, 702.<\/p>\n\n\n\n<p>103. Pr\u00e4mienanpassung und K\u00fcndigung in der Kfz-Haftpflichtversicherung, ZVR 2009, 427.<\/p>\n\n\n\n<p>104. Whistleblowing in Liechtenstein \u2013 m\u00fcssen Finanzdienstleister ihre Kunden bei Datendiebstahl warnen? RdW 2010\/139, 136.<\/p>\n\n\n\n<p>105. Verm\u00f6gensplanung \u2013 das liechtensteinische Recht als Gestaltungsalternative, JEV 2010, 6.<\/p>\n\n\n\n<p>106. Das neue liechtensteinische Stiftungsrecht, ZEuP 2010, 338.<\/p>\n\n\n\n<p>107. Fundamental rights in Austrian Civil Law, \u010casopsis pro pr\u00e1vn\u00ed v\u0115du a praxi 2010\/1, 17.<\/p>\n\n\n\n<p>108. Fluggast oder Pilot \u2013 zur Beweislastverteilung im Versicherungsrecht am Beispiel von OGH 7 Ob 149\/09a, \u00d6JZ 2010\/72, 688.<\/p>\n\n\n\n<p>109. Die neue Gruppenfreistellungsverordnung f\u00fcr den Versicherungssektor, VR 2010\/7-8, 19.<\/p>\n\n\n\n<p>110. Unfallbegriff und Vorerkrankung \u2013 Bemerkungen zu OGH 7 Ob 130\/09g, VR 2010\/10, 20.<\/p>\n\n\n\n<p>111. Zertifikate statt Aktien: Das Aliud als Ausweg? RdW 2011\/8, 3.<\/p>\n\n\n\n<p>112. Der Dauerrabatt beim Versicherungsvertrag nach der E OGH 7 Ob 266\/09g, RdW 2011\/261, 267.<\/p>\n\n\n\n<p>112. Die VersVG-Novelle 2011 \u2013 Grundlagen und Neuerungen, VR 2011\/7-8, 28.<\/p>\n\n\n\n<p>113. Das UN-\u00dcbereinkommen \u00fcber die Behindertenrechte und das \u00f6sterreichische Sachwalterrecht, iFamZ 2011, 258.<\/p>\n\n\n\n<p>113a. Das neue Stiftungsrecht in der Praxis \u2013 eine erste Zwischenbilanz unter besonderer Ber\u00fccksichtigung der Rechtsprechung, Liechtenstein Journal 2011, 91 (Parallelabdruck der unter C. 62 angef\u00fchrten Arbeit).<\/p>\n\n\n\n<p>113b. 200 Jahre und immer noch weise? \u2013 Von der Lebenskraft des ABGB heute, JBl 2012, 23 (Parallelver\u00f6ffentlichung der unter C. 63 angef\u00fchrten Arbeit).<\/p>\n\n\n\n<p>114. Strukturmerkmale des Diskussionsentwurfes zur GesBR und Reflexionen \u00fcber die Kritik, GES 2012, 51.<\/p>\n\n\n\n<p>114a. Das ABGB \u2013 Wesensmerkmale, Perspektiven und heutige Standortbestimmung, \u00d6JZ 2012, 245 (Parallelabdruck der unter C. 65 angef\u00fchrten Arbeit).<\/p>\n\n\n\n<p>115. Der geschiedene Ehegatte als Testamentserbe, iFamZ 2012, 145.<\/p>\n\n\n\n<p>116. Geplante Neuregelung der Geldschuld und des unternehmerischen Zahlungsverzugs, RdW 2012\/267, 262 (gemeinsam mit Univ.-Ass. Dr. <em>Daphne Aichberger-Beig<\/em>).<\/p>\n\n\n\n<p>117. Das heitere Erbrechtsraten aus Br\u00fcssel \u2013 Neues zur Erbrechts-Verordnung, ecolex 2012, 575.<\/p>\n\n\n\n<p>118. Die neue Erbrechts-VO der Europ\u00e4ischen Union, JEV 2012, 78.<\/p>\n\n\n\n<p>118a. Europ\u00e4isches Nachlasszeugnis, EF-Z 2012, 245 (gek\u00fcrzte Fassung der unter C. 69 angef\u00fchrten Arbeit).<\/p>\n\n\n\n<p>119. Der EuGH und die erg\u00e4nzende Vertragsauslegung \u2013 Konsequenzen der Entscheidung C-618\/10 (Banesto), RdW 2012\/673, 639.<\/p>\n\n\n\n<p>120. Die unternehmerisch t\u00e4tige Personengesellschaft zwischen Rechnungslegungsrecht und Immobilienrecht, wobl 2013, 1.<\/p>\n\n\n\n<p>121. Die Versicherung von Menschen mit Behinderung \u2013 erste Gedanken zu \u00a7 1d VersVG, VR 2013\/1-2, 16.<\/p>\n\n\n\n<p>122. Intergenerational transfer of wealth from a comparative perspective \u2013 different solutions to a complex problem, Ricerche guiridiche II\/1 supplemento (2013) 337.<\/p>\n\n\n\n<p>123. Rechtspolitische Perspektiven im Recht der Personengesellschaften: das Beispiel \u00d6sterreichs, ZGR 2014, 143.<\/p>\n\n\n\n<p>124. Die Grundz\u00fcge der GesbR-Reform, SWK 2014, 1549 (gemeinsam mit Mag. Marlene Hofmair).<\/p>\n\n\n\n<p>126. Reichweite der stiftungsrechtlichen Zuwendungssperre, PSR 2015\/4, 14 (gemeinsam mit Mag. Bernhard Motal).<\/p>\n\n\n\n<p>127. Erbrechtsreform: Paradigmenwechsel oder Window Dressing?, JEV 2015, 40 (gemeinsam mit Mag. Bernhard Motal, Mag. Sebastian Reiter, Mag. Marlene Hofmair, Mag. Sebastian W\u00f6ss).<\/p>\n\n\n\n<p>128. 2006 bis 2015: 10 Jahre Sachwalterrecht im Spiegel der iFamZ, iFamZ 2015, 97.<\/p>\n\n\n\n<p>129. Culpa in contrahendo und \u00a7 12 Abs 3 VersVG, VbR 2015\/80, 111.<\/p>\n\n\n\n<p>130. Das Pflichtteilsrecht im Entwurf der Erbrechtsreform, UnternehmerCircle 2015\/3, 10.<\/p>\n\n\n\n<p>131. Pflichtteilslose Rechtsordnung und ordre public, EF-Z 2016\/7, 33.<\/p>\n\n\n\n<p>132. Europ\u00e4ische Erbrechtsverordnung \u2013 Grundlagen und anzuwendendes Recht, AnwBl 2016, 254.<\/p>\n\n\n\n<p>133. Das neue Erbrecht \u2013 Grundlegende Wertungen und ausgew\u00e4hlte Einzelfragen, \u00d6JZ 2017\/7, 53.<\/p>\n\n\n\n<p>134. Sp\u00e4tr\u00fccktritt in der Lebensversicherung \u2013 die Entscheidung EuGH Endress\/Allianz und ihre Konsequenzen f\u00fcr das \u00f6sterreichische Recht, VR 2017 H 1\/2, 33.<\/p>\n\n\n\n<p>135. Die vier S\u00e4ulen des Erwachsenenschutzrechts. iFamZ 2017, 148.<\/p>\n\n\n\n<p>136. Von der Sachwalterschaft zum Erwachsenenschutz \u2013 ein \u00dcberblick \u00fcber die neue Rechtslage, SWK 2017, 1141.<\/p>\n\n\n\n<p>137. Wider den Missbrauch im Privatstiftungsrecht \u2013 Bemerkungen zu 6 Ob 122\/16h, Festheft f\u00fcr Maximilian Eiselsberg, ZfS 2017, 156.<\/p>\n\n\n\n<p>138. Die liechtensteinische Stiftung: Stiftungszweck und Verm\u00f6genstransfer, SWI 2018, 297.<\/p>\n\n\n\n<p>139. Die liechtensteinische Stiftung: Stifterwille und Pflichten des Stiftungsrats, JEV 2018, 49.<\/p>\n\n\n\n<p>140. Die Machtbalance zwischen Stifter, Stiftungsrat und Beg\u00fcnstigtem im liechtensteinischen Stiftungsrecht, ZfS 2018, 31.<\/p>\n\n\n\n<p>141. Grenzen der Segmentierung \u2013 aus der Sicht des Zivil- und Versicherungsrechts, VR 2018\/7-8, 56.<\/p>\n\n\n\n<p>142. VersVG novelliert: R\u00fccktrittsrecht und R\u00fcckkaufswertberechnung neu, \u00d6JZ 2018\/132, 1037.<\/p>\n\n\n\n<p>143. Nachlassplanung und Erwachsenenschutzrecht, Geburtstagsheft f\u00fcr Peter Doralt, GesRZ 2019, 106.<\/p>\n\n\n\n<p>144. Von <em>Endress<\/em> zu <em>Rust-Hackner et alii<\/em>: die Schlussantr\u00e4ge der Generalanw\u00e4ltin, \u00d6JZ 2019\/121, 993.<\/p>\n\n\n\n<p>145. Nebenvertr\u00e4ge zum Kauf im Umgr\u00fcndungsrecht, \u00d6JZ 2020\/20, 153.<\/p>\n\n\n\n<p>146. Schiedsgerichtsbarkeit: Reform in der 27. Gesetzgebungsperiode, ecolex 2020, 109 (gemeinsam mit Univ.-Prof. Dr. Astrid Deixler-H\u00fcbner).<\/p>\n\n\n\n<p>147. Der Erwerb des GmbH-Gesch\u00e4ftsanteils durch die Erbengemeinschaft, ecolex 2020, 207.<\/p>\n\n\n\n<p>148. Familien- und Erbrecht: Neue Chancen f\u00fcr die Schiedsgerichtsbarkeit?, AnwBl 2020, 230 (gemeinsam mit Univ.-Prof. Dr. Astrid Deixler-H\u00fcbner).<\/p>\n\n\n\n<p>149. Die Verfehlung des Stiftungszwecks und ihre Folgen \u2013 Anmerkungen zu OGH 08.CG.2015.438, LJZ 2020, 165.<\/p>\n\n\n\n<p>150. Das R\u00fccktrittsrecht des Versicherungsnehmers nach der Entscheidung des EuGH in der Rechtssache Rust-Hackner, ZVers 2020, 169.<\/p>\n\n\n\n<p>151. Verteilungsgerechtigkeit und Erbrecht: Generationengerechtigkeit, AcP 220 (2020) 784.<\/p>\n\n\n\n<p>152. Die Judikatur des OGH zur Formung\u00fcltigkeit fremdh\u00e4ndiger Testamente \u2013 haftungsrechtliche Folgen f\u00fcr das Notariat?, NZ 2021, 218.<\/p>\n\n\n\n<p>153. Transparenzgebot, erg\u00e4nzende Vertragsauslegung und die Judikatur, VR 2021\/6, 33.<\/p>\n\n\n\n<p>154. Pflichtteil und ordre public, Rechtswahl, Trustverm\u00f6gen \u2013 Anmerkungen zu OGH 2 Ob 214\/20i, NZ 2021, 330.<\/p>\n\n\n\n<p>155. Transparenzgebot, die Wievielte? Vom Rentenwahlrecht zur Kinderpr\u00e4mie, ZVers 2022, 1.<\/p>\n\n\n\n<p>156. Umgekehrter Haftungsdurchgriff und Deliktsf\u00e4higkeit im liechtensteinischen IPR, LJZ 2022, 55.<\/p>\n\n\n\n<p>157. Rechtfertigt der Zweck die Mittel? &#8211; Gesellschaftsinteresse und Korruption, GRAU 2022, 49.<\/p>\n\n\n\n<p>158. Postmortales Abstammungsrecht und Pflichtteilsanspruchsverj\u00e4hrung, NZ 2022, 374 (gemeinsam mit Mag. Matth\u00e4us Uitz).<\/p>\n\n\n\n<p>159. Vertrauensschutz im Vertretungsrecht und Zurechnung von Organwissen \u2013 Anmerkungen zu OGH 08 CG.2018.269 vom 04.02.2022, LJZ 2022, 168.<\/p>\n\n\n\n<p>160. Der Rechtsberater als gerichtlicher Erwachsenenvertreter \u2013 die \u00dcbernahmepflicht und ihre Grenzen, \u00d6JZ 2022, 1058.<\/p>\n\n\n\n<p>161. Anpassung von Arbeitsvertr\u00e4gen durch Vereinbarungen oder Gestaltungsrechte, ZAS 2023\/3, 9.<\/p>\n\n\n\n<p>162. Unvereinbarkeit von Beg\u00fcnstigung und Stiftungsrat \u2013 \u00d6sterreich und Liechtenstein im Rechtsvergleich, JEV 2023, 81.<\/p>\n\n\n\n<p>162a. Unvereinbarkeit von Beg\u00fcnstigung und Stiftungsrat \u2013 \u00d6sterreich und Liechtenstein im Rechtsvergleich, LJZ 2023, 220; Parallelver\u00f6ffentlichung der unter D. 162 angef\u00fchrten Arbeit.<\/p>\n\n\n\n<p>163. Fehlerhafte Beendigung einer Stiftung und Organstellung \u2013 eine Untersuchung nach liechtensteinischem Recht, PSR 2023, 156.<\/p>\n\n\n\n<p>164. Private foundations in Austria \u2013 between consolidation and reform (gemeinsam mit Dr. Michael Nueber), Trust &amp; Trustees 2024 (in Druck).<\/p>\n\n\n\n<p>165. Die AVB-Kontrolle von Datenschutzhinweisen \u2013 dargestellt am Beispiel von OGH 23.11.2022, 7 Ob 112\/22d. ZVers 2024, 53.<\/p>\n\n\n\n<h3 class=\"wp-block-heading\">E. Entscheidungsbesprechungen<\/h3>\n\n\n\n<div style=\"height:24px\" aria-hidden=\"true\" class=\"wp-block-spacer\"><\/div>\n\n\n\n<p>1. ZAS 1981\/26, Wissenserkl\u00e4rung im Arbeitsrecht.<\/p>\n\n\n\n<p>2. RdA 1984, 460, Widersprechende Gesellschaftererkl\u00e4rungen bei der OHG.<\/p>\n\n\n\n<p>3. RdW 1986, 369, Anwendungsbereich des MRG.<\/p>\n\n\n\n<p>4. ZAS 1988\/19, Gesundheitssch\u00e4digung als Austrittsgrund.<\/p>\n\n\n\n<p>5. RdW 1989, 329, Auslegung von AVB nach der Unklarheitenregel.<\/p>\n\n\n\n<p>6. \u00d6BA 1990, 1013, Inhaltskontrolle bei Sparbuch-AGB.<\/p>\n\n\n\n<p>7. ZAS 1990\/19, Betriebs\u00fcbung bei Gebietsk\u00f6rperschaft, gemeinsam mit <em>Veronika Kozak<\/em>.<\/p>\n\n\n\n<p>8. RdW 1991, 110, Versicherungsfall in der Haftpflichtversicherung.<\/p>\n\n\n\n<p>9. RdW 1991, 112, Umfang der Betriebshaftpflichtversicherung.<\/p>\n\n\n\n<p>10. JBl 1993, 50, Verletzung der vorvertraglichen Anzeigepflichten bei der Unfallversicherung.<\/p>\n\n\n\n<p>11. \u00d6BA 1993\/414, 921, Regre\u00df des Kreditversicherers gegen den B\u00fcrgen.<\/p>\n\n\n\n<p>12. \u00d6ZW 1994, 83, Vorspannangebot.<\/p>\n\n\n\n<p>13. \u00d6BA 1995\/518, 978, Haftungsbegrenzung bei Verletzung der Notifikationspflicht (Art 45 WG).<\/p>\n\n\n\n<p>14. wobl 1996, 238\/80, Offenkundige Dienstbarkeit.<\/p>\n\n\n\n<p>15. JBl 1997, 100, Regre\u00df des Kfz-Haftpflichtversicherers bei freiwilliger Versicherung.<\/p>\n\n\n\n<p>16. wobl 1998, 83\/53, Anspruchsverlust wegen unterlassener Geltendmachung einer Wertsicherung.<\/p>\n\n\n\n<p>17. wobl 1999, 88\/43, Entscheidende \u00c4nderung der rechtlichen und wirtschaftlichen Einflu\u00dfm\u00f6glichkeiten iSd \u00a7 12a Abs 3 MRG in einer GmbH.<\/p>\n\n\n\n<p>18. wobl 2000, 79\/33, Hinzutritt eines Kommanditisten als entscheidende \u00c4nderung der rechtlichen und wirtschaftlichen Einflu\u00dfm\u00f6glichkeiten iSd \u00a7 12a Abs 3 MRG.<\/p>\n\n\n\n<p>19. wobl 2001, 317\/196, Keine entscheidende \u00c4nderung der rechtlichen und wirtschaftlichen Einflussm\u00f6glichkeiten in einer AG bei Platzierung der Aktienmehrheit im Publikum.<\/p>\n\n\n\n<p>20. NZ 2003, 179, Schenkungsanrechnung und Stiftung.<\/p>\n\n\n\n<p>21. wobl 2003, 337\/183, Eigent\u00fcmergemeinschaft als Verbraucher.<\/p>\n\n\n\n<p>22. wobl 2005, 132\/36, Anteilserwerb durch Ehegatten und Mietzinserh\u00f6hung.<\/p>\n\n\n\n<p>23. wobl 2005, 247\/87, Treuepflicht und Rechtsmissbrauch bei der Eigent\u00fcmergemeinschaft.<\/p>\n\n\n\n<p>24. wobl 2005, 308\/109, Super\u00e4difikat und analoge Anwendung des MRG.<\/p>\n\n\n\n<p>25. wobl 2006, 55\/12, Bestandvertrag im Einkaufszentrum.<\/p>\n\n\n\n<p>26. wobl 2006, 31\/99, Missbrauch von Vertretungsmacht bei der GmbH.<\/p>\n\n\n\n<p>27. wobl 2007, 161\/66, \u00dcbergangsrecht im MRG.<\/p>\n\n\n\n<p>28. GesRZ 2007, 204, Mietzinserh\u00f6hung bei Verschmelzung.<\/p>\n\n\n\n<p>29. wobl 2007, 247\/96, Mietzinserh\u00f6hung und \u201eMachtwechsel\u201c.<\/p>\n\n\n\n<p>30. wobl 2008, 265\/88, Kein \u201eMachtwechsel\u201c bei Aufstockung einer Mehrheitsbeteiligung.<\/p>\n\n\n\n<p>31. wobl 2009, 36\/14, Mietzinserh\u00f6hung beim Unternehmenserwerb im Konkurs.<\/p>\n\n\n\n<p>32. wobl 2009, 84\/38, Mietzinserh\u00f6hung und EVB.<\/p>\n\n\n\n<p>33. iFamZ 2009, 155\/116, Subsidiarit\u00e4t der Sachwalterbestellung und Vollmacht.<\/p>\n\n\n\n<p>34. wobl 2009, 243\/84, Existenzvernichtung als K\u00fcndigungsgrund im MRG.<\/p>\n\n\n\n<p>35. Liechtenstein Journal 2009, 133, Befugnisse des Beg\u00fcnstigtenbeirats und Beg\u00fcnstigtenvertreter im Stiftungsvorstand.<\/p>\n\n\n\n<p>36. iFamZ 2010, 24\/20, Rechtsmittelbefugnis des Betroffenen bei Uneinigkeit mit dem Sachwalter.<\/p>\n\n\n\n<p>37. wobl 2010, 146\/69, Haftung des Unternehmenserwerbers beim Erwerb aus der Konkursmasse f\u00fcr Mietzinsverbindlichkeiten.<\/p>\n\n\n\n<p>38. wobl 2010, 149\/70, Mietzinserh\u00f6hung bei Unternehmensverpachtung und Altvertrag.<\/p>\n\n\n\n<p>39. iFamZ 2010, 199\/149, pflegschaftsgerichtliche Genehmigung einer Klage.<\/p>\n\n\n\n<p>40. wobl 2010, 276\/127, \u201eMachtwechsel\u201c in der Mietergesellschaft, Anzeigepflicht und Schadenersatz<\/p>\n\n\n\n<p>41. ZAS 2010, 326\/52, keine rechtsmissbr\u00e4uchliche Berufung auf Arbeitnehmereigenschaft.<\/p>\n\n\n\n<p>42. wobl 2011, 15\/7, Weisung der Eigent\u00fcmergemeinschaft an den Verwalter.<\/p>\n\n\n\n<p>43. GesRZ 2011, 312, Schadenersatz bei Verletzung der Anzeigepflicht nach \u00a7 12a MRG.<\/p>\n\n\n\n<p>44. wobl 2011, 321\/124, Mietzinsanhebung bei Sanierung eines gespaltenen Mietverh\u00e4ltnisses.<\/p>\n\n\n\n<p>45. wobl 2012, 327\/93, Anhebungsbegehren des Vermieters bei Unternehmensver\u00e4u\u00dferung.<\/p>\n\n\n\n<p>46. wobl 2012, 330\/94, Ausscheiden eines Mitmieters und Mietzinsanhebung.<\/p>\n\n\n\n<p>47. iFamZ 2013\/55, 95, Bestellung eines Sachwaltervereins zum Sachwalter nur mit dessen Zustimmung.<\/p>\n\n\n\n<p>48. GesRZ 2013, 294, keine Mietzinsanhebung bei Ver\u00e4u\u00dferung von Minderheitsbeteiligungen.<\/p>\n\n\n\n<p>49. GesRZ 2017, 113, Verj\u00e4hrung des Ausgleichsanspruchs im Liquidationsverfahren.<\/p>\n\n\n\n<p>50. GesRZ 2018, 238, Anspr\u00fcche des Gesellschafters im Liquidationsverfahren.<\/p>\n\n\n\n<p>51. GesRZ 2020, 221, Anspruch auf Rechnungslegung im Liquidationsverfahren.<\/p>\n\n\n\n<p>52. r+s 2020, 697, COVID-19 und Betriebsunterbrechungsversicherung.<\/p>\n\n\n\n<p>53. ZFR 2021\/9, 34, Scheidungsfolgenvergleich und Lebensversicherung.<\/p>\n\n\n\n<p>54. ZVers 2021, 133, COVID-19 und Betriebsunterbrechungsversicherung.<\/p>\n\n\n\n<p>55. ecolex 2021, 925, Schiedsklausel in Stiftungserkl\u00e4rung.<\/p>\n\n\n\n<p>56. GesRZ 2022, 239, Gesellschaftszweck und GesbR.<\/p>\n\n\n\n<h3 class=\"wp-block-heading\">F. Buchbesprechungen<\/h3>\n\n\n\n<div style=\"height:24px\" aria-hidden=\"true\" class=\"wp-block-spacer\"><\/div>\n\n\n\n<p>1.<em> Floretta<\/em> (Hrsg), Das neue Ehe- und Kindschaftsrecht, ZAS 1980, 157.<\/p>\n\n\n\n<p>2. <em>Grillberger\/Strasser<\/em>, Schadenshaftung der Gemeinde f\u00fcr ausgegliederte Unternehmen, ZfV 1986, 571.<\/p>\n\n\n\n<p>3. <em>H\u00f6rzinger\/Ungeringer\/Zitta<\/em>, Schmerzengeld und Verunstaltungsentsch\u00e4digung, ZfV 1988, 236.<\/p>\n\n\n\n<p>4. <em>Fenyves<\/em>, Versicherungsrechtliche Entscheidungssammlung (VersE) Band I, JBl 1991, 270.<\/p>\n\n\n\n<p>5. <em>Riedler<\/em>, Der Pr\u00e4mienzahlungsverzug bei Erst- und Folgepr\u00e4mie, JBl 1991, 679.<\/p>\n\n\n\n<p>6. <em>Grubmann\/Grubmann<\/em>, Das Versicherungsvertragsgesetz<sup>3<\/sup>, JBl 1991, 814.<\/p>\n\n\n\n<p>7. <em>H\u00e4mmerle\/W\u00fcnsch<\/em>, Handelsrecht<sup>4<\/sup> I und II, ZHR 157 (1993) 522.<\/p>\n\n\n\n<p>8. <em>Grassl-Palten<\/em>, Feuerversicherung und Realkredit, JBl 1994, 776.<\/p>\n\n\n\n<p>9. <em>Pfanzelt<\/em>, Mietrechts\u00fcbergang und Unternehmensver\u00e4u\u00dferung, JBl 1994, 847.<\/p>\n\n\n\n<p>10. <em>Feil<\/em>, Privatstiftungsgesetz, \u00d6ZW 1994, 125.<\/p>\n\n\n\n<p>11. <em>Rudisch<\/em>, \u00d6sterreichisches internationales Versicherungsvertragsrecht, JBl 1996, 342.<\/p>\n\n\n\n<p>12. <em>Straube<\/em> (Hrsg), Kommentar zum Handelsgesetzbuch<sup>2<\/sup> Band I, JBl 1996, 814.<\/p>\n\n\n\n<p>13. <em>Enzinger<\/em>, Mehrheitsbeschl\u00fcsse bei Personengesellschaften, \u00d6ZW 1998, 29.<\/p>\n\n\n\n<p>14. <em>Koppensteiner<\/em> (Hrsg), \u00d6sterreichisches und europ\u00e4isches Wirtschaftsprivatrecht, Teil 6\/2: Wettbewerbsrecht \u2013 UWG, JBl 1999, 339.<\/p>\n\n\n\n<p>15. <em>Illedits<\/em>, Das Wohnungseigentum, und <em>Palten<\/em>, Wohnungseigentumsrecht, JBl 1999, 549.<\/p>\n\n\n\n<p>16. <em>Stabentheiner<\/em> (Hrsg), Mietrecht in Europa, JRP 1999, 224.<\/p>\n\n\n\n<p>17. <em>Palten<\/em>, Wohnungseigentum \u2013 Besonderheiten im Mietrecht, JBl 2001, 271.<\/p>\n\n\n\n<p>18. <em>Straube<\/em> (Hrsg), Kommentar zum Handelsgesetzbuch<sup>2<\/sup> Band II, JBl 2002, 472.<\/p>\n\n\n\n<p>19. <em>Apathy<\/em> (Hrsg), B\u00fcrgerliches Recht I \u2013 VI, VIII, JBl 2002, 676.<\/p>\n\n\n\n<p>20. <em>Hausmann\/Vonkilch<\/em> (Hrsg), \u00d6sterreichisches Wohnrecht, Kommentar, 1. Grundlieferung, JBl 2002, 813.<\/p>\n\n\n\n<p>21. <em>Koppensteiner<\/em> (Hrsg), \u00d6sterreichisches und europ\u00e4isches Wirtschaftsprivatrecht, Teil 3\/2: Versicherungsvertragsrecht, JBl 2003, 63.<\/p>\n\n\n\n<p>22. <em>Koch<\/em>, Unterlassungsanspr\u00fcche aus mietvertraglichen Verboten, JBl 2003, 604.<\/p>\n\n\n\n<p>23. <em>Hochedlinger<\/em>, Die \u00dcbertragung von Gesellschaftsanteilen, Unternehmen und Betrieben bei Personenhandelsgesellschaften unter besonderer Ber\u00fccksichtigung der Bestimmung des \u00a7 142 HGB, JBl 2003, 675.<\/p>\n\n\n\n<p>24. <em>Apathy<\/em> (Hrsg), B\u00fcrgerliches Recht II, IV, V (alle 2. Auflage) und VII (3. Auflage), JBl 2004, 672.<\/p>\n\n\n\n<p>25. <em>Hausmann\/Vonkilch<\/em> (Hrsg), \u00d6sterreichisches Wohnrecht, Kommentar, 2. Grundlieferung und 1. Erg\u00e4nzungslieferung, JBl 2004, 674.<\/p>\n\n\n\n<p>26. <em>Ostermayer<\/em>, Mietrecht, JBl 2004, 808.<\/p>\n\n\n\n<p>27. <em>Straube<\/em> (Hrsg), Kommentar zum Handelsgesetzbuch<sup>3<\/sup> Band I, JBl 2004, 604.<\/p>\n\n\n\n<p>28. <em>Fessler\/Keller<\/em>, VerG \u2013 Kommentar zum Vereinsgesetz 2002, JBl 2005, 747.<\/p>\n\n\n\n<p>29. <em>Hausmann\/Vonkilch<\/em> (Hrsg), \u00d6sterreichisches Wohnrecht, Kommentar, 2. Erg\u00e4nzungslieferung, JBl 2006, 269.<\/p>\n\n\n\n<p>30. <em>Koch, B. A.<\/em> (ed.), Terrorism, Tort Law and Insurance. A Comparative Survey, JBl 2006, 402.<\/p>\n\n\n\n<p>31. <em>Barth\/Ganner<\/em> (Hrsg), Handbuch des Sachwalterrechts, \u00d6JZ 2007, 839.<\/p>\n\n\n\n<p>32. <em>Koziol<\/em>, Zurechnung ungetreuer Bank-Mitarbeiter, JBl 2008, 65.<\/p>\n\n\n\n<p>33. <em>Schwintowski\/Br\u00f6mmelmeyer<\/em> (Hrsg), Praxiskommentar zum Versicherungsvertragsrecht, VR 2008\/9, 38.<\/p>\n\n\n\n<p>34. <em>Apathy<\/em> (Hrsg), B\u00fcrgerliches Recht I (4. Auflage), II, III, IV, V, VI (alle 3. Auflage) und Pr\u00fcfungstraining (2. Auflage), JBl 2010, 405.<\/p>\n\n\n\n<p>35. <em>Grubmann<\/em>, KHVG, 3. Auflage, \u00d6JZ 2010, 621.<\/p>\n\n\n\n<p>36. <em>Hausmann\/Vonkilch<\/em> (Hrsg), \u00d6sterreichisches Wohnrecht, Band MRG und Band WEG, JBl 2011, 814.<\/p>\n\n\n\n<p>37. <em>\u00d6sterreichische Notariatskammer<\/em> (Hrsg), Festschrift f\u00fcr Klaus Woschnak, JBl 2012, 400.<\/p>\n\n\n\n<p>38. <em>Langheid\/Wandt<\/em> (Hrsg), M\u00fcnchener Kommentar zum Versicherungsvertragsgesetz, \u00d6JZ 2012, 1028.<\/p>\n\n\n\n<p>39. <em>Oberhumer<\/em>, Unternehmen und Gesellschaftsanteile in der nachehelichen Verm\u00f6gensaufteilung, iFamZ 2014, 92.<\/p>\n\n\n\n<p>40. <em>Hausmann\/Vonkilch<\/em> (Hrsg), \u00d6sterreichisches Wohnrecht<sup>3<\/sup>, 2 B\u00e4nde, JBl 2014, 611.<\/p>\n\n\n\n<p>41. <em>Grubmann<\/em>, KHVG, 4. Auflage, \u00d6JZ 2016, 1121.<\/p>\n\n\n\n<p>42. <em>Tamerl<\/em>, Die Mitmiete, JBl 2021, 347.<\/p>\n\n\n\n<h3 class=\"wp-block-heading\">G. Sonstiges<\/h3>\n\n\n\n<div style=\"height:24px\" aria-hidden=\"true\" class=\"wp-block-spacer\"><\/div>\n\n\n\n<p>1. Bericht \u00fcber die \u00f6sterreichischen Beitr\u00e4ge zum 2. deutsch \u2013 \u00f6sterreichischen Symposium zum Gesellschaftsrecht: Entwicklungen im GmbH-Konzernrecht (Landshut, 21. und 22. Februar 1986), GesRZ 1986, 358.<\/p>\n\n\n\n<p>2. Forschungsschwerpunkt: Rechtsentwicklung in den Reforml\u00e4ndern, \u00d6HZ 1992, H 10, 22.<\/p>\n\n\n\n<p>3. Diskussionsbericht zum 2. Abschnitt des 4. deutsch \u2013 \u00f6sterreichischen Symposions zum Gesellschaftsrecht (L\u00e4mmerbuckel, 22. und 23. Oktober 1993), Sonderheft der ZGR 12 (1994) 112.<\/p>\n\n\n\n<p>4. \u201eAllgemeine Grundlagen\u201c und \u201eKaufmannsbegriff\u201c, in Doralt\/Nowotny\/Schauer (Hrsg), Skriptum \u201eGrundz\u00fcge des Privatrechts\u201c, Handelsrecht I (1995), zuletzt 4. Auflage (1999) 1 ff, 13 ff.<\/p>\n\n\n\n<p>5. \u201eEinf\u00fchrung\u201c, \u201ePersonenrecht\u201c, \u201eRechtsgesch\u00e4ft\u201c \u201eVertragsabschlu\u00df\u201c und \u201eVereinbarungen zur Verst\u00e4rkung und Abschw\u00e4chung vertraglicher Pflichten\u201c, in Doralt\/Nowotny\/Schauer (Hrsg), Skriptum \u201eGrundz\u00fcge des Privatrechts\u201c, B\u00fcrgerliches Recht I (1997), zuletzt 3. Auflage (1999) 1 ff, 20 ff, 26 ff, 39 ff, 132 ff.<\/p>\n\n\n\n<p>6. \u201eBestandvertrag\u201c, \u201eSchadenersatzrecht\u201c in Doralt\/Nowotny\/Schauer (Hrsg), Skriptum \u201eGrundz\u00fcge des Privatrechts\u201c, B\u00fcrgerliches Recht II (1997), zuletzt 3. Auflage (1999) 18 ff, 33 ff.<\/p>\n\n\n\n<p>7. \u201eGrundbegriffe des Schadenersatzrecht\u201c und \u201eAllgemeine Bestimmungen des Versicherungsvertragsrechts\u201c, in: Bildungswerk der \u00f6sterreichischen Versicherungswirtschaft (Hrsg), Versicherungshandbuch (1997 ff) 1 ff, 33 ff; letzte Aktualisierung M\u00e4rz 2006.<\/p>\n\n\n\n<p>8. Inhaltliche Gesamtzusammenfassung, in: Bundesministerium f\u00fcr Justiz (Hrsg), Erneuerung des Wohnrechts (2000) (Schlusswort bei dem am 11. und 12. November 1999 in Schloss Laxenburg veranstalteten Symposium).<\/p>\n\n\n\n<p>9. Sanierung und Mietrechtsgesetz, in Bau &amp; Immobilien Report, 2000\/4, 14.<\/p>\n\n\n\n<p>10. Ein paar Worte zum b\u00fcrgerlichen Recht als Pr\u00fcfungsfach, JAP 2001\/2002, 260.<\/p>\n\n\n\n<p>11. \u00d6sterreichisches Handels- und Gesellschaftsrecht, Skriptum f\u00fcr Educatis Internet Business School, ca 155 Seiten (gemeinsam mit Univ.-Prof. Dr. Susanne Kalss).<\/p>\n\n\n\n<p>12. Diplompr\u00fcfung aus B\u00fcrgerlichem Recht, JAP 2002\/2003, 44 (gemeinsam mit o. Univ.-Prof. Dr. Hans Hoyer und Ass.-Prof. Dr. Alexander Reidinger).<\/p>\n\n\n\n<p>13. Diplompr\u00fcfung aus B\u00fcrgerlichem Recht, JAP 2002\/2003, 165 (gemeinsam mit o. Univ.-Prof. Dr. Hans Hoyer und Univ.-Ass. Dr. Claudia Rudolf).<\/p>\n\n\n\n<p>14. Stifterwille und Erbrecht, Stiftungsservice 2003 (1. Quartal), 10.<\/p>\n\n\n\n<p>15. Die Richtlinie \u00fcber den Fernabsatz von Finanzdienstleistungen (Einf\u00fchrung in das Thema), VR 2004, 1.<\/p>\n\n\n\n<p>16. Gerfried Fischer zum 65. Geburtstag, RdM 2005, 95 (gemeinsam mit Univ.-Prof. Dr. Paul Oberhammer).<\/p>\n\n\n\n<p>17. Arbeitsgruppe \u201eRegister f\u00fcr Mobiliarsicherheiten\u201c: ein Zwischenbericht, NZ 2005, 192.<\/p>\n\n\n\n<p>18. Privatstiftung: Typische Konfliktf\u00e4lle aus familien- und erbrechtlicher Sicht, Stiftungsservice 2006 (1. Quartal), 15.<\/p>\n\n\n\n<p>19. Diplompr\u00fcfung aus B\u00fcrgerlichem Recht, JAP 2005\/2006, 253, JAP 2006\/2007, 61 (gemeinsam mit Univ.-Prof. Dr. Gert Iro und Univ.-Ass. Dr. Stefan Perner).<\/p>\n\n\n\n<p>20. Preface to <em>Ek\u015fi<\/em>, Cases and Materials on the EU Private International Law (2006) III.<\/p>\n\n\n\n<p>21. Selbstbestimmungsrecht in der letzten Lebensphase \u2013 Schwerpunkt: Patientenverf\u00fcgung (Editorial), FamZ 2006, 57.<\/p>\n\n\n\n<p>22. Von der Sachwalterschaft und ihren Alternativen \u2013 der Umbau des Sachwalterrechts durch das SWR\u00c4G 2006 (Editorial), FamZ 2006, 129.<\/p>\n\n\n\n<p>23. Arbeitsgruppe \u201eRegister f\u00fcr Mobiliarsicherheiten\u201c \u2013 Abschluss der T\u00e4tigkeit und Empfehlungskatalog, NZ 2006, 267.<\/p>\n\n\n\n<p>24. Vorwort zu 100 Jahre GmbH, GesRZ-Spezial 2006, 1 (gemeinsam mit Univ.-Prof. Dr. Susanne Kalss).<\/p>\n\n\n\n<p>25. \u201eBestandvertrag\u201c, Bearbeitung in der 13. Auflage von <em>Koziol\/Welser<\/em>, B\u00fcrgerliches Recht (2007) 215-248.<\/p>\n\n\n\n<p>26. Vorwort zu Bydlinski, \u00d6sterreichische Gesetze (anl\u00e4sslich der 41. Erg\u00e4nzungslieferung, 2007).<\/p>\n\n\n\n<p>26a. Was bringt das neue Sachwalterrecht?, Bericht \u00fcber einen Vortrag vor der Wiener Juristischen Gesellschaft am 7. M\u00e4rz 2007 (komprimierte Fassung der unter D. 86 angef\u00fchrten Arbeit), JBl 2007, 370.<\/p>\n\n\n\n<p>27. Krankheit im Alter \u2013 Herausforderungen f\u00fcr Recht und Medizin (Editorial), iFamZ 2007, 181.<\/p>\n\n\n\n<p>28. Buchanzeige (Kurzrezension) von <em>Zierl<\/em>, Sachwalterrecht \u2013 Kurzkommentar, iFamZ 2007, 276.<\/p>\n\n\n\n<p>29. Vom Verwaltungssitz zum Registrierungsort: die \u00f6sterreichische Perspektive, Status:Recht 2008\/2, 69.<\/p>\n\n\n\n<p>30. Verhandlungen des 16. \u00d6sterreichischen Juristentages Graz 2006 (2008) II\/2, Zivilrecht, Diskussionsbeitr\u00e4ge 84, 140, 164.<\/p>\n\n\n\n<p>31. Sterben in W\u00fcrde (Editorial), iFamZ 2008, 117.<\/p>\n\n\n\n<p>32. Contributions as Chairmen of Session IV at the Istanbul Conference on International Dispute Resolution (15 November 2007), in Ek\u015fi\/Kalps\u00fcz\/Y\u0131lmaz (eds.), Istanbul Conference on International Dispute Resolution \u2013 A Global Perspective (2008) 151, 164.<\/p>\n\n\n\n<p>32a. Die Unabh\u00e4ngigkeit der Stiftungsorgane \u2013 Rechtsfortbildung durch den OGH, in Kammerlander (Hrsg), Expertenforum SpringerRecht.at (2011) 181 (Parallelabdruck der unter E.35 angef\u00fchrten Entscheidungsanmerkung).<\/p>\n\n\n\n<p>33. Die UN-Behindertenrechtskonvention (Editorial), iFamZ 2011, 241.<\/p>\n\n\n\n<p>34. Das Erbrecht in der aktuellen Diskussion (Editorial), iFamZ 2012, 113.<\/p>\n\n\n\n<p>35. Festveranstaltung 200 Jahre ABGB im Wiener Rathaus \u2013 Festschrift 200 Jahre ABGB, Institutsbericht des Instituts f\u00fcr Zivilrecht 2012, 68.<\/p>\n\n\n\n<p>36. Other people\u2019s money \u2013 Schwerpunkt: Verm\u00f6gensverwaltung (Editorial), iFamZ 2012, 217.<\/p>\n\n\n\n<p>37. \u00d6sterreichische Gesellschaft f\u00fcr Familien- und Verm\u00f6gensrecht, \u00d6JZ 2013, 433.<\/p>\n\n\n\n<p>38. Versicherungsrechts-\u00c4nderungsgesetz, jusalumni 2013\/02, 8.<\/p>\n\n\n\n<p>39. St\u00e4rkung der Selbstbestimmung (Editorial), iFamZ 2014, 49.<\/p>\n\n\n\n<p>40. Schwerpunkt Personenvorsorge, Interview in Nota bene Nr. 129, Juni 2014, 18.<\/p>\n\n\n\n<p>41. Klarstellen der Rechtslage durch Einf\u00fcgen der Business Judgment Rule im AktG, in Jarolim (Hrsg), Herausforderung Compliance \u2013 Von der Regelungsflut zur Untreue? (2015) 46.<\/p>\n\n\n\n<p>42. Nov\u00e9 rakousk\u00e9 d\u011bdick\u00e9 pr\u00e1vo \u2013 rozhovor s prof. Dr. Martinem Schauerem, Bulletin advokacie 2016\/4.<\/p>\n\n\n\n<p>43. Die geplanten \u00c4nderungen im 2. Erwachsenenschutz-Gesetz (Editorial), iFamZ 2016, 277.<\/p>\n\n\n\n<p>44. Interview zur Erbrechtsreform, ver\u00f6ffentlicht in der Tageszeitung \u201cDer Standard\u201d, 18.11.2016.<\/p>\n\n\n\n<p>45. Die Privatstiftung und das neue Pflichtteilsrecht, Stiftungen im Fokus, 1\/2017, 9.<\/p>\n\n\n\n<p>46. Das Finale der 25. Gesetzgebungsperiode (Editorial), iFamZ 2017, 129.<\/p>\n\n\n\n<p>47. Foundation Governance und das FL-Stiftungsrecht, Vaterland, Wirtschaft regional 20.1.2018, 9.<\/p>\n\n\n\n<p>48. Erwachsenenschutz und Privatstiftung, in LGT Bank (Hrsg), Die \u00f6sterreichische Privatstiftung \u2013 Jubil\u00e4umsausgabe zum 25-j\u00e4hrigen Jubil\u00e4um (2018) 18.<\/p>\n\n\n\n<p>49. Brauchen wir eine Privatstiftung 2.0?, in Kathrein StiftungsLetter 2018\/21, 25.<\/p>\n\n\n\n<p>50. F\u00dcM II \u2013 B\u00fcrgerliches Recht JAP 2019\/2020, 119 (gemeinsam mit Univ.-Prof. Dr. Constanze Fischer-Czermak und Univ.-Ass. Mag. Clemens Nigsch).<\/p>\n\n\n\n<p>51. F\u00dcM II \u2013 B\u00fcrgerliches Recht JAP 2019\/2020, 246 (gemeinsam mit Univ.-Prof. Dr. Christian Rabl und Univ.-Ass. MMag. Sarah Wild).<\/p>\n\n\n\n<p>52. Das 2. ErwSchG \u2013 eine erste Zwischenbilanz, iFamZ 2020, 1.<\/p>\n\n\n\n<p>53. Der Stiftungsvorstand \u2013 seine Aufgaben und seine Verantwortlichkeit, Website des \u00d6sterreichischen Stiftungsverbands (<a href=\"https:\/\/www.stiftungsverband.at\/qa\/\">https:\/\/www.stiftungsverband.at\/qa\/<\/a>; abgefragt am 10.5.2020).<\/p>\n\n\n\n<p>54. Vorwort zu <em>Wild<\/em>, \u201eZivilrecht und Token\u00f6konomie in Liechtenstein \u2013 eine Analyse der zivilrechtlichen Bestimmungen des TVTG unter Ber\u00fccksichtigung des Wertrechts\u201c (2020).<\/p>\n\n\n\n<p>55. Wie man Unternehmen ohne Schaden \u00fcbergibt, Der Standard, 18.2.2021, 13.<\/p>\n\n\n\n<p>56. In \u00d6sterreich fehlt eine grundlegende Reform der Gesetzgebung, Interview in Versicherungsrundschau 2021\/3, 36.<\/p>\n\n\n\n<p>57. F\u00dcM II \u2013 B\u00fcrgerliches Recht JAP 2020\/2021, 247 (gemeinsam mit Univ.-Prof. Dr. Brigitta Z\u00f6chling-Jud und Univ.-Ass. Mag. Konstanze Winkler).<\/p>\n\n\n\n<p>58. Familienverfassung (Schwerpunkt: Schiedsklauseln), GesRZ 2021, 139.<\/p>\n\n\n\n<p>59. Familienverfassung \u2013 Checkliste, GesRZ 2021, 140 (gemeinsam mit Mag. Elke Willi).<\/p>\n\n\n\n<p>60. VIAC-Musterklausel f\u00fcr die Streitbeilegung in Familienverfassungen, GesRZ 2021, 141 (gemeinsam mit Univ.-Prof. Dr. Astrid Deixler-H\u00fcbner, Mag. Martin Platte, Mag. Elke Willi).<\/p>\n\n\n\n<p>61. Pflichtteil statt Philantropie: Ein Testament f\u00fcr gute Zwecke, Der Standard, 23.9.2021.<\/p>\n\n\n\n<p>62. F\u00dcM II \u2013 B\u00fcrgerliches Recht JAP 2021\/2011 (gemeinsam mit Univ.-Prof. Dr. Christiane Wendehorst sowie Univ.-Ass. Mag. Daniel Gritsch und Univ.-Ass. Mag Nina-Maria Hafner-Thomic).<\/p>\n\n\n\n<p>63. As time goes by \u2013 Georg Kathrein zum 65. Geburtstag (Editorial), iFamZ 2022 (in Druck).<\/p>\n\n\n\n<p>64. Summertime (Editorial), JEV 2022, 37.<\/p>\n\n\n\n<p>65. Verm\u00f6gensweitergabe durch Erbrecht und Stiftung, in: LGT Private Banking, Die \u00f6sterreichische Privatstiftung (2023) 12.<\/p>\n\n\n\n<p>66. Editorial, JEV 2023, 53.<\/p>\n\n\n\n<h3 class=\"wp-block-heading\">H. (Mit-)Herausgeberschaften und \u00e4hnliche Funktionen<\/h3>\n\n\n\n<div style=\"height:24px\" aria-hidden=\"true\" class=\"wp-block-spacer\"><\/div>\n\n\n\n<h4 class=\"wp-block-heading\">1. Zeitschriften<\/h4>\n\n\n\n<p>1. Mitherausgeber der Zeitschrift \u201eWohnrechtliche Bl\u00e4tter\u201c (seit 1996; alleiniger Schriftleiter 1996-2000, Schriftleitung 2001-2005 gemeinsam mit Dr. Martina Mohr, 2006 gemeinsam mit Dr. Martina Mohr und Dr. Till Hausmann).<\/p>\n\n\n\n<p>2. Mitherausgeber der Zeitschrift \u201eiFamZ \u2013 Interdisziplin\u00e4re Zeitschrift f\u00fcr Familienrecht\u201c (seit Gr\u00fcndung der Zeitschrift 2006).<\/p>\n\n\n\n<p>3. Mitglied des \u201eConsulting Board\u201c der \u201eEuropean Review of Contract Law\u201d (seit Gr\u00fcndung der Zeitschrift 2005).<\/p>\n\n\n\n<p>4. Mitherausgeber der Zeitschrift \u201eJournal f\u00fcr Erbrecht und Verm\u00f6gensnachfolge (JEV)\u201c (seit Gr\u00fcndung der Zeitschrift 2007).<\/p>\n\n\n\n<p>5. Mitglied des wissenschaftlichen Beirats der Zeitschrift \u201eLiechtenstein Journal\u201c (2009-2022).<\/p>\n\n\n\n<p>6. Mitglied des wissenschaftlichen Beirats der Zeitschrift \u201eDie Privatstiftung\u201c (seit Gr\u00fcndung der Zeitschrift 2009).<\/p>\n\n\n\n<p>7. Mitglied des Herausgeberbeirats der Zeitschrift \u201eVersicherungsrecht\u201c (seit 2015).<\/p>\n\n\n\n<p>8. Mitglied des Editorial Board der Zeitschrift \u201eEurop\u00e4isches Verbraucher- und Unternehmensrecht\u201c (2012-2015).<\/p>\n\n\n\n<h4 class=\"wp-block-heading\">2. Gesetzesausgabe<\/h4>\n\n\n\n<p>Herausgeber von Bydlinski, \u00d6sterreichische Gesetze (2003-2023).<\/p>\n\n\n\n<h4 class=\"wp-block-heading\">3. Schriftenreihen<\/h4>\n\n\n\n<p>1. Mitherausgeber der Schriftenreihe \u201eArbeitspapiere der Abteilung f\u00fcr Unternehmensrecht\u201c (1995 \u2013 2001; gemeinsam mit Univ.-Prof. Dr. Peter Doralt und Univ.-Prof. Dr. Christian Nowotny).<\/p>\n\n\n\n<p>2. Mitherausgeber der Schriftenreihe des Forschungsinstituts f\u00fcr mittel- und osteurop\u00e4isches Wirtschaftsrecht (1995 \u2013 2001, gemeinsam mit Univ.-Prof. Dr. Peter Doralt).<\/p>\n\n\n\n<p>3. Mitherausgeber der Skriptenreihe \u201eGrundz\u00fcge des Privatrechts\u201c (bis 2001; gemeinsam mit Univ.-Prof. Dr. Peter Doralt und Univ.-Prof. Dr. Christian Nowotny).<\/p>\n\n\n\n<p>4. Mitherausgeber der Schriftenreihe der \u00d6sterreichischen Gesellschaft f\u00fcr Familien- und Verm\u00f6gensrecht (gemeinsam mit Univ.-Prof. Dr. Astrid Deixler-H\u00fcbner und Univ.-Prof. DDr. Christoph Grabenwarter).<\/p>\n\n\n\n<h4 class=\"wp-block-heading\">4. Einzelb\u00e4nde<\/h4>\n\n\n\n<p>1. Mitherausgeber von \u201eTakeover-Recht\u201c (1997) (gemeinsam mit Univ.-Prof. Dr. Peter Doralt und Univ.-Prof. Dr. Christian Nowotny).<\/p>\n\n\n\n<p>2. Mitherausgeber von \u201eWirtschaftsrechtsindex \u2013 Mittel- und Osteuropa\u201c (1997) (gemeinsam mit Univ.-Prof. Dr. Peter Doralt und Dr. Eva Micheler).<\/p>\n\n\n\n<p>3. Mitbearbeiter von \u201eErneuerung des Wohnrechts\u201c (2000) (gemeinsam mit LStA Dr. Johannes Stabentheiner, hrsg. vom Bundesministerium f\u00fcr Justiz).<\/p>\n\n\n\n<p>4. Mitherausgeber von \u201eUnternehmensnachfolge \u2013 Praktische Fragen und zivilrechtliche Gestaltungsm\u00f6glichkeiten\u201c (2001) (gemeinsam mit Univ.-Prof. Dr. Susanne Kalss).<\/p>\n\n\n\n<p>5. Mitherausgeber von \u201eDas ABGB auf dem Weg in das 3. Jahrtausend\u201c (2003) (gemeinsam mit Univ.-Prof. Dr. Constanze Fischer-Czermak und Hon.-Prof. Sektionschef Dr. Gerhard Hopf).<\/p>\n\n\n\n<p>6. Mitherausgeber von \u201eDie Versicherungsvermittlungs-Richtlinie \u2013 Umsetzung in das \u00f6sterreichische Recht\u201c (2003) (gemeinsam mit Univ.-Prof. Dr.Attila Fenyves und Dir. Dr. Klaus Koban).<\/p>\n\n\n\n<p>7. Wissenschaftliche Leitung von CLC\/Baltmane &amp; Bitans Law Office, Grundeigentum und Sicherheiten in Lettland (2003).<\/p>\n\n\n\n<p>8. Mitherausgeber der Festschrift f\u00fcr Peter Doralt zum 65. Geburtstag (gemeinsam mit Univ.-Prof. Dr. Susanne Kalss und Univ.-Prof. Dr. Christian Nowotny) (2004).<\/p>\n\n\n\n<p>9. Mitherausgeber der Festschrift f\u00fcr Rudolf Welser zum 65. Geburtstag (gemeinsam mit Univ.-Prof. Dr. Constanze Fischer-Czermak, Univ.-Prof. Dr. Andreas Kletecka, Univ.-Prof. Dr. Wolfgang Zankl) (2004).<\/p>\n\n\n\n<p>10. Mitherausgeber von \u201eThe Architecture of European Codes and Contract Law\u201c (gemeinsam mit Prof. Dr. Dr. Stefan Grundmann) (2006).<\/p>\n\n\n\n<p>11. Herausgeber von \u201eEin Register f\u00fcr Mobiliarsicherheiten im \u00f6sterreichischen Recht\u201c (2007).<\/p>\n\n\n\n<p>12. Mitherausgeber von \u201eABGB 2011 \u2013 Chancen und M\u00f6glichkeiten einer Zivilrechtsreform\u201c (gemeinsam mit Univ.-Prof. Dr. Constanze Fischer-Czermak, Hon.-Prof. SCh Dr. Gerhard Hopf, Hon.-Prof. SCh Dr. Georg Kathrein) (2008).<\/p>\n\n\n\n<p>13. Herausgeber von \u201eKurzkommentar zum liechtensteinischen Stiftungsrecht\u201c (2009); vgl zur Neuauflage unten H.4.31a.<\/p>\n\n\n\n<p>14. Mitherausgeber von \u201eErbrecht und Verm\u00f6gensnachfolge (gemeinsam mit Univ.-Prof. Dr. Michael Gruber, Univ.-Prof. Dr. Susanne Kalss, RA DDr. Katharina M\u00fcller) (2010), 2. Auflage 2018.<\/p>\n\n\n\n<p>15. Mitherausgeber des Kommentars ABGB-ON, Print und Online (gemeinsam mit Univ.-Prof. Dr. Andreas Klete\u010dka) (2010).<\/p>\n\n\n\n<p>16. Mitherausgeber der Festschrift 200 Jahre ABGB (Univ.-Prof. Dr. Constanze Fischer-Czermak, Hon.-Prof. SCh Dr. Gerhard Hopf, Hon.-Prof. SCh Dr. Georg Kathrein) (2011).<\/p>\n\n\n\n<p>17. Mitherausgeber von \u201eEurop\u00e4ische Erbrechtsverordnung\u201c (gemeinsam mit Hon.-Prof. Dr. Elisabeth Scheuba) (2012).<\/p>\n\n\n\n<p>18. Mitherausgeber von \u201eMigration, Familie und Verm\u00f6gen\u201c (gemeinsam mit Univ.-Prof. Dr. Astrid Deixler-H\u00fcbner) (2014).<\/p>\n\n\n\n<p>19. Mitherausgeber von \u201eGeschichtliche Wurzeln und Reformen in mittel- und osteurop\u00e4ischen Privatrechtsordnungen\u201c (gemeinsam mit Univ.-Prof. Dr. Yasuhiro Okuda) (2014) (rezensiert in RabelsZ 3\/2017).<\/p>\n\n\n\n<p>20. Mitherausgeber des Kommentars \u201eVersVG \u2013 Versicherungsvertragsgesetz\u201c (gemeinsam mit em. o. Univ.-Prof. Dr. Attila Fenyves) (2014-2020).<\/p>\n\n\n\n<p>21. Mitherausgeber von \u201eIntroduction to Austrian Law\u201c (gemeinsam mit Univ.-Prof. DDr. Christoph Grabenwarter) (2015).<\/p>\n\n\n\n<p>22. Mitherausgeber von \u201eKommentar zur Europ\u00e4ischen Erbrechtsverordnung (gemeinsam mit Univ.-Prof. Dr. Astrid Deixler-H\u00fcbner) (2015); rezensiert in JBl 2016, 479; Bulletin advokacie 2016 (<a href=\"http:\/\/www.bulletin-advokacie.cz\/astrid-deixler-hubner-martin-schauer-ed.-et-al.-kommentar-zur-eu-erbrechtsverordnung-euerbvo\">http:\/\/www.bulletin-advokacie.cz\/astrid-deixler-hubner-martin-schauer-ed.-et-al.-kommentar-zur-eu-erbrechtsverordnung-euerbvo<\/a>); 2. Auflage (2020).<\/p>\n\n\n\n<p>23. Mitherausgeber von \u201eErbrecht NEU\u201c (gemeinsam mit Univ.-Prof. Dr. Astrid Deixler-H\u00fcbner) (2015).<\/p>\n\n\n\n<p>24. Mitherausgeber von \u201eAlternative Formen der Konfliktbereinigung\u201c (gemeinsam mit Univ.-Prof. Dr. Astrid Deixler-H\u00fcbner) (2016).<\/p>\n\n\n\n<p>25. Mitherausgeber von \u201eGemeinn\u00fctzigkeitsrecht NEU\u201c (gemeinsam mit Univ.-Prof. Dr. Astrid Deixler-H\u00fcbner und Univ.-Prof. DDr. Christoph Grabenwarter) (2016).<\/p>\n\n\n\n<p>26. Mitherausgeber von \u201eDie neue Richtlinie \u00fcber den Versicherungsvertrieb (IDD) \u2013 M\u00f6glichkeiten der Umsetzung in \u00d6sterreich\u201c (gemeinsam mit em. o. Univ.-Prof. Dr. Attila Fenyves) (2017).<\/p>\n\n\n\n<p>27. General Reports of the XIXth Congress of the International Academy of Comparative Law \u2013 Rapport G\u00e9n\u00e9raux du XIX\u00e8me Congr\u00e9s de l\u2019Acad\u00e9mie Internationale de Droit Compar\u00e9 (gemeinsam mit Univ.-Prof. Dr. Bea Verschraegen) (2017).<\/p>\n\n\n\n<p>28. Handbuch Schiedsverfahren (gemeinsam mit Hon.-Prof. Dr. Dietmar Czernich und Univ.-Prof. Dr. Astrid Deixler-H\u00fcbner) (2018).<\/p>\n\n\n\n<p>29. Erwachsenenschutzrecht (gemeinsam mit Univ.-Prof. Dr. Astrid Deixler-H\u00fcbner) (2018).<\/p>\n\n\n\n<p>30. Handbuch Schiedsrecht (gemeinsam mit Hon.-Prof. Dr. Dietmar Czernich und Univ.-Prof. Dr. Astrid Deixler-H\u00fcbner) (2018).<\/p>\n\n\n\n<p>31. Verm\u00f6gensplanung \u2013 national und international (gemeinsam mit Univ.-Prof. Dr. Astrid Deixler-H\u00fcbner) (2019).<\/p>\n\n\n\n<p>31a. Mitherausgeber von \u201eKommentar zum liechtensteinischen Stiftungsrecht unter Ber\u00fccksichtigung der allgemeinen Bestimmungen des Personen- und Gesellschaftsrechts (PGR)\u201c, erweiterte Neuauflage des unter H.4.13. angef\u00fchrten Werks (gemeinsam mit Univ.-Prof. Dr. Helmut Heiss, Dr. Bernhard Lorenz).<\/p>\n\n\n\n<p>32. Bereichsherausgeber von Manz-Keywords \u201eErbrecht\u201c, online-Publikation.<\/p>\n<\/div><\/div><button class=\"uagb-modal-popup-close window-top-right\" aria-label=\"Close Modal\"><svg xmlns=\"https:\/\/www.w3.org\/2000\/svg\" viewBox=\"0 0 320 512\"><path d=\"M310.6 361.4c12.5 12.5 12.5 32.75 0 45.25C304.4 412.9 296.2 416 288 416s-16.38-3.125-22.62-9.375L160 301.3L54.63 406.6C48.38 412.9 40.19 416 32 416S15.63 412.9 9.375 406.6c-12.5-12.5-12.5-32.75 0-45.25l105.4-105.4L9.375 150.6c-12.5-12.5-12.5-32.75 0-45.25s32.75-12.5 45.25 0L160 210.8l105.4-105.4c12.5-12.5 32.75-12.5 45.25 0s12.5 32.75 0 45.25l-105.4 105.4L310.6 361.4z\"><\/path><\/svg><\/button><\/div><\/div>\n\n\n\n<div class=\"wp-block-uagb-modal uagb-block-265af26c uagb-modal-wrapper\" data-escpress=\"enable\" data-overlayclick=\"enable\"><div class=\"uagb-effect-default uagb-modal-popup uagb-block-265af26c uagb-modal-type-popup uagb-modal-position-centered\"><div class=\"uagb-modal-popup-wrap\"><div class=\"uagb-modal-popup-content\">\n<h3 class=\"wp-block-heading\">2006<\/h3>\n\n\n\n<ol class=\"wp-block-list\">\n<li>\u201eDie unternehmensbezogenen Gesch\u00e4fte \u2013 zum Vierten Buch des UGB und zur ABGB-Novelle\u201c, im Rahmen der Tagung \u201eDas neue Unternehmensgesetzbuch\u201c, veranstaltet von der Wirtschaftskammer \u00d6sterreich, am 24. 2. 2006.<\/li>\n\n\n\n<li>Vortragsreihe zum Thema \u201eVom HGB zum UGB\u201c veranstaltet von der \u00d6sterreichischen Anwaltsakademie (gemeinsam mit LStA Dr. Sonja Bydlinski, Dr. Wilma Dehn, Univ.-Prof. RA. Dr. Michael Enzinger, Mag. Peter Perktold) am 3. 2. 2006, 10. 2. 2006, 5. 5. 2006, 10. 11. 2006.<\/li>\n\n\n\n<li>Vortragsreihe zum Thema \u201eDas neue Unternehmensgesetzbuch\u201c veranstaltet von ARS (gemeinsam mit LStA Dr. Sonja Bydlinksi, Dr. Wilma Dehn, Dr. Eva Deutsch-Goldoni, Univ.-Prof. Dr. Heinz Krejci) am 6. 3. 2006, 16. 5. 2006, 2. 10. 2006, 13. 11. 2006.<\/li>\n\n\n\n<li>\u201eVererblichkeit von Anteilen an Personengesellschaften und Kapitalgesellschaften, qualifizierte Nachfolgeklausel und \u201aUmgehung\u2019 der Erbfolge\u201c im Rahmen des Seminars \u201eAktuelle Entwicklungen im europ\u00e4ischen und nationalen Unternehmensrecht\u201c, veranstaltet von Univ.-Prof. Dr. Hanns F. H\u00fcgel, am 8. 5. 2006.<\/li>\n\n\n\n<li>\u201eDie Kapitallebensversicherung in der deutschen Entwicklung\u201c, im Rahmen des gemeinsam mit Univ.-Prof. Dr. Attila Fenyves veranstalteten Privatissimum aus Versicherungsrecht, am 10. 5. 2006.<\/li>\n\n\n\n<li>\u201eDas neue UGB einschlie\u00dflich der \u00c4nderungen im ABGB\u201c, im Rahmen des 38. Handelsrechtlich-Volkswirtschaftlichen Seminars, veranstaltet von der Volkswirtschaftlichen Gesellschaft Wien\/N\u00d6, am 30. 5. 2006.<\/li>\n\n\n\n<li>\u201eDie GmbH in der Unternehmensnachfolge \u2013 der Gesch\u00e4ftsanteil im Spannungsfeld zwischen erbrechtlicher Nachfolge und gesellschaftsvertraglicher Steuerung\u201c im Rahmen des gemeinsam mit Univ.-Prof. Dr. Susanne Kalss veranstalteten Symposiums \u201e100 Jahre GmbH in \u00d6sterreich\u201c, am 19. 6. 2006.<\/li>\n\n\n\n<li>\u201eErb- und familienrechtliche Fragen der Privatstiftung\u201c im Rahmen des Forums \u201eStiftungen\u201c, veranstaltet von ARS, am 20. 6. 2006.<\/li>\n\n\n\n<li>\u201eVon der OHG\/OEG zur Offenen Gesellschaft\u201c (gemeinsam mit Dr. Wilma Dehn) im Rahmen des Seminars \u201eAktuelle Entwicklungen im europ\u00e4ischen und nationalen Unternehmensrecht\u201c, veranstaltet von Univ.-Prof. Dr. Hanns F. H\u00fcgel, am 26. 6. 2006.<\/li>\n\n\n\n<li>\u201eHaftung bei Naturkatastrophen und St\u00f6rf\u00e4llen\u201c bei den 11. \u00d6sterreichischen Umweltrechtstagen an der Universit\u00e4t Linz, am 14. 9. 2006.<\/li>\n\n\n\n<li>\u201eAktuelle Entwicklungen im Sachwalterrecht\u201c beim Seminar f\u00fcr absolvierte Juristen, veranstaltet von der Rechtswissenschaftlichen Fakult\u00e4t der Universit\u00e4t Linz, am 15. 9. 2006.<\/li>\n\n\n\n<li>Teilnahme an der Podiumsdiskussion beim Symposium \u201eReform des Schadenersatzrechts\u201c, veranstaltet vom Verband der Versicherungsunternehmen \u00d6sterreichs, am 3. 10. 2006.<\/li>\n\n\n\n<li>\u201eStiftung und Testament \u2013 lauter erbrechtliche Fallen\u201c im Rahmen des Seminars \u201eErbrecht und Verm\u00f6gensnachfolge\u201c, veranstaltet von der \u00d6sterreichischen Anwaltsakademie am 5. 10. 2006.<\/li>\n\n\n\n<li>Vortragsreihe zum Thema \u201eUnternehmensnachfolge unter Lebenden\u201c, veranstaltet von der \u00d6sterreichischen Notariatsakademie (gemeinsam mit Dr. Christian Huber) am 8. 11. 2006, 15. 11. 2006, 29. 11. 2006, 14. 12. 2006.<\/li>\n\n\n\n<li>Vortrag \u201eDie Reform des \u00f6sterreichischen Handelsrechts\u201c, gehalten an der E\u00f6tv\u00f6s-Lorand-Universit\u00e4t Budapest, am 1. 12. 2006.<\/li>\n\n\n\n<li>Vortrag \u201eDie Haftung der Organe juristischer Personen\u201c im Rahmen des Seminars \u201eD &amp; O-Versicherung\u201c, veranstaltet von der \u00d6sterreichischen Gesellschaft f\u00fcr Versicherungsfachwissen (gemeinsam Univ.-Prof. Dr. Attila Fenyves und Mag. Wolfgang Alphart), am 6. 12. 2006.<\/li>\n<\/ol>\n\n\n\n<h3 class=\"wp-block-heading\">2007<\/h3>\n\n\n\n<ol class=\"wp-block-list\" start=\"17\">\n<li>Vortragsreihe zum Thema \u201eDas neue Unternehmensgesetzbuch\u201c veranstaltet von ARS (gemeinsam mit LStA Dr. Sonja Bydlinksi, Dr. Wilma Dehn, Dr. Eva Deutsch-Goldoni, Univ.-Prof. Dr. Heinz Krejci) am 6. 3. 2006, 16. 5. 2006, 2. 10. 2006, 13. 11. 2006, 22. 1. 2007, 16. 4. 2007, 15. 10. 2007.<\/li>\n\n\n\n<li>\u201eVersR\u00c4G \u2013 die privatrechtlichen Aspekte\u201c im Rahmen des Forums Versicherungen, veranstaltet von ARS, am 27. 2. 2007.<\/li>\n\n\n\n<li>Vortragsreihe zum Thema \u201eVom HGB zum UGB\u201c veranstaltet von der \u00d6sterreichischen Anwaltsakademie (gemeinsam mit LStA Dr. Sonja Bydlinksi, Dr. Wilma Dehn, Univ.-Prof. RA. Dr. Michael Enzinger, Mag. Peter Perktold) am 2. 3. 2007, 16. 4. 2007, 15. 10. 2007.<\/li>\n\n\n\n<li>\u201eWas bringt das neue Sachwalterrecht\u201c, gehalten vor der Wiener Juristischen Gesellschaft, am 7. 3. 2007 und vor der Grazer Juristischen Gesellschaft am 10. 10. 2007.<\/li>\n\n\n\n<li>\u201eReform des Sachwalterrecht und Bankgesch\u00e4fte\u201c, gehalten im Rahmen des Bankrechtsseminars an der Universit\u00e4t Linz, am 19. 3. 2007.<\/li>\n\n\n\n<li>\u201eHaftpflichtverh\u00e4ltnisse im Sachwalterrecht\u201c, veranstaltet vom Nieder\u00f6sterreichischen Verein f\u00fcr Sachwalterschaft und Bewohnervertretung, am 26. 4. 2007.<\/li>\n\n\n\n<li>\u201eDer Streit um die Reform des \u00f6sterreichischen Schadenersatzrechts\u201c im Rahmen der T\u00fcrkisch-\u00d6sterreichische Juristentagung (30.\/31. 4. 2007), Istanbul.<\/li>\n\n\n\n<li>\u201eThe control of standard contracts terms in insurance contracts by means of private law and public law\u201c beim Symposium anl\u00e4sslich des 10-j\u00e4hrigen Bestandes der K\u00fclt\u00fcr-Universit\u00e4t Istanbul mit dem Generalthema \u201ePublic guidance and individual autonomy in public, private and penal law\u201c (28.\/29. 5. 2007).<\/li>\n\n\n\n<li>\u201eKritische Bemerkungen zur Reform des \u00f6sterreichischen Schadenersatzrechts: Allgemeines, Haftung f\u00fcr Dritte, Unternehmerhaftung\u201c beim rechtsvergleichenden Kolloquium an der Universit\u00e9 de Gen\u00e8ve \u00fcber die Reform des Haftpflichtrechts (1.\/2. 6. 2007).<\/li>\n\n\n\n<li>\u201eRechtsfragen der Second-Hand-Polizzen in der Lebensversicherung\u201c im Rahmen des gemeinsam mit Univ.-Prof. Dr. Attila Fenyves veranstalteten Privatissimum aus Versicherungsrecht, am 13. 6. 2007.<\/li>\n\n\n\n<li>\u201eEntwicklungstendenzen im Sachwalterrecht\u201c im Rahmen einer Veranstaltung des Vereins Vertretungsnetz im BMJ, am 21. 6. 2007.<\/li>\n\n\n\n<li>\u201eDer Vertrauensschutz als Grundsatz des europ\u00e4ischen Privatrechts\u201c, im Rahmen der Dies Luby 2007 zum Generalthema \u201eFundamentale Grunds\u00e4tze des Privatrechts im vereinigten Europa\u201c (Smolenice\/Slowakei, 20.-22. 9. 2007).<\/li>\n\n\n\n<li>\u201eUnternehmensnachfolge von Todes wegen\u201c, im Rahmen des Seminars \u201eErbrecht und Verm\u00f6gensnachfolge\u201c der \u00d6sterreichischen Anwaltsakademie am 19. 10. 2007.<\/li>\n\n\n\n<li>\u201eDas neue Sachwalterrecht\u201c im Rahmen der 1. iFamZ-Tagung am 8. 11. 2007.<\/li>\n\n\n\n<li>\u201eRechtsfrage der Second-Hand-Polizzen in der Lebensversicherung \u2013 privatrechtliche Fragen\u201c im Rahmen des Seminars \u201eSecond-Hand-Polizzen\u201c, veranstaltet von der \u00d6sterreichischen Gesellschaft f\u00fcr Versicherungsfachwissen (gemeinsam mit Dr. Fletzberger, Mag. Habersack und Mag. Naderer), am 26. 11. 2007.<\/li>\n\n\n\n<li>\u201eReformbedarf im Allgemeinen Teil und im Schuldrecht Allgemeiner Teil\u201c beim gemeinsam mit Univ.-Prof. Dr. Constanze Fischer-Czermak und dem BMJ veranstalteten Symposium \u201eABGB 2011\u201c am 29.\/30. 11. 2007.<\/li>\n\n\n\n<li>\u201eDie Haftung der Organe juristischer Personen\u201c im Rahmen des Seminars \u201eD &amp; O-Versicherung\u201c, veranstaltet von der \u00d6sterreichischen Gesellschaft f\u00fcr Versicherungsfachwissen (gemeinsam Univ.-Prof. Dr. Attila Fenyves und Mag. Wolfgang Alphart), am 6. 12. 2007.<\/li>\n<\/ol>\n\n\n\n<h3 class=\"wp-block-heading\">2008<\/h3>\n\n\n\n<ol class=\"wp-block-list\" start=\"34\">\n<li>\u201eDas neue Unternehmensgesetzbuch\u201c veranstaltet von ARS (gemeinsam mit LStA Dr. Sonja Bydlinski, Dr. Wilma Dehn, Dr. Eva Deutsch-Goldoni, Univ.-Prof. Dr. Heinz Krejci) am 21. 1. 2008.<\/li>\n\n\n\n<li>Comment zu den Themen \u201eDuration of contract\u201c und \u201ePrecautionary Measures\u201c im Rahmen der Konferenz \u201eEuropean Insurance Contract Law and the Common Frame of Reference (CFR)\u201c, veranstaltet von der Europ\u00e4ischen Rechtsakademie in Trier, 21.\/22. 1. 2008.<\/li>\n\n\n\n<li>\u201eZu den Vorschl\u00e4gen des Arbeitskreises zur Reform des Schadenersatzrechts: Die Perspektive von au\u00dfen\u201c im Rahmen der Fr\u00fchjahrsveranstaltung des Instituts f\u00fcr Versicherungswirtschaft an der Universit\u00e4t Linz, 27. 2. 2008.<\/li>\n\n\n\n<li>\u201eUnternehmergesch\u00e4fte\u201c im Rahmen des Seminars \u201eUnternehmenskauf &amp; Unternehmergesch\u00e4fte nach neuer Rechtslage\u201c (gemeinsam mit Dr. Wilma Dehn), veranstaltet von ARS am 7. 3. 2008, 23. 6. 2008 und 28. 11. 2008.<\/li>\n\n\n\n<li>\u201eDas Versicherungsvertragsrecht mit Ber\u00fccksichtigung der j\u00fcngsten Entwicklungen\u201c im Rahmen des Seminars \u201eGrundlagen Versicherungsrecht\u201c, veranstaltet von Institute for International Research, am 26. 3. 2008 und 15. 10. 2008.<\/li>\n\n\n\n<li>\u201eEntwicklungen der Lebensversicherung \u2013 R\u00fcckkaufswerte und Zillmern nach \u00f6sterreichischem Recht\u201c bei der 18. Wissenschaftstagung des Bundes der Versicherten, Bad Bramstedt 17.\/18. 4. 2008.<\/li>\n\n\n\n<li>\u201eAktuelle Fragen des Versicherungsrechts und des Maklerrechts\u201c bei einem von der Tiroler Versicherung veranstalteten Seminar, Innsbruck 16. 5. 2008.<\/li>\n\n\n\n<li>\u201eDas neue Unternehmensgesetzbuch\u201c, Mitarbeiterveranstaltung f\u00fcr die FMA, 4. 6. 2008.<\/li>\n\n\n\n<li>\u201eGrundelemente des neuen liechtensteinischen Stiftungsrechts und die rechtsvergleichende Perspektive\u201c, bei der Tagung \u201eDas neue Stiftungsrecht\u201c, veranstaltet von der Hochschule Liechtenstein, Institut f\u00fcr Finanzdienstleistungen, Vaduz 28. 8. 2008.<\/li>\n\n\n\n<li>\u201eStand der Schadenersatzrechtsreform in \u00d6sterreich\u201c beim Krakauer Forum der Rechtswissenschaften \u201eAktuelle Entwicklungen im polnischen, deutschen und \u00f6sterreichischen Privatrecht \u2013 Vereinheitlichung oder Auseinanderentwicklung?\u201c, Wien 2.\/3. 10. 2008.<\/li>\n\n\n\n<li>\u201eDer Schutz der Interessen des Stifters\u201c, im Rahmen der Veranstaltungsreihe \u201eDas neue liechtensteinische Stiftungsrecht\u201c (gemeinsam mit Regierungschef-Stellvertreter Dr. Klaus Tsch\u00fctscher und Prof. Dr. Domique Jakob), am 2. 10. 2008 in Wien, am 5. 11. 2008 in Z\u00fcrich und am 3. 12. 2008 in Wittenberg.<\/li>\n\n\n\n<li>\u201eVom Unterhaltsregress des Scheinvaters\u201c bei der Ober\u00f6sterreichischen Juristischen Gesellschaft am 7. 10. 2008.<\/li>\n\n\n\n<li>\u201eUnternehmensnachfolge von Todes wegen\u201c, im Rahmen im Rahmen des Seminars \u201eErbrecht und Verm\u00f6gensnachfolge\u201c der \u00d6sterreichischen Anwaltsakademie am 17. 10. 2008.<\/li>\n\n\n\n<li>\u201eAngeh\u00f6rigenvertretung bzw Sachwalterschaft und Bankgesch\u00e4fte\u201c bei der 2. iFamZ-Tagung am 10. 11. 2008.<\/li>\n\n\n\n<li>\u201eD&amp;O-Versicherungen\u201c (gemeinsam mit Martin Wende, Allianz Versicherung Deutschland) beim Kurs \u201eDer Rechtsanwalt als Aufsichtsrat\u201c, veranstaltet durch den Anwaltsverein \u201eSoupirium\u201c und die Wirtschaftsuniversit\u00e4t Wien, 11. 11. 2008.<\/li>\n\n\n\n<li>Vortragsreihe zum Thema \u201e\u00dcbergangsbestimmungen im neuen liechtensteinischen Stiftungsrecht\u201c, Praxisseminar an der Hochschule Liechtenstein (gemeinsam mit Dr. Bernd Hammermann), 9. 12. 2008 und 15. 12. 2008.<\/li>\n\n\n\n<li>\u201eDie Haftung der Organe juristischer Personen\u201c im Rahmen des Seminars \u201eD &amp; O-Versicherung\u201c, veranstaltet von der \u00d6sterreichischen Gesellschaft f\u00fcr Versicherungsfachwissen (gemeinsam Univ.-Prof. Dr. Attila Fenyves und Dir. Leopold Buxbaum), am 11. 12. 2008.<\/li>\n<\/ol>\n\n\n\n<h3 class=\"wp-block-heading\">2009<\/h3>\n\n\n\n<ol class=\"wp-block-list\" start=\"51\">\n<li>\u201eFernabsatzvertr\u00e4ge\u201c bei der Tagung \u201eNeuordnung des Verbraucherprivatrechts in Europa?\u201c, veranstaltet von Univ.-Prof. Dr. Brigitta Jud und Univ.-Prof. Dr. Christiane Wendehorst, am 22. 1. 2009.<\/li>\n\n\n\n<li>\u201ePflichtteils- und familienrechtliche Aspekte der Privatstiftung\u201c bei der ARS-Jahrestagung \u201eStiftungen\u201c, 24. 2. 2009.<\/li>\n\n\n\n<li>\u201eUkrainian Company Law between Modernisation and Post-Soviet Tradition \u2013 The Joint Stock Company as an Example (gemeinsam mit Mag. Anna Lawrenjuk), im Rahmen der Konferenz \u201eThe (Re)integration of Ukraine into Europe\u201c, Kiew 26. 2. 2009.<\/li>\n\n\n\n<li>\u201eDer Stifter und seine neuen Verantwortlichkeiten\u201c, Praxisseminar an der Hochschule Liechtenstein, 26. 3. 2009 und 27. 3. 2009.<\/li>\n\n\n\n<li>\u201eNachfolge bei Personengesellschaften\u201c im Rahmen der ARS-Jahrestagung \u201eErbrecht &amp; Verm\u00f6gensnachfolge\u201c, veranstaltet vom ARS, 23.\/24. 4. 2009.<\/li>\n\n\n\n<li>\u201eDer Stand der Schadenersatzreform in \u00d6sterreich \u2013 unter besonderer Ber\u00fccksichtigung des \u201aAlternativentwurfs\u2019 aus 2008\u201c, im Rahmen der \u201eAktuellen Stunde\u201c, veranstaltet von Prof. Dr. Reinhard Zimmermann am Max-Planck-Institut f\u00fcr ausl\u00e4ndisches und internationales Privatrecht (Hamburg), 12. 5. 2009.<\/li>\n\n\n\n<li>\u201eDie Auslegung von AVB als methodisches Problem\u201c, im Rahmen des gemeinsam mit Univ.-Prof. Dr. Attila Fenyves veranstalteten Privatissimum aus Versicherungsrecht, am 3. 6. 2009.<\/li>\n\n\n\n<li>\u201eDas neue liechtensteinische Stiftungsrecht\u201c, im Rahmen des Konzils am Max-Planck-Institut f\u00fcr ausl\u00e4ndisches und internationales Privatrecht (Hamburg), am 20. 7. 2009.<\/li>\n\n\n\n<li>\u201ePr\u00e4mienanpassung und K\u00fcndigung in der Kfz-Haftpflichtversicherung\u201c beim 3. ZVR-Verkehrsrechtstag, Wien 17. 9. 2009.<\/li>\n\n\n\n<li>\u201eDie Reformen des Privatrechts in \u00d6sterreich\u201c, X. Luby Juristentage, Smolenice (Slowakei), am 18. 9. 2009.<\/li>\n\n\n\n<li>\u201eFreie Anwaltswahl in der Rechtsschutzversicherung \u2013 Der Fall Eschig\/Uniqa beim EuGH\u201c, an der Paris-Lodron-Universit\u00e4t Salzburg, 2. 10. 2009.<\/li>\n\n\n\n<li>\u201eDas neue liechtensteinische Stiftungsrecht\u201c, im Rahmen des Vortragsabends \u201eVerm\u00f6genssicherung und Verm\u00f6gensweitergabe: \u00d6sterreichische Privatstiftung, liechtensteinische Stiftung und innovative Versicherungskonzepte im Vergleich\u201c, veranstaltet von Willheim\/M\u00fcller, Rechtsanw\u00e4lte, 14. 10. 2009.<\/li>\n\n\n\n<li>\u201eUnternehmensnachfolge von Todes wegen\u201c, im Rahmen im Rahmen des Seminars \u201eErbrecht und Verm\u00f6gensnachfolge\u201c der \u00d6sterreichischen Anwaltsakademie am 16. 10. 2009.<\/li>\n\n\n\n<li>Vortragsreihe zum Thema \u201eErbrechtliche Nachfolge im Unternehmen\u201c, veranstaltet von der \u00d6sterreichischen Notariatsakademie (gemeinsam mit Dr. Christian Huber) am 29. 10. 2009, 5. 11. 2009, 12. 11. 2009, 25. 11. 2009.<\/li>\n\n\n\n<li>\u201eFundamental Rights in Austrian Civil Law\u201c im Rahmen der Konferenz \u201eFundamental Rights and Civil Law in the European Context\u201c, organisiert von der Rechtwissenschaftlichen Fakult\u00e4t der Masaryk Universit\u00e4t Br\u00fcnn in Kooperation mit der Acquis Gruppe, 5. 11. 2009.<\/li>\n\n\n\n<li>\u201eSachwalterrecht und Heimvertragsrecht im Spiegel der neuesten Rechtsprechung\u201c, im Rahmen der 3. iFamZ-Tagung, 11. 11. 2009.<\/li>\n\n\n\n<li>\u201eDie Haftung der Organe juristischer Personen\u201c im Rahmen des Seminars \u201eD &amp; O-Versicherung\u201c, veranstaltet von der \u00d6sterreichischen Gesellschaft f\u00fcr Versicherungsfachwissen (gemeinsam Univ.-Prof. Dr. Attila Fenyves und Dir. Leopold Buxbaum), am 3. 12. 2009.<\/li>\n\n\n\n<li>\u201eWrongful birth und wrongful conception aus rechtsvergleichender Perspektive\u201c, beim Gleichstellungsdialog \u201eBehindertes Kind als Schadensfall?\u201c, am 16. 12. 2009.<\/li>\n<\/ol>\n\n\n\n<h3 class=\"wp-block-heading\">2010<\/h3>\n\n\n\n<ol class=\"wp-block-list\" start=\"69\">\n<li>\u201eVerm\u00f6gensplanung \u2013 das liechtensteinische Recht als Gestaltungsalternative\u201c, Vortrag bei der Pr\u00e4sentation des Executive Master of Laws (LL.M.) im Gesellschafts-, Stiftungs- und Trustrecht der Hochschule Liechtenstein beim Verlag Manz am 10. 3. 2010.<\/li>\n\n\n\n<li>\u201eDer Unfallbegriff in der neueren Rechtsprechung\u201c, im Rahmen des gemeinsam mit Univ.-Prof. Dr. Attila Fenyves veranstalteten Privatissimum aus Versicherungsrecht, am 17. 3. 2010.<\/li>\n\n\n\n<li>\u201eMerger and Acquisition from a European Perspective\u201c, im Rahmen der Tagung \u201eMerger and Acquisition in CEE\u201c, an der Jagiellonen Universit\u00e4t Krakau am 22. 4. 2010.<\/li>\n\n\n\n<li>\u201eDie neue GVO: Gemeinsame Erhebungen, Tabellen und Studien; Gemeinsame Deckung bestimmter Arten von Risiken\u201c, bei der Veranstaltung \u201eDie neue Gruppenfreistellungsverordnung im Versicherungssektor\u201c, veranstaltet von der \u00d6sterreichischen Gesellschaft f\u00fcr Versicherungsfachwissen, am 18. 5. 2010.<\/li>\n\n\n\n<li>\u201eAktuelle Fragen der Haftpflichtversicherung\u201c, im Rahmen des 42. Unternehmensrechtlich-volkswirtschaftlichen Seminars f\u00fcr RichterInnen, am 10. 6. 2010.<\/li>\n\n\n\n<li>\u201eReform\u00fcberlegungen Liechtenstein (Stiftungsrecht)\u201c, im Rahmen der STEP Konferenz in Wien am 15. 9. 2010.<\/li>\n\n\n\n<li>\u201eErbrechtsreform und rechtsberatende Berufe\u201c, Vortrag anl\u00e4sslich der Pr\u00e4sentation des Buchs \u201eErbrecht und Verm\u00f6gensnachfolge\u201c, am 11. 10. 2010 bei der \u00d6sterreichischen Notariatskammer.<\/li>\n\n\n\n<li>\u201eWesensgrenzen des Arbeitsvertrages\u201c, bei den 3. Wiener Oktobergespr\u00e4chen (\u201eCiviles im Arbeitsrecht\u201c) am 21. 10. 2010.<\/li>\n\n\n\n<li>\u201eUnternehmensnachfolge von Todes wegen\u201c, im Rahmen im Rahmen des Seminars \u201eErbrecht und Verm\u00f6gensnachfolge\u201c der \u00d6sterreichischen Anwaltsakademie am 22. 10. 2010.<\/li>\n\n\n\n<li>\u201eHarmonization of Law in Europe \u2013 The multilevel Approach\u201c, bei der Internationalen Konferenz der rechtswissenschaftlichen Fakult\u00e4t der Comenius Universit\u00e4t Bratislava, 23. 10. 2010.<\/li>\n\n\n\n<li>\u201eDas neue Stiftungsrecht in der Praxis \u2013 eine erste Zwischenbilanz unter besonderer Ber\u00fccksichtigung der Rechtsprechung\u201c, beim 3. Liechtensteinischen Stiftungsrechtstag, am 26. 10. 2010 an der Hochschule Liechtenstein.<\/li>\n\n\n\n<li>\u201eHaftpflichtverh\u00e4ltnisse im Sachwalterrecht\u201c, veranstaltet vom Nieder\u00f6sterreichischen Verein f\u00fcr Sachwalterschaft und Bewohnervertretung, am 28. 10. 2010.<\/li>\n\n\n\n<li>\u201eDie Behindertenrechts-Konvention und das \u00f6sterreichische Recht\u201c im Rahmen der 4. iFamZ-Tagung am 8. 11. 2010.<\/li>\n\n\n\n<li>\u201eBeraterhaftung\u201c, beim Symposion \u201eHaftung im Wirtschaftsrecht\u201c, veranstaltet von der Studiengesellschaft f\u00fcr Wirtschaft und Recht, am 26. 11. 2010 in Salzburg.<\/li>\n\n\n\n<li>\u201eBesondere Fragen der Sachwalterschaft: Kollisionsrecht, verfahrensrechtliche Fragen\u201c, bei der Vortragsveranstaltung \u201eDas neue liechtensteinische Recht der Sachwalterschaft\u201c, veranstaltet von der Hochschule Liechtenstein, am 6. 12. 2010 in Vaduz.<\/li>\n\n\n\n<li>\u201eGrundfragen der Sicherungsabtretung im \u00f6sterreichischen Recht\u201c, bei der Konferenz \u201eKreditsicherheiten in der Praxis und Theorie Tschechiens und \u00d6sterreichs\u201c, veranstaltet von der Tschechischen Rechtsanwaltskammer und dem Zentrum f\u00fcr Rechtsvergleichung, am 10. 12. 2010 in Prag.<\/li>\n<\/ol>\n\n\n\n<h3 class=\"wp-block-heading\">2011<\/h3>\n\n\n\n<ol class=\"wp-block-list\" start=\"85\">\n<li>\u201eOffshore finance in the Alps \u2013 the new Liechtenstein foundation as an equivalent to the trust?\u201c, Vortrag gehalten an der London School of Economics and Political Science (LSE) am 2. 2. 2011.<\/li>\n\n\n\n<li>\u201eVollmachtsrecht unter besonderer Ber\u00fccksichtigung der Vorsorgevollmacht\u201c, ganzt\u00e4gige Seminarveranstaltung der \u00d6sterreichischen Notariatskammer, am 1. 3. 2011 (Hall\/Tirol), 5. 5. 2011 (Wien), 6. 6. 2011 (Klagenfurt), 16. 6. 2011 (Linz), gemeinsam mit Notar Dr. Michael Lunzer.<\/li>\n\n\n\n<li>\u201eNeuerungen im Stiftungsrecht\u201d, Vortrag gehalten bei der Tagung \u201eFinanzdienstleistung 2015\u201c, veranstaltet von FinQ am 14. 3. 2011 in Wien.<\/li>\n\n\n\n<li>\u201eHaftung f\u00fcr Prospekt- und Werbeinformation \u2013 Rechtsfolgen irref\u00fchender Prospekte\u201c, Vortrag gehalten bei der 6. Jahrestagung Kapitalmarktrecht, veranstaltet von Business Circle am 24. 3. 2011.<\/li>\n\n\n\n<li>\u201eThe Draft Common Frame of Reference (DCFR) \u2013 An introduction and comparitive overview\u201c, Gastvorlesung gehalten im Rahmen der Scuola Dottorale Interateneo in Scienze Giuridiche an der Universit\u00e0 Ca\u2019Foscari Venezia am 30. 3. 2011.<\/li>\n\n\n\n<li>\u201eSchuldrecht: Reformbedarf oder Kontinuit\u00e4t?\u201d, Vortrag gehalten bei der \u00d6sterreichischen RichterInnenwoche 2011 \u201e200 Jahre ABGB\u201c, in Lochau am 18. 5. 2011.<\/li>\n\n\n\n<li>\u201eDie VersVG-Novelle 2011 \u2013 Grundlagen und Neuerungen\u201c, Vortrag gehalten Versicherungsmaklersymposion in Velden am 19. 5. 2011.<\/li>\n\n\n\n<li>\u201eSchuldrechtliche Nebenabreden im Gesellschaftsrecht\u201c, Vortrag beim 2. Deutsch-\u00f6sterreichisch-schweizerischen Symposium aus Gesellschafts- und Kapitalmarktrecht, veranstaltet vom Max-Planck-Institut f\u00fcr ausl\u00e4ndisches und internationales Gesellschaftsrecht am 20. 5. 2011 in Hamburg.<\/li>\n\n\n\n<li>\u201eEinleitende Bestimmungen\u201c im Entwurf des Optionalen Instruments, Vortrag bei der Tagung \u201eAm Vorabend eines Europ\u00e4ischen Vertragsrechts?\u201c, veranstaltet von Univ.-Prof. Dr. Christiane Wendehorst und Univ.-Prof. Dr. Brigitta Z\u00f6chling-Jud, am 28. 6. 2011.<\/li>\n\n\n\n<li>\u201eZivilrechtliche Grundlagen von Anlegeranspr\u00fcchen (Irrtum, Leistungsst\u00f6rung, Schadenersatz), beim Jahreskongress Wirtschaftsrecht, veranstaltet von der Wirtschaftsuniversit\u00e4t Wien, am 16.9. 2011.<\/li>\n\n\n\n<li>\u201eAltes und Neues aus dem Wohnrecht\u201c, Vortrag bei der Pr\u00e4sentation von Illedits\/Reich-Rohrwig (Hrsg), am 7. 10. 2011.<\/li>\n\n\n\n<li>\u201eUnternehmensnachfolge von Todes wegen\u201c, im Rahmen im Rahmen des Seminars \u201eErbrecht und Verm\u00f6gensnachfolge\u201c der \u00d6sterreichischen Anwaltsakademie am 21. 10. 2011.<\/li>\n\n\n\n<li>\u201ePrivatstiftungsrecht f\u00fcr Familienrechtler\u201c im Rahmen der 5. iFamZ-Tagung am 9. 11. 2011.<\/li>\n\n\n\n<li>\u201e200 Jahre und immer noch weise? \u2013 Von der Lebenskraft des ABGB heute, Vortrag gehalten anl\u00e4sslich der Pr\u00e4sentation der Festschrift 200 Jahre ABGB bei der gleichnamigen Festveranstaltung des \u00d6sterreichischen Juristentags und des Bundesminsteriums f\u00fcr Justiz, am 10. 11. 2011.<\/li>\n\n\n\n<li>\u201eDas ABGB \u2013 Wesensmerkmale, Perspektiven und heutige Standortbestimmung\u201c, Vortrag bei der Konferenz \u201e200 Jahre ABGB\u201c an der Karls-Universit\u00e4t Prag, 22. 11. 2011.<\/li>\n\n\n\n<li>\u201eUpdate Erbrecht\u201c, Seminar im Rahmen der richterlichen Fortbildung des OLG Wien am 24. 11. 2011.<\/li>\n<\/ol>\n\n\n\n<h3 class=\"wp-block-heading\">2012<\/h3>\n\n\n\n<ol class=\"wp-block-list\" start=\"101\">\n<li>\u201eUnternehmensnachfolge von Todes wegen\u201c, im Rahmen im Rahmen des Seminars \u201eErbrecht und Verm\u00f6gensnachfolge\u201c der \u00d6sterreichischen Anwaltsakademie (St. Georgen im Attergau) am 20. 4. 2012.<\/li>\n\n\n\n<li>\u201eAktuelle Entwicklungen und Fragen im Erbrecht\u201c, im Rahmen des Vortragsabends \u201eErbrecht aktuell \u2013 Fehler bei der Verm\u00f6gensweitergabe vermeiden und richtig vererben\u201c, veranstaltet von Willheim\/M\u00fcller, Rechtsanw\u00e4lte, 25. 4. 2012.<\/li>\n\n\n\n<li>\u201e200 Jahre ABGB \u2013 vom Leben mit einer alten Kodifikation\u201c, Vortrag gehalten im Rahmen einer Gastprofessur an der Chuo Universit\u00e4t Tokyo am 14. 5. 2012.<\/li>\n\n\n\n<li>\u201eDas ABGB und seine Modernisierung\u201c, Vortrag gehalten an der Ryokoku Universit\u00e4t Kyoto am 19. 5. 2012.<\/li>\n\n\n\n<li>\u201eDie neuen gesetzlichen Rahmenbedingungen des VersVG \u2013 Obliegenheits- und K\u00fcndigungsrecht\u201c, Vortrag veranstaltet von der \u00d6sterreichischen Gesellschaft f\u00fcr Versicherungsfachwissen am 11. 6. 2012.<\/li>\n\n\n\n<li>\u201eStiftungsrecht \u2013 Grundlagen und aktuelle Entwicklungen\u201c, Vortrag im Rahmen im Rahmen des 44. Unternehmensrechtlich-Volkswirtschaftlichen Seminars f\u00fcr RichterInnen, veranstaltet vom Pr\u00e4sidenten des OLG Wien, des Pr\u00e4sidenten des HG Wien und von der Volkswirtschaftlichen Gesellschaft Wien\/N\u00d6, am 12. 6. 2012.<\/li>\n\n\n\n<li>Laudatio f\u00fcr Dr. Florian Binder anl\u00e4sslich der Verleihung des Kurt-Wagner-Preises des \u00f6sterreichischen Notariats, am 18. 6. 2012.<\/li>\n\n\n\n<li>\u201eDie Reform der Gesellschaft b\u00fcrgerlichen Rechts\u201c, Vortrag bei der Grazer Juristischen Gesellschaft am 20. 6. 2012.<\/li>\n\n\n\n<li>\u201eDas Europ\u00e4ische Nachlasszeugnis\u201c, Vortrag beim Symposium zur EU-Erbrechtsverordnung, veranstaltet von der Rechtsanwaltskammer Wien am 1. 10. 2012.<\/li>\n\n\n\n<li>\u201eErbrecht aktuell \u2013 die neue EU-Erbrechtsverordnung\u201c, Vortrag bei der UBS am 9. 10. 2012.<\/li>\n\n\n\n<li>\u201eZwischenfazit: Emittenten- und Anlageberatungshaftung\u201c, Vortrag bei RuSt 2012 am 11. 10. 2012 (gemeinsam mit RA Dr. Andreas Zahradnik).<\/li>\n\n\n\n<li>\u201eUnternehmensnachfolge von Todes wegen\u201c, im Rahmen im Rahmen des Seminars \u201eErbrecht und Verm\u00f6gensnachfolge\u201c der \u00d6sterreichischen Anwaltsakademie am 19. 10. 2012.<\/li>\n\n\n\n<li>\u201eKlauselkontrolle bei AGB \u2013 Herausforderungen zwischen materiellem Recht und Verfahrensrecht\u201c, Vortrag gehalten am 22. 10. 2012 an der Wirtschaftsuniversit\u00e4t Wien.<\/li>\n\n\n\n<li>\u201eEU-Erbrechtsverordnung \u2013 grenz\u00fcberschreitende Erbf\u00e4lle\u201c, Vortrag bei der ARS-Jahrestagung \u201eErbrecht &amp; Verm\u00f6gensweitergabe\u201c am 24. 10. 2012 (gemeinsam mit Univ.-Prof. Dr. Constanze Fischer-Czermak und Dr. Robert Fucik).<\/li>\n\n\n\n<li>\u201eWer muss\/kann\/darf\/darf nicht Sachwalter sein?\u201c, im Rahmen der 6. iFamZ-Tagung am 7. 11. 2011.<\/li>\n\n\n\n<li>\u201eUpdate Erbrecht und Verlassenschaftsverfahren\u201c, ganzt\u00e4gige Seminarveranstaltung der \u00d6sterreichischen Notariatskammer, am 8. 11. 2012 (Hall\/Tirol), 15. 11. 2012 (Linz), 22. 11. 2012 (Graz), 29. 11. 2012 (Wien) gemeinsam mit Notar Dr. Michael Lunzer.<\/li>\n\n\n\n<li>\u201eUpdate Stiftungsrecht\u201c, halbt\u00e4gige Seminarveranstaltung f\u00fcr die \u00d6sterreichische Anwaltsakademie am 13. 11. 2012.<\/li>\n\n\n\n<li>\u201eIntergenerational transfer of wealth from a comparative perspective \u2013 different solutions to a complex problem\u201c, im Rahmen des Kongresses \u201eTransmissione intergenerazionals della ricchezza tra famiglia e mercato\u201c, veranstaltet von der Universit\u00e0 Ca\u2018 Foscari Venezia und dem Consiglio Notarile del distretto di Venezia, am 23. 11. 2012 in Venedig.<\/li>\n\n\n\n<li>\u201eErbrecht goes Europe \u2013 Die neue Erbrechtsverordnung der Europ\u00e4ischen Union\u201c, im Rahmen des Vortragsabends \u201eErbrecht aktuell\u201c, veranstaltet von Wolf Theiss, 29. 11. 2012.<\/li>\n<\/ol>\n\n\n\n<h3 class=\"wp-block-heading\">2013<\/h3>\n\n\n\n<ol class=\"wp-block-list\" start=\"120\">\n<li>\u201eNational report: Austria\u201c, im Rahmen der Konferenz \u201eTrust, Fiducie, Treuhand in Europe and the Czech Republic\u201c, Karls-Universit\u00e4t Prag, 29. 1. 2013.<\/li>\n\n\n\n<li>\u201eDie Corporate Governance im Familienunternehmen\u201c, Vortrag anl\u00e4sslich der Buchpr\u00e4sentation von Kalss\/Probst, Familienunternehmen, Kathrein Privatbank Wien, 22. 4. 2013.<\/li>\n\n\n\n<li>\u201eDas Erbrecht \u2013 St\u00f6rfaktor in Familienunternehmen?\u201c, Vortrag beim 1. Familienunternehmertag, G\u00f6ttweig, 2. Mai 2013.<\/li>\n\n\n\n<li>\u201eAktuelle Rechtsprechung zum Erbrecht\u201c, Vortrag f\u00fcr die Austrian Advocates Alliance, 14. Mai 2013.<\/li>\n\n\n\n<li>Update Erbrecht und Verlassenschaftsverfahren\u201c, ganzt\u00e4gige Seminarveranstaltung der \u00d6sterreichischen Notariatskammer, am 28. 5. 2013 (Villach), 10. 6. 2013 (Wien), 17. 6. 2013 (Linz), 20. 6. 2013 (Hall\/Tirol), gemeinsam mit Notar Dr. Michael Lunzer.<\/li>\n\n\n\n<li>\u201eErbrecht goes Europe: Ausgew\u00e4hlte Fragen der EU-Erbrechtsverordnung\u201c, Vortrag beim Symposium \u201eMigration, Familie und Verm\u00f6gen\u201c, veranstaltet von der \u00d6sterreichischen Gesellschaft f\u00fcr Familien- und Verm\u00f6gensrecht, im BMJ, am 19. 6. 2013.<\/li>\n\n\n\n<li>\u201eZum 20-j\u00e4hrigen Jubil\u00e4um des PSG \u2013 eine (kritische) Laudatio\u201c, Vortrag im Rahmen der Veranstaltung \u201e20 Jahre Privatstiftungsgesetz\u201c, veranstaltet von willheim|m\u00fcller rechtsanw\u00e4lte am 5. 9. 2013.<\/li>\n\n\n\n<li>\u201eDer Kommissionsvorschlag zur European Foundation \u2013 vom Nutzen und den Problemen einer neuen supranationalen Rechtsform\u201c, im Rahmen der \u201eAktuellen Stunde\u201c, veranstaltet von Prof. Dr. Reinhard Zimmermann am Max-Planck-Institut f\u00fcr ausl\u00e4ndisches und internationales Privatrecht (Hamburg), 19. 9. 2013.<\/li>\n\n\n\n<li>\u201eVergleich des Regelungskonzepts der \u00f6sterreichischen Privatstiftung mit der neuen liechtensteinischen Stiftung\u201c, Vortrag beim Festsymposion \u201e20 Jahre Privatstiftungsgesetz\u201c am 23. 9. 2013, Wien.<\/li>\n\n\n\n<li>\u201eEU-Erbrechtsverordnung \u2013 grenz\u00fcberschreitende Erbf\u00e4lle\u201c, Vortrag bei der ARS-Jahrestagung \u201eErbrecht &amp; Verm\u00f6gensweitergabe\u201c am 17. 10. 2013 (gemeinsam mit Univ.-Prof. Dr. Constanze Fischer-Czermak).<\/li>\n\n\n\n<li>\u201eUnternehmensnachfolge von Todes wegen\u201c, im Rahmen im Rahmen des Seminars \u201eErbrecht und Verm\u00f6gensnachfolge\u201c der \u00d6sterreichischen Anwaltsakademie am 18. 10. 2013.<\/li>\n\n\n\n<li>\u201eDie \u00f6sterreichischen Versicherungs-Novellen 2012 und 2013 \u2013 vom elektronischen Vertragsschluss zum Diskriminierungsschutz f\u00fcr behinderte Personen\u201c, Seminar \u201eVersicherungsvertragsgesetz \u2013 R\u00fcckblick und Zukunftsperspektiven\u201c, veranstaltet vom EuropaInstitut der Universit\u00e4t Z\u00fcrich, 25. 10. 2013.<\/li>\n\n\n\n<li>\u201eErbrecht und Stiftungen\u201c, Vortrag bei \u201eDie Stiftung als Gestaltungsinstrument\u201c, veranstaltet von ARS (Akademie f\u00fcr Recht, Steuern &amp; Wirtschaft) am 18. 11. 2013.<\/li>\n\n\n\n<li>\u201eHaftpflichtverh\u00e4ltnisse im Sachwalterrecht\u201c, veranstaltet vom Nieder\u00f6sterreichischen Landesverein f\u00fcr Sachwalterschaft und Bewohnervertretung, am 20. 11. 2013.<\/li>\n\n\n\n<li>\u201ePrivatissimum \u2013 Pflichtteilsrecht in der Praxis\u201c, veranstaltet von der \u00d6sterreichischen Notariatskammer, 28. 11. 2013.<\/li>\n\n\n\n<li>Vortragsreihe zum Thema \u201eErbrechtliche Nachfolge im Unternehmen\u201c, veranstaltet von der \u00d6sterreichischen Notariatsakademie (gemeinsam mit Dr. Christian Huber) am 7. 11. 2013, 14. 11. 2013, 15. 11. 2013, 29. 11. 2013.<\/li>\n\n\n\n<li>\u201eUpdate Erbrecht\u201c, Seminar im Rahmen der richterlichen Fortbildung des OLG Wien am 5. 12. 2013.<\/li>\n<\/ol>\n\n\n\n<h3 class=\"wp-block-heading\">2014<\/h3>\n\n\n\n<ol class=\"wp-block-list\" start=\"137\">\n<li>\u201eRechtspolitische Perspektiven im Personengesellschaftsrecht: das Beispiel \u00d6sterreich\u201c, ZGR-Symposium (Kronberg im Taunus), 17. 1. 2014.<\/li>\n\n\n\n<li>\u201eDas Restatement Versicherungsvertragsrecht aus Sicht des \u00f6sterreichischen Rechts\u201c, Tagung zum Thema \u201eDas Modell eines europ\u00e4ischen Versicherungsvertragsrechts \u2013 und seine Bedeutung f\u00fcr das grenz\u00fcberschreitende Versicherungsgesch\u00e4ft im europ\u00e4ischen Binnenmarkt\u201c, veranstaltet von der Finanzmarktaufsicht Liechtenstein, Vaduz, 31. 1. 2014.<\/li>\n\n\n\n<li>\u201eDie \u00f6sterreichischen Versicherungs-Novellen 2012 und 2013 \u2013 vom elektronischen Vertragsschluss zum Diskriminierungsschutz\u201c, Jahrestagung des Deutschen Vereins f\u00fcr Versicherungswissenschaft, Stuttgart, 20. 3. 2014.<\/li>\n\n\n\n<li>\u201eErg\u00e4nzende Auslegung von Versicherungsvertr\u00e4gen im Liche des Europ\u00e4ischen Verbraucherschutzrechts\u201c, Vortrag im Privatissimum aus Versicherungsvertrags (veranstaltet gemeinsam mit Attila Fenyves), 9. 4. 2014.<\/li>\n\n\n\n<li>\u201eUnternehmensnachfolge von Todes wegen\u201c, im Rahmen im Rahmen des Seminars \u201eErbrecht und Verm\u00f6gensnachfolge\u201c der \u00d6sterreichischen Anwaltsakademie am 11. 4. 2014 (Attersee) und am 17. 10. 2014 (Wien).<\/li>\n\n\n\n<li>\u201eDie liechtensteinische Stiftung als Alternative zur \u00f6sterreichischen Privatstiftung\u201c, Jahrestagung Stiftungen (ARS), Wien, 15. Mai 2014.<\/li>\n\n\n\n<li>Update Erbrecht und Verlassenschaftsverfahren\u201c, ganzt\u00e4gige Seminarveranstaltung der \u00d6sterreichischen Notariatskammer, am 13. 5. 2014 (Salzburg), 20. 5. 2014 (Wien), 27. 5. 2014 (Villach), 3. 6. 2014 (Hall\/Tirol), 23. 6. 2014 (Wien), gemeinsam mit Notar Dr. Michael Lunzer.<\/li>\n\n\n\n<li>\u201eSyndikatsvertr\u00e4ge in Lehre und Rechtsprechung\u201c, Wirtschaftsuniversit\u00e4t Wien, 28. Mai 2014 (gemeinsam mit Hon.-Prof. Dr. Karl Hempel).<\/li>\n\n\n\n<li>\u201eDie Umsetzung der Verbraucherrechte-Richtlinie in \u00d6sterreich\u201c, 21. Drei-L\u00e4nder-Treffen der Deutschen Gesellschaft f\u00fcr Recht und Inforrmatik, Linz, 11. Juli 2014.<\/li>\n\n\n\n<li>\u201ePrivatissimum Vorsorgevollmacht\u201c, veranstaltet von der \u00d6sterreichischen Notariatskammer, 19. September 2014.<\/li>\n\n\n\n<li>\u201eDie Rechtsstellung des Stiftungsvorstands im Interessenkonflikt der Stiftungsbeteiligten\u201c, im Rahmen der Pr\u00e4sentation des Buchs von K. M\u00fcller (Hrsg), Handbuch Stiftungsmanagement, 25. September 2014.<\/li>\n\n\n\n<li>\u201ePersonenvorsorge spezial\u201c, ganzt\u00e4gige Seminarveranstaltung der \u00d6sterreichischen Notariatskammer, am 2. 10. 2014 (Linz), 30. 10. 2014 (Wien), 13. 11. 2014 (Hall\/Tirol), 27. 11. 2014 (Graz), gemeinsam mit Notar Dr. Michael Lunzer.<\/li>\n\n\n\n<li>EU-ErbrechtsVO\u201c, ARS-Jahrestagung \u201eErbrecht &amp; Verm\u00f6gensweitergabe\u201c, 16. 10. 2014.<\/li>\n\n\n\n<li>\u201eSelbstzweckstiftung \u2013 Unternehmensstiftung\u201c, 7. Liechtensteinischer Stiftungsrechtstag, veranstaltet von der Universit\u00e4t Liechtenstein, Vaduz, 22. 10. 2014.<\/li>\n\n\n\n<li>\u201eDie EU-Erbrechts-Verordnung\u201c, im Rahmen der 8. iFamZ-Tagung am 10. 11. 2014.<\/li>\n\n\n\n<li>\u201eStiftung und Erbrecht\u201c, ARS-Jahrestagung \u201eStiftungen\u201c, 25. 11. 2014.<\/li>\n<\/ol>\n\n\n\n<h3 class=\"wp-block-heading\">2015<\/h3>\n\n\n\n<ol class=\"wp-block-list\" start=\"153\">\n<li>\u201eErbrecht neu \u2013 2015: Das Jahr des Paradigmenwechsels?\u201c, STEP Jahresausblick, 20. 1. 2015.<\/li>\n\n\n\n<li>\u201eUntenehmensnachfolge und Unternehmensstiftungen in der Erbrechtsreform\u201c, im Rahmen des Seminars \u201eAktuelle Entwicklungen im Unternehmensrecht- und Steuerrecht\u201c, veranstaltet von H\u00fcgel\/Kirchmayr\/Mayr\/R\u00fcffler\/Torggler, am 19. 3. 2015.<\/li>\n\n\n\n<li>\u201eWill-substitutes in Austria\u201c, bei der Tagung \u201eWill-substitutes from a Comparative Perspective\u201c, veranstaltet von Bucerius Law School and University of Oxford, in Oxford, am 27. 3. 2015.<\/li>\n\n\n\n<li>\u201eZwischen Anleger- und Bankenschutz \u2013 Rechtsprobleme des Vertriebs von Kapitalanlagen\u201c, Referat beim 19. \u00d6sterreichischen Juristentag, 8. 5. 2015.<\/li>\n\n\n\n<li>\u201e2015 \u2013 Pflichtteilsrecht neu\u201c, Vortrag beim 3. \u00d6sterreichischen Familienunternehmertag (G\u00f6ttweig), 9. 5. 2015.<\/li>\n\n\n\n<li>\u201eErbrechtsreform 2015 \u2013 Paradigmenwechsel oder window dressing?\u201c, Veranstaltung anl\u00e4sslich des JEV-Relaunch, 19. 5. 2015.<\/li>\n\n\n\n<li>\u201eAktuelle Probleme der Lebensversicherung\u201c, im Rahmen des gemeinsam mit Univ.-Prof. Dr. Attila Fenyves veranstalteten Privatissimum aus Versicherungsrecht, am 20. 5. 2015.<\/li>\n\n\n\n<li>\u201eUpdate Erbrecht und Verlassenschaftsverfahren\u201c, ganzt\u00e4gige Seminarveranstaltung der \u00d6sterreichischen Notariatskammer, am 7. 5. 2015 (Hall\/Tirol), 20. 5. 2015 (Wien), 27. 5. 2015 (Salzburg), 3. 6. 2015, (Wien), 11. 6. 2015 (Graz), gemeinsam mit Notar Dr. Michael Lunzer.<\/li>\n\n\n\n<li>\u201eDie Europ\u00e4ische Erbrechtsverordnung\u201c, im Rahmen des Vortragsabends \u201eDas (Ver)Erben wird neu geregelt\u201c, veranstaltet von der Kathrein Bank am 18. Juni 2015 (Wien).<\/li>\n\n\n\n<li>\u201ePflichtteilsrecht und M\u00f6glichkeiten letztwilliger Gestaltung\u201c, im Rahmen der Tagung \u201ePflichtteilsrecht und Gestaltungsm\u00f6glichkeiten der Pflichtteilsdeckung aus rechtsvergleichender Sicht\u201c an der Rechtswissenschaftlichen Fakult\u00e4t der Universit\u00e4t Wien am 15. 9. 2015.<\/li>\n\n\n\n<li>\u201ePflichtteilsrecht einschlie\u00dflich Gestaltung der Pflichtteilsdeckung\u201c, im Rahmen der Fachtagung \u201eReform des Erbrechts\u201c (veranstaltet von der \u00d6sterreichischen Gesellschaft f\u00fcr Familien- und Verm\u00f6gensrecht), am 16. 9. 2015.<\/li>\n\n\n\n<li>\u201eEuErbrechtsVO \u2013 grenz\u00fcberschreitende Erbrechtsf\u00e4lle\u201c, bei der ARS-Jahrestagung Erbrecht &amp; Verm\u00f6gensweitergabe, am 28. 9. 2015.<\/li>\n\n\n\n<li>\u201eEuErbrechtsVO \u2013 welches Recht gilt bei grenz\u00fcberschreitenden Erbf\u00e4llen?\u201c, bei der Veranstaltung \u201eErbrecht neu \u2013 Gestaltungsm\u00f6glichkeiten und Gefahren\u201c, veranstaltet vom WirtschaftsClub, am 29. 9. 2015.<\/li>\n\n\n\n<li>\u201eEinleitung und anzuwendendes Recht\u201c, beim Symposium \u201eEurop\u00e4ische ErbrechtsVO und deren Umsetzung in das \u00f6sterreichische Recht\u201c, veranstaltet vom Juridisch-Politischen Leseverein, am 15. 10. 2015.<\/li>\n\n\n\n<li>\u201eUnternehmensnachfolge von Todes wegen\u201c, im Rahmen des Seminars \u201eErbrecht und Verm\u00f6gensnachfolge\u201c der \u00d6sterreichischen Anwaltsakademie am 16. 10. 2015.<\/li>\n\n\n\n<li>\u201eDas zu versichernde Haftpflichtrisiko\u201c, im Rahmen des Vortragsabends \u201eSchutzschirm D&amp;O-Versicherung\u201c, veranstaltet vonGrECo International und Kunz Schima Wallentin Rechtsanw\u00e4lte OG, am 21. 10. 2015.<\/li>\n\n\n\n<li>\u201eSchenkungsanrechnung und Pflichtteilsrecht\u201c, im Rahmen der 9. iFamZ-Tagung am 4. 11. 2015.<\/li>\n\n\n\n<li>\u201eNachfolgeregelungen in Gesellschaftsvertr\u00e4gen und vorweggenommene Erbfolge nach der Erbrechtsreform\u201c, Vortrag bei RuSt 2015 am 6. 11. 2015 (gemeinsam mit RA Dr. Bernhard Rieder).<\/li>\n\n\n\n<li>\u201eReform des Pflichtteilsrechts \u2013 Auswirkungen auf Privatstiftungen\u201c, Vortrag beim Stiftungsfr\u00fchst\u00fcck von M\u00fcller &amp; Partner am 24. 11. 2015 (gemeinsam mit DDr. Katharina M\u00fcller).<\/li>\n\n\n\n<li>\u201ePflichtteilsrecht\u201c, Vortrag bei der Jahrestagung Erbrechtsnovelle 2015, veranstaltet von Akademie f\u00fcr Recht, Steuern und Wirtschaft, in Linz am 26. 11. 2015.<\/li>\n<\/ol>\n\n\n\n<h3 class=\"wp-block-heading\">2016<\/h3>\n\n\n\n<ol class=\"wp-block-list\" start=\"173\">\n<li>\u201eDeath bed planning and EU Succession Regulation\u201c, Teilnahme an einer Podiumsdiskussion bei STEP Europe Conference 2016 \u201eAdvising the International Family in Europe\u201c, 5. 2. 2016, Monaco.<\/li>\n\n\n\n<li>\u201eSchwerpunkte der Erbrechtsreform\u201c, Vortrag bei der Wiener Juristischen Gesellschaft am 17. 2. 2016.<\/li>\n\n\n\n<li>\u201ePflichtteilsrecht\u201c, Vortrag bei der Jahrestagung Erbrechtsnovelle 2015, veranstaltet von Akademie f\u00fcr Recht, Steuern und Wirtschaft, am 25. 2. 2016 (Graz), 12. 5. 2016 (Wien).<\/li>\n\n\n\n<li>\u201eOrganisation und Governance\u201c, Vortrag beim Symposium \u201eDas neue Gemeinn\u00fctzigkeitsrecht\u201c, veranstaltet von der \u00d6sterreichischen Gesellschaft f\u00fcr Familien- und Verm\u00f6gensrecht am 3. 3. 2016.<\/li>\n\n\n\n<li>\u201eNachfolgeregelungen in Gesellschaftsvertr\u00e4gen und vorweggenommene Erbfolge nach der Erbrechtsreform\u201c, Vortrag bei der Jahrestagung der Gesellschaftsrechtlichen Vereinigung \u00d6sterreichs zum Thema \u201eGesellschaftsrecht und Erbrecht\u201c, am 4. 3. 2016 in Linz.<\/li>\n\n\n\n<li>\u201eUnternehmensnachfolge von Todes wegen\u201c, im Rahmen im Rahmen des Seminars \u201eErbrecht und Verm\u00f6gensnachfolge\u201c der \u00d6sterreichischen Anwaltsakademie (St. Georgen im Attergau) am 1. 4. 2016.<\/li>\n\n\n\n<li>\u201ePflichtteilsdeckung und Hinzu- und Anrechnung von Schenkungen\u201c, \u201eUnternehmensnachfolge und Unternehmensstiftungen in der Erbrechtsreform\u201c, im Rahmen des Seminars \u201eAktuelle Entwicklungen im Unternehmensrecht- und Steuerrecht\u201c, veranstaltet von H\u00fcgel\/Kirchmayr\/Mayr\/R\u00fcffler\/Torggler, am 6. 4. 2016.<\/li>\n\n\n\n<li>\u201eUnternehmenserbrecht in \u00d6sterreich\u201c im Rahmen des 2. Symposiums f\u00fcr Europ\u00e4isches Erbrecht (Unternehmenserbrecht in Europa), an der Universit\u00e4t Regensburg, am 8. 4. 2016.<\/li>\n\n\n\n<li>\u201eSp\u00e4tr\u00fccktritt und R\u00fcckabwicklung in der Lebensversicherung\u201c, im Rahmen des gemeinsam mit Univ.-Prof. Dr. Attila Fenyves veranstalteten Privatissimum aus Versicherungsrecht, am 13. 4. 2016.<\/li>\n\n\n\n<li>\u201eRechtsfragen des Generationen\u00fcbergangs in der Familiengesellschaft\u201c, Vortrag im Rahmen des 7. Deutsch-\u00f6sterreichisch-schweizerischen Symposiums zum Gesellschafts- und Kapitalmarktrecht, Universit\u00e4t Z\u00fcrich am 13. 5. 2016.<\/li>\n\n\n\n<li>\u201eAktuelle Fragen der Aufsichtsratshaftung\u201c, Vortrag bei der Jahrestagung \u201eGesellschafts- und Unternehmensrecht\u201c der Manz Rechtsakademie, Donau Universit\u00e4t Krems, am 20. 5. 2016.<\/li>\n\n\n\n<li>Workshop \u201eDer Schutz der Familie, Pflichtteil, Rechtswahl und ordre public: Welche M\u00f6glichkeiten hat der Erblasser, seinen Willen durchzusetzen?\u201c gemeinsam mit Univ.-Prof. Dr. Astrid Deixler-H\u00fcbner, im Rahmen des Workshops zur EU-Erbrechtsverordnung der Europ\u00e4ischen Rechtsakademie (ERA) in Trier, am 2. 6. 2016.<\/li>\n\n\n\n<li>\u201eUpdate Erbrecht und Verlassenschaftsverfahren\u201c, ganzt\u00e4gige Seminarveranstaltung der \u00d6sterreichischen Notariatskammer, am 3.5.2016, (Wien), 19.5.2016 (Linz), 24.5.2016 (Klagenfurt), 7.6.2016 (Wien), 15.6.2016 (Hall\/Tirol), gemeinsam mit Notariatssubstitut Dr. Christoph Mondel.<\/li>\n\n\n\n<li>\u201eInformationspflichten und Wohlverhaltensregeln (Art 17-23)\u201c, Vortrag beim Symposium \u201eDie Umsetzung der Richtlinie \u00fcber den Versicherungsvertrieb (IDD)\u201c, veranstaltet von der \u00d6sterreichischen Gesellschaft f\u00fcr Versicherungsfachwissen, am 21.9.2016 in Wien.<\/li>\n\n\n\n<li>\u201eMobile B\u00fcrger zwischen Rechtswahl, \u00dcbersiedlung und Erbrechtsraten \u2013 Das nach der EuErbVO anwendbare Recht\u201c, Vortrag beim Intensivseminar \u201eErben und vererben \u2013 jetzt und in Zukunft\u201c, veranstaltet von der Anwaltsakademie am 6.10.2016 in Melk.<\/li>\n\n\n\n<li>\u201eLimitations of arbitration in Austrian law\u201c, Istanbul International Conference of Law, 18.10.2016.<\/li>\n\n\n\n<li>\u201eGrundrechte am Schnittpunkt \u00d6ffentliches Recht \u2013 Zivilrecht\u201c, Impulsvortrag beim gleichnamigen Symposium anl\u00e4sslich des Delegiertentages 2016 der \u00d6sterreichischen Notariatskammer, 20.10.2016 in Krems.<\/li>\n\n\n\n<li>\u201eDas \u201areiche\u2018 Kind \u2013 Verm\u00f6gensverwaltung\u201c, im Rahmen der 10. iFamZ-Tagung am 7.11.2016.<\/li>\n\n\n\n<li>\u201eM\u00fcndelgeld \u2013 Verm\u00f6gensverwaltung nach dem KindNamR\u00c4G 2013\u201c, im Rahmen eines Seminars f\u00fcr Mitarbeiterinnen und Mitarbeiter des Vereins \u201eVertretungsnetz\u201c am 9.11.2016.<\/li>\n\n\n\n<li>\u201eDie gemeinn\u00fctzige Stiftung im BStFG 2015\u201c, 16. Hamburger Tage des Stiftungs- und Non-Profit-Rechts, 11.11.2016, an der Bucerius Law School, Hamburg.<\/li>\n\n\n\n<li>\u201eElemente des neuen Erbrechts: EU-Erbrechtsverordnung und neues Pflichtteilsrecht\u201c, Kammertag der steierm\u00e4rkischen Rechtsanwaltskammer, am 14.11.2016, Graz.<\/li>\n\n\n\n<li>\u201ePflichtteilsrecht\u201c, im Rahmen des Seminars \u201eErbrechts-\u00c4nderungsgesetz 2015\u201c, veranstaltet von der \u00d6sterreichischen Notariatskammer, am 24.11.2016 (gemeinsam mit Univ.-Doz. Notar Dr. Umlauft) und am 25. 11. 2016 (gemeinsam mit Notar Dr. Beer) in Graz.<\/li>\n<\/ol>\n\n\n\n<h3 class=\"wp-block-heading\">2017<\/h3>\n\n\n\n<ol class=\"wp-block-list\" start=\"195\">\n<li>\u201eErbrecht und Stiftungen\u201c, Vortrag bei \u201eDie Stiftung als Gestaltungsinstrument\u201c, veranstaltet von ARS (Akademie f\u00fcr Recht, Steuern &amp; Wirtschaft) am 16.1.2017.<\/li>\n\n\n\n<li>\u201ePflichtteilsrecht\u201c, Vortrag bei der Jahrestagung Erbrechtsnovelle 2015, veranstaltet von ARS (Akademie f\u00fcr Recht, Steuern &amp; Wirtschaft), am 17.1.2017 (Wien).<\/li>\n\n\n\n<li>\u201eDie vier S\u00e4ulen des neuen Erwachsenenschutzrechts\u201c, Vortrag bei der Jahrestagung Familienrecht, veranstaltet von ARS (Akademie f\u00fcr Recht, Steuern &amp; Wirtschaft), am 26.4.2017 (Wien).<\/li>\n\n\n\n<li>\u201ePflichtteilsrecht und Privatstiftung \u2013 Klarstellung oder Unsicherheit durch das neue Erbrechts-\u00c4nderungsgesetz?\u201c, Vortrag beim Stiftungslunch der Bank Austria, am 4.5.2017 (Wien).<\/li>\n\n\n\n<li>\u201eUpdate Stiftungsrecht\u201c, halbt\u00e4gige Seminarveranstaltung f\u00fcr die \u00d6sterreichische Anwaltsakademie am 8.5.2017.<\/li>\n\n\n\n<li>\u201eUpdate Erbrecht und Verlassenschaftsverfahren\u201c, ganzt\u00e4gige Seminarveranstaltung der \u00d6sterreichischen Notariatskammer, am 3.5.2017, (Wien), 12.5.2017 (Hall\/Tirol), 17.5.2017 (Linz), 23.5.2017 (Wien), 30.5.2017 (Graz), gemeinsam mit Notariatssubstitut Dr. Christoph Mondel.<\/li>\n\n\n\n<li>\u201eOrganverhalten bei Gesellschafterstreitigkeiten\u201c, Vortrag bei der Jahrestagung Gesellschafts- und Unternehmensrecht 2017, Donau-Universit\u00e4t Krems am 8.6.2017.<\/li>\n\n\n\n<li>\u201eDie Bau-Arge nach der GesbR-Reform\u201c, Vortrag beim Fortbildungsseminar der Anwaltsakademie \u201eVom Projekt zum Objekt: Baurecht \u2013 Bauvertragsrecht \u2013 Architektenrecht\u201c in Melk am 7.10.2017.<\/li>\n\n\n\n<li>\u201eErwachsenenschutz und Unternehmensrecht\u201c, Vortrag bei der Fachtagung \u201eDas neue Erwachsenenschutzrecht\u201c, veranstaltet von der \u00d6sterreichischen Gesellschaft f\u00fcr Familien- und Verm\u00f6gensrecht und der Bank Austria in Wien am 10.10. 2017.<\/li>\n\n\n\n<li>\u201eUnternehmensnachfolge von Todes wegen\u201c, im Rahmen des Seminars \u201eErbrecht und Verm\u00f6gensnachfolge\u201c der \u00d6sterreichischen Anwaltsakademie am 13. 10. 2017.<\/li>\n\n\n\n<li>\u201eSachwalterrecht NEU\u201c, halbt\u00e4giges Seminar an der Rechtsakademie Salzburg, am 17.11.2017.<\/li>\n\n\n\n<li>\u201eGrenzen der Segmentierung im Zivil- und Versicherungsvertragsrecht\u201c, beim Symposium \u201eDer digitalisierte Kunde. Das Spannungsfeld zwischen technischer Machbarkeit und ihren ethischen Grenzen\u201c, veranstaltet von der \u00d6sterreichischen Gesellschaft f\u00fcr Versicherungsfachwissen am 21.11.2017.<\/li>\n\n\n\n<li>\u201e2. Erwachsenenschutzgesetz und Gesch\u00e4ftsf\u00e4higkeit \u2013 Abschluss von Vertr\u00e4gen\u201c, im Rahmen der 11. iFamZ-Tagung am 22.11.2017.<\/li>\n\n\n\n<li>Vortragsreihe zum Thema \u201eErbrechtliche Nachfolge im Unternehmen\u201c, veranstaltet von der \u00d6sterreichischen Notariatsakademie (gemeinsam mit Dr. Christian Huber) am 24.10.2017 (Klagenfurt), 8.11.2017 (Wien), 16.11.2017 (Hall\/Tirol), 28.11.2017 (Linz), 11.12.2017 (Wien).<\/li>\n<\/ol>\n\n\n\n<h3 class=\"wp-block-heading\">2018<\/h3>\n\n\n\n<ol class=\"wp-block-list\" start=\"209\">\n<li>\u201eDer Direktanspruch des Gesch\u00e4digten in der Haftpflichtversicherung\u201c, im Rahmen des gemeinsam mit Univ.-Prof. Dr. Attila Fenyves veranstalteten Privatissimums aus Versicherungsrecht, am 2. 5. 2018; beim 4. Kremser Versicherungsforum an der Donau-Universit\u00e4t Krems am 20.11.2018; bei der Vorarlberger Juristischen Gesellschaft am 27.11.2018.<\/li>\n\n\n\n<li>\u201eTransparency and ownership structures: Has it gone too far?\u201d, Impulsreferat bei der gleichnamigen Veranstaltung bei der Academy of Science, Prag, 12.5.2018.<\/li>\n\n\n\n<li>Vortragsreihe zum Thema \u201e2. Erwachsenenschutzgesetz\u201c, veranstaltet von der \u00d6sterreichischen Notariatsakademie (gemeinsam mit Dr. Christoph Mondel) am 5.4.2018 (Feldkirch), 6.4.2018 (Hall\/Tirol), 12.4.2018 (Wien), 18.4.2018 (Klagenfurt), 19.4.2018 (Graz), 8.5.2018 (Wien), 22.5.2018 (Salzburg), 23.5.2018 (Linz), 28.5.2018 (Wien), 29.5.2018 (Wien).<\/li>\n\n\n\n<li>Vortragsreihe \u201eUpdate \u2013 das neue Erwachsenenschutzrecht\u201c, veranstaltet von der Anwaltsakademie im Rahmen des Fortbildungsprogramms (gemeinsam mit Univ.-Prof. Dr. Astrid Deixler-H\u00fcbner und RA Mag. Margot Artner) am 16.4.2018 (Wien), 23.4.2018 (Salzburg), 30.4.2018 (Linz), 14.5.2018 (Graz), 4.6.2018 (Feldkirch), 12.6.2018 (Eisenstadt), 13.6.2018 (St. P\u00f6lten).<\/li>\n\n\n\n<li>\u201eVon der Sachwalterschaft zum Erwachsenenschutz\u201c beim Forum f\u00fcr Familienrecht und Familienpolitik, veranstaltet von RA-Kanzlei Dr. Helene Klaar und Dr. Norbert Marschall OG am 14.6.2018.<\/li>\n\n\n\n<li>\u201eUnternehmensnachfolge von Todes wegen\u201c, im Rahmen im Rahmen des Seminars \u201eErbrecht und Verm\u00f6gensnachfolge\u201c der \u00d6sterreichischen Anwaltsakademie am 15.6.2018 (Attersee).<\/li>\n\n\n\n<li>\u201eStiftung und Erbrecht\u201c, Vortrag bei \u201eDie Stiftung als Gestaltungsinstrument\u201c, veranstaltet von ARS (Akademie f\u00fcr Recht, Steuern &amp; Wirtschaft) am 4.10.2018.<\/li>\n\n\n\n<li>\u201eDer digitale Nachlass\u201c, im Rahmen der 12. iFamZ-Tagung am 13.11.2018.<\/li>\n\n\n\n<li>\u201eVon der Kuratel zum supported decision making \u2013 Grundfragen und Anwendungsprobleme des neuen Erwachsenenschutzrechts\u201c, bei der Wiener Juristischen Gesellschaft am 21.11.2018.<\/li>\n\n\n\n<li>\u201eErste Rechtsprechung zur EU-ErbVO und zum neuen Erbrecht\u201c, im Rahmen der Tagung \u201eVerm\u00f6gensplanung \u2013 national und international\u201c, veranstaltet von der \u00d6sterreichischen Gesellschaft f\u00fcr Familien- und Verm\u00f6gensrecht in Kooperation mit der LGT-Bank am 22.11.2018.<\/li>\n\n\n\n<li>\u201eKollektive Rechtsverfolgung aus der Sicht der Wissenschaft\u201c, bei der Tagung \u201eKollektive Rechtsverfolgung\u201c veranstaltet von der Wirtschaftskammer \u00d6sterreich am 11.12.2018.<\/li>\n<\/ol>\n\n\n\n<h3 class=\"wp-block-heading\">2019<\/h3>\n\n\n\n<ol class=\"wp-block-list\" start=\"220\">\n<li>\u201eVertr\u00e4ge mit minderj\u00e4hrigen Fu\u00dfballspielern\u201c, Workshop der Forschungsstelle Sportrecht an der Universit\u00e4t Wien, am 26.2.2019.<\/li>\n\n\n\n<li>\u201eDie Gew\u00e4hlte Erwachsenenvertretung\u201c, im Rahmen des Workshops \u201eErrichtung\/Registrierung von Vertretungsverh\u00e4ltnissen\u201c des Vereins Vertretungsnetz, am 4.3.2019.<\/li>\n\n\n\n<li>\u201eOffene Fragen bei der Hinzu- und Anrechnung von Schenkungen (\u00a7\u00a7 781 ff ABGB)\u201c, im Rahmen der Tagung \u201eForum Familie und Verm\u00f6gensrecht\u201c, veranstaltet von der \u00d6sterreichischen Gesellschaft f\u00fcr Familien- und Verm\u00f6gensrecht (ogfv), am 23.5.2019.<\/li>\n\n\n\n<li>\u201eGesellschaftsanteils\u00fcbertragungen: Gesetzliche und vertragliche Rahmenbedingungen bei Personengesellschaften\u201c, bei der Jahrestagung Gesellschafts- und Unternehmensrecht, Rechtsakademie Manz, am 24.5.2019.<\/li>\n\n\n\n<li>\u201eUpdate Erbrecht und Verlassenschaftsverfahren\u201c, ganzt\u00e4gige Seminarveranstaltung der \u00d6sterreichischen Notariatskammer, am 8.4.2019 (Klagenfurt), 9.4.2019 (Graz), 3.5.2019 (Wien), 15.5.2019 (Wien), 20.5.2019 (Hall\/Tirol), 21.5.2019 (Salzburg), 5.6.2019 (Wien), gemeinsam mit Notar Dr. Christoph Mondel.<\/li>\n\n\n\n<li>\u201eHaftungsfragen beim erbrechtlichen Erwerb von Einzelunternehmen und Gesellschaftsanteilen\u201c, bei der Jahrestagung Unternehmensnachfolge, Rechtsakademie Manz, am 18.6.2019.<\/li>\n\n\n\n<li>\u201eVerteilungsgerechtigkeit und Erbrecht: Generationengerechtigkeit\u201c, Statement bei der Podiumsdiskussion zum Thema \u201eVerteilungsgerechtigkeit und Privatrecht\u201c, bei der Zivilrechtslehrertagung an der Bucerius Law School (Hamburg) am 24.9.2019.<\/li>\n\n\n\n<li>\u201eUnternehmensnachfolge von Todes wegen\u201c, im Rahmen des Seminars \u201eErbrecht und Verm\u00f6gensnachfolge\u201c der \u00d6sterreichischen Anwaltsakademie am 11. 10. 2019.<\/li>\n\n\n\n<li>\u201eVersVG \u2013 Versicherungsvertragsgesetz\u201c, Seminar f\u00fcr die Wirtschaftskammer K\u00e4rnten (Landesgremium der Versicherungsagenten), am 17.10.2019.<\/li>\n\n\n\n<li>\u201eDie liechtensteinische Stiftung gestern, heute, morgen \u2013 ein europ\u00e4isches Erfolgsmodell?\u201c, 12. Liechtensteinischer Stiftungsrechtstag, am 14.11.2019 in Vaduz.<\/li>\n\n\n\n<li>\u201ePersonenvorsorge\u201c, ganzt\u00e4gige Seminarveranstaltung der \u00d6sterreichischen Notariatskammer, am 21.10.2019 (Hall\/Tirol), 22.10.2019 (Linz), 24.10.2019 (Wien), 12.11.2014 (Klagenfurt), 20.11.2019 (Wien), gemeinsam mit Notar Dr. Christoph Mondel.<\/li>\n<\/ol>\n\n\n\n<h3 class=\"wp-block-heading\">2020<\/h3>\n\n\n\n<ol class=\"wp-block-list\" start=\"231\">\n<li>\u201eDie Rolle des Staates bei der Verm\u00f6gensplanung\u201c, im Rahmen der Abschlusstagung des DACH-Forschungsprojekts \u201eFamili\u00e4re Verm\u00f6gensplanung\u201c, Universit\u00e4t Wien, 28.2.2020.<\/li>\n\n\n\n<li>\u201eChancen und Probleme bei der Schiedsgerichtsbarkeit im Erbrecht und im Stiftungsrecht\u201c, Vortragsveranstaltung und Buchpr\u00e4sentation von \u201ePrivate Client Arbitration\u201c an der Universit\u00e4t Liechtenstein, 14.9.2020.<\/li>\n\n\n\n<li>\u201eGesellschaftsanteil und Erbengemeinschaft\u201c, 2. Forum Familie und Verm\u00f6gen (Berghotel Tulbingerkogel), 19.9.2020.<\/li>\n\n\n\n<li>Podiumsdiskussion zum Thema \u201eDie Stunde der Philantropie\u201c (gemeinsam mit Univ.-Prof. Dr. Sabine Kirchmayr-Schliesselberger und Ruth Williams), veranstaltet von Bank Austria, 28.9.2020.<\/li>\n\n\n\n<li>\u201eVersicherungsvertragsrecht\u201c, Seminar f\u00fcr die Wirtschaftskammer K\u00e4rnten (Landesgremium der Versicherungsagenten), am 9.10.2020.<\/li>\n\n\n\n<li>\u201eDie Reform des Personengesellschaftsrechts in Deutschland \u2013 Vorbild f\u00fcr \u00d6sterreich?\u201c, Montagsseminar an der Universit\u00e4t Innsbruck (gemeinsam mit Prof. Dr. Barbara Grunewald), am 19.10.2020.<\/li>\n\n\n\n<li>\u201eUnternehmensnachfolge von Todes wegen\u201c, im Rahmen des Seminars \u201eErbrecht und Verm\u00f6gensnachfolge\u201c der \u00d6sterreichischen Anwaltsakademie am 23. 10. 2020.<\/li>\n<\/ol>\n\n\n\n<h3 class=\"wp-block-heading\">2021<\/h3>\n\n\n\n<ol class=\"wp-block-list\" start=\"238\">\n<li>\u201eForced heirship in the Czech Civil Code from a Comparative Perspective\u201c, Panelist bei einer (digitalen) Konferenz an der Masaryk Universit\u00e4t Brno, 13.1.2021.<\/li>\n\n\n\n<li>\u201eDie Abberufung des Stiftungsrats\/Stiftungsvorstands in rechtsvergleichender Perspektive (Liechtenstein \u2013 \u00d6sterreich)\u201c, Doktoratskolleg Liechtensteinisches Recht, Universit\u00e4t Innsbruck, 10.6.2021.<\/li>\n\n\n\n<li>\u201eGrenzen (gesellschafts)vertraglicher Klauseln in Familienunternehmen\u201c, Jahrestagung Unternehmensnachfolge 2021 (Rechtsakademie Manz), 24.9.2021.<\/li>\n\n\n\n<li>\u201eLeitentscheidungen zum 2. Erwachsenenschutzgesetz\u201c, im Rahmen des iFamZ-Tages am 9.11.2021.<\/li>\n\n\n\n<li>\u201eZivilrechtsdogmatische Grundlagen des Vertragsschlusses bei Onlineversicherungsvertr\u00e4gen\u201c, Tagung \u201eOnlineversicherung\u201c, Universit\u00e4t Salzburg am 10.11.2021.<\/li>\n\n\n\n<li>Vortragsreihe zum Thema \u201eErbrechtliche Nachfolge im Unternehmen\u201c, veranstaltet von der \u00d6sterreichischen Notariatsakademie (gemeinsam mit Dr. Yvonne Schuchter-Mang) am 4.11.2021 (Linz) und 18.11.2021 (Hall\/Tirol).<\/li>\n\n\n\n<li>\u201eUpdate Erbrecht und Verlassenschaftsverfahren\u201c, ganzt\u00e4gige Seminarveranstaltung der \u00d6sterreichischen Notariatskammer, am 22.9.2021 (Wien), 30.9.2021 (Graz), 13.10.2021 (Linz), 14.10.2021 (Wien) 1.12.2021 (Wien), gemeinsam mit Notar Dr. Christoph Mondel.<\/li>\n\n\n\n<li>\u201eEstate planning in families \u2013 report on a comparative law project\u201c, Vortrag (digital) an der Masaryk Universit\u00e4t Brno, 7.12.2021.<\/li>\n<\/ol>\n\n\n\n<h3 class=\"wp-block-heading\">2022<\/h3>\n\n\n\n<ol class=\"wp-block-list\" start=\"246\">\n<li>L\u00e4nderbericht \u00d6sterreich, im Rahmen der successio-Konferenz \u201eErbrecht in Europa\u201c, 13.\/14.5.2022, Luzern.<\/li>\n\n\n\n<li>\u201eErbrechtliche Nachfolge im Unternehmen\u201c, veranstaltet von der \u00d6sterreichischen Notariatsakademie (gemeinsam mit Dr. Yvonne Schuchter-Mang) am 17.5.2022 (Wien), 31.5.2022 (Klagenfurt).<\/li>\n\n\n\n<li>\u201eSchiedsvereinbarung im Versicherungsvertrag\u201c, im Rahmen der Tagung \u201eSchiedsverfahren im Versicherungsrecht\u201c, veranstaltet gemeinsam mit Hon.-Prof. Dr. Dietmar Czernich (gemeinsam mit \u00d6sterreichische Gesellschaft f\u00fcr Versicherungsfachwissen und ArbAut), 18.5.2022, Wien.<\/li>\n\n\n\n<li>\u201eUnternehmensnachfolge von Todes wegen\u201c, im Rahmen des Seminars \u201eErbrecht und Verm\u00f6gensnachfolge\u201c der \u00d6sterreichischen Anwaltsakademie am 19.5.2022 (Graz).<\/li>\n\n\n\n<li>\u201eLeitentscheidungen zum 2. Erwachsenenschutzgesetz\u201c, im Rahmen des Seminars f\u00fcr Familienrichter:innen, 22.6.2022, Gmunden.<\/li>\n\n\n\n<li>\u201eMilestones im Privatstiftungsrecht 2014-2022\u201c, Vortrag bei der Pr\u00e4sentation der 2. Auflage von K. M\u00fcller\/Melzer, Handbuch Stiftungsmanagement, 28.6.2022.<\/li>\n\n\n\n<li>\u201eNeue Anforderungen an die Risikoanalyse durch den Versicherungsmakler \u2013 aus dem Blickwinkel der Rechtswissenschaft\u201c, Expert*innentreffen der Versicherungsmakler, veranstaltet von der Wirtschaftskammer \u00d6sterreich, 1.9.2022 (Rust).<\/li>\n\n\n\n<li>\u201eDie rechtlichen Grundlagen des Versicherungsprinzips \u2013 Sicht des Zivilrechts\u201c, Vortrag bei der Tagung \u201eDie private Personenversicherung \u2013 Was kann sie leisten \u2013 Was nicht?\u201c, veranstaltet vom Versicherungsverband \u00d6sterreich, 27.9.2022 (Wien).<\/li>\n\n\n\n<li>\u201eUpdate Erbrecht und Verlassenschaftsverfahren\u201c, ganzt\u00e4gige Seminarveranstaltung der \u00d6sterreichischen Notariatskammer, 13.10.2022 (Graz), 9.11. (Feldkirch), 10.11. (Hall\/Tirol), 16.11. (Linz), 24.11. (Wien).<\/li>\n\n\n\n<li>\u201eDie Anpassung von Arbeitsvertr\u00e4gen durch einseitige Gestaltungsrechte und\/oder Vereinbarungen\u201c, 14. Wiener Oktobergespr\u00e4che (\u201ePandemie, Putin &amp; Co \u2013 Die Anpassung von Arbeitsvertr\u00e4gen an au\u00dfergew\u00f6hnliche Verh\u00e4ltnisse\u201c), 20.10.2022, Wien.<\/li>\n\n\n\n<li>\u201eRelationship and tension between succession law and foundation law\u201c, Masaryk University Brno, 3.11.2022.<\/li>\n\n\n\n<li>\u201e\u00c4rztliche Heilbehandlung und 2. Erwachsenenschutzgesetz\u201c, im Rahmen des iFamZ-Tages 2022, 15.11.2022, Wien.<\/li>\n\n\n\n<li>\u201eInterpretation of founding acts of corporations, foundation deeds and wills\u201c, Masaryk University Brno, 22.11.2022.<\/li>\n<\/ol>\n\n\n\n<h3 class=\"wp-block-heading\">2023<\/h3>\n\n\n\n<ol class=\"wp-block-list\" start=\"259\">\n<li>\u201ePrivate foundations in Austrian Law\u201c, Vortrag an der Universit\u00e4t Warschau (digital), 21.3.2023.<\/li>\n\n\n\n<li>\u201eUnvereinbarkeit von Beg\u00fcnstigung und Stiftungsrat: nach \u00d6sterreich jetzt auch in Liechtenstein?\u201c, Symposion zu aktuellen Fragen des Stiftungsrechts, 22.3.2023, Universit\u00e4t Liechtenstein.<\/li>\n\n\n\n<li>\u201eUnternehmensnachfolge von Todes wegen\u201c, im Rahmen des Seminars \u201eErbrecht und Verm\u00f6gensnachfolge\u201c der \u00d6sterreichischen Anwaltsakademie am 24.3.2023 (Graz), 13.10.2023 (Wien).<\/li>\n\n\n\n<li>\u201eUnternehmenskauf in der Krise\u201c, im Rahmen des ReMeP Kongresses \u201eUnternehmenssanierung\u201c, 25.4.2023, Wien.<\/li>\n\n\n\n<li>\u201eThe legal position of beneficiaries \u2013 The Austrian Experience\u201c, Workshop \u201eBeneficiaries in foundation and trust law\u201c, 26.4.2023, Masaryk University Brno.<\/li>\n\n\n\n<li>\u201eCodification of Civil Law in Austria\u201c, Vortrag bei der Konferenz \u201eCodification of Civil Law: Assessment, Reform, Options\u201c, veranstaltet von der Central European Academy und dem Ferenc Madl Institute of Comparative Law, 19.5.2023, Budapest.<\/li>\n\n\n\n<li>\u201eFamili\u00e4re Verm\u00f6gensplanung: Parteiautonomie im Familien- und Erbrecht\u201c, Jahrestagung zum Europ\u00e4ischen Erbrecht, veranstaltet von der Europ\u00e4ischen Rechtsakademie, 26.5.2023, Wien.<\/li>\n\n\n\n<li>\u201eInter-generational property succession of entrepreneurs: common European tendencies \u2013 introductory, comparative view\u201c, IX. ro\u010dnik tradi\u010dnej konferencie venovanej pr\u00e1vu obchodn\u00fdch spolo\u010dnosti, Smolenice, 25.9.2023.<\/li>\n\n\n\n<li>\u201eAVB-Kontrolle von Datenschutzhinweisen\u201c, Wiener Versicherungsrechtstag, 20.10.2023.<\/li>\n\n\n\n<li>Impulsvortrag \u201eUnternehmenswert-Anteile\u201c, im Rahmen der Veranstaltung \u201eFlexible Kapitalgesellschaft \u2013 Eine neue Chance f\u00fcr (Familien-)Unternehmen?\u201c, veranstaltet von WKO und ogfv am 7.11.2023.<\/li>\n\n\n\n<li>\u201eUpdate Erbrecht und Verlassenschaftsverfahren\u201c, ganzt\u00e4gige Seminarveranstaltung der \u00d6sterreichischen Notariatskammer, 8.11.2023 (Wien), 16.11.2023 (Klagenfurt), Hall\/Tirol (21.11.2023), Salzburg (22.11.2023).<\/li>\n\n\n\n<li>\u201eParteistellung im Aufsichtsverfahren\u201c (gemeinsam mit Dr. Bernhard Lorenz), 15. Liechtensteinischer Stiftungsrechtstag, Universit\u00e4t Liechtenstein, 15.11.2023.<\/li>\n\n\n\n<li>\u201eFlexCo \u2013 Highlights und Einsatzbereich\u201c, Vortrag beim Rechtspolitischen Ausschuss der Industriellenvereinigung, 6.12.2023.<\/li>\n<\/ol>\n\n\n\n<h3 class=\"wp-block-heading\">2024<\/h3>\n\n\n\n<ol class=\"wp-block-list\" start=\"272\">\n<li>\u201eSchiedsgerichtsbarkeit bei Stiftungen\u201c (gemeinsam mit Mag. Anna F\u00f6rstel-Cheng und Dr. Michael Nueber), im Rahmen der Veranstaltungsreihe \u201eKonfliktl\u00f6sung und Konfliktpr\u00e4vention im Stiftungsrecht\u201c, 25.3.2024 (Wien).<\/li>\n\n\n\n<li>\u201eStiftungen und Erbschaften \u2013 L\u00e4nderbericht \u00d6sterreich\u201c, Schweizerisch-deutsch-\u00f6sterreichische Erbrechtsgespr\u00e4che, veranstaltet von successio in Kooperation mit Deutsche Vereinigung f\u00fcr Erbrecht und Verm\u00f6gensnachfolge und \u00d6sterreichische Gesellschaft f\u00fcr Familien- und Verm\u00f6gensrecht, 5.4.2024, Z\u00fcrich.<\/li>\n\n\n\n<li>\u201eUnternehmenswert-Anteile\u201c, 6. Forum Familie und Verm\u00f6gen, 11.5.2024, Mauerbach.<\/li>\n<\/ol>\n<\/div><\/div><button class=\"uagb-modal-popup-close window-top-right\" aria-label=\"Close Modal\"><svg xmlns=\"https:\/\/www.w3.org\/2000\/svg\" viewBox=\"0 0 320 512\"><path d=\"M310.6 361.4c12.5 12.5 12.5 32.75 0 45.25C304.4 412.9 296.2 416 288 416s-16.38-3.125-22.62-9.375L160 301.3L54.63 406.6C48.38 412.9 40.19 416 32 416S15.63 412.9 9.375 406.6c-12.5-12.5-12.5-32.75 0-45.25l105.4-105.4L9.375 150.6c-12.5-12.5-12.5-32.75 0-45.25s32.75-12.5 45.25 0L160 210.8l105.4-105.4c12.5-12.5 32.75-12.5 45.25 0s12.5 32.75 0 45.25l-105.4 105.4L310.6 361.4z\"><\/path><\/svg><\/button><\/div><\/div>\n","protected":false},"excerpt":{"rendered":"<p>Univ.-Prof. Dr. Martin Schauer m.schauer@n-k.legal+423 399 0326<\/p>\n","protected":false},"author":1,"featured_media":0,"parent":1679,"menu_order":0,"comment_status":"closed","ping_status":"closed","template":"","meta":{"_acf_changed":false,"inline_featured_image":false,"_uag_custom_page_level_css":"","site-sidebar-layout":"default","site-content-layout":"","ast-site-content-layout":"default","site-content-style":"default","site-sidebar-style":"default","ast-global-header-display":"","ast-banner-title-visibility":"","ast-main-header-display":"","ast-hfb-above-header-display":"","ast-hfb-below-header-display":"","ast-hfb-mobile-header-display":"","site-post-title":"disabled","ast-breadcrumbs-content":"","ast-featured-img":"","footer-sml-layout":"","ast-disable-related-posts":"","theme-transparent-header-meta":"","adv-header-id-meta":"","stick-header-meta":"","header-above-stick-meta":"","header-main-stick-meta":"","header-below-stick-meta":"","astra-migrate-meta-layouts":"default","ast-page-background-enabled":"default","ast-page-background-meta":{"desktop":{"background-color":"var(--ast-global-color-4)","background-image":"","background-repeat":"repeat","background-position":"center center","background-size":"auto","background-attachment":"scroll","background-type":"","background-media":"","overlay-type":"","overlay-color":"","overlay-opacity":"","overlay-gradient":""},"tablet":{"background-color":"","background-image":"","background-repeat":"repeat","background-position":"center center","background-size":"auto","background-attachment":"scroll","background-type":"","background-media":"","overlay-type":"","overlay-color":"","overlay-opacity":"","overlay-gradient":""},"mobile":{"background-color":"","background-image":"","background-repeat":"repeat","background-position":"center center","background-size":"auto","background-attachment":"scroll","background-type":"","background-media":"","overlay-type":"","overlay-color":"","overlay-opacity":"","overlay-gradient":""}},"ast-content-background-meta":{"desktop":{"background-color":"var(--ast-global-color-5)","background-image":"","background-repeat":"repeat","background-position":"center center","background-size":"auto","background-attachment":"scroll","background-type":"","background-media":"","overlay-type":"","overlay-color":"","overlay-opacity":"","overlay-gradient":""},"tablet":{"background-color":"var(--ast-global-color-5)","background-image":"","background-repeat":"repeat","background-position":"center center","background-size":"auto","background-attachment":"scroll","background-type":"","background-media":"","overlay-type":"","overlay-color":"","overlay-opacity":"","overlay-gradient":""},"mobile":{"background-color":"var(--ast-global-color-5)","background-image":"","background-repeat":"repeat","background-position":"center center","background-size":"auto","background-attachment":"scroll","background-type":"","background-media":"","overlay-type":"","overlay-color":"","overlay-opacity":"","overlay-gradient":""}},"footnotes":"","_links_to":"","_links_to_target":""},"class_list":["post-1688","page","type-page","status-publish","hentry"],"acf":[],"uagb_featured_image_src":{"full":false,"thumbnail":false,"medium":false,"medium_large":false,"large":false,"1536x1536":false,"2048x2048":false},"uagb_author_info":{"display_name":"Administrator","author_link":"https:\/\/n-k.legal\/en\/newsroom\/author\/nvk_admin\/"},"uagb_comment_info":0,"uagb_excerpt":"Univ.-Prof. Dr. Martin Schauer m.schauer@n-k.legal+423 399 0326","_links":{"self":[{"href":"https:\/\/n-k.legal\/en\/wp-json\/wp\/v2\/pages\/1688","targetHints":{"allow":["GET"]}}],"collection":[{"href":"https:\/\/n-k.legal\/en\/wp-json\/wp\/v2\/pages"}],"about":[{"href":"https:\/\/n-k.legal\/en\/wp-json\/wp\/v2\/types\/page"}],"author":[{"embeddable":true,"href":"https:\/\/n-k.legal\/en\/wp-json\/wp\/v2\/users\/1"}],"replies":[{"embeddable":true,"href":"https:\/\/n-k.legal\/en\/wp-json\/wp\/v2\/comments?post=1688"}],"version-history":[{"count":7,"href":"https:\/\/n-k.legal\/en\/wp-json\/wp\/v2\/pages\/1688\/revisions"}],"predecessor-version":[{"id":2153,"href":"https:\/\/n-k.legal\/en\/wp-json\/wp\/v2\/pages\/1688\/revisions\/2153"}],"up":[{"embeddable":true,"href":"https:\/\/n-k.legal\/en\/wp-json\/wp\/v2\/pages\/1679"}],"wp:attachment":[{"href":"https:\/\/n-k.legal\/en\/wp-json\/wp\/v2\/media?parent=1688"}],"curies":[{"name":"wp","href":"https:\/\/api.w.org\/{rel}","templated":true}]}}